{"id":1781,"date":"2022-01-26T12:33:58","date_gmt":"2022-01-26T16:33:58","guid":{"rendered":"https:\/\/dev.olivierraude.me\/perspectivesjeunesse?page_id=1781"},"modified":"2024-10-29T15:37:00","modified_gmt":"2024-10-29T19:37:00","slug":"programmes-pour-les-jeunes","status":"publish","type":"page","link":"https:\/\/dev.olivierraude.me\/perspectivesjeunesse\/programmes-pour-les-jeunes\/","title":{"rendered":"Nos programmes"},"content":{"rendered":"<section class=\"l-section wpb_row height_medium\" id=\"option\"><div class=\"l-section-h i-cf\"><div class=\"g-cols vc_row via_flex valign_top type_default stacking_default\"><div class=\"vc_col-sm-12 wpb_column vc_column_container us_animate_afb\"><div class=\"vc_column-inner\"><div class=\"wpb_wrapper\"><div class=\"wpb_text_column\"><div class=\"wpb_wrapper\"><h1>Programme OPTION<\/h1>\n<p>Le programme Option s\u2019adresse aux jeunes de 12 \u00e0 21 ans fr\u00e9quentant l\u2019\u00e9cole et pr\u00e9sentant une multitude de facteurs de risque pouvant mener au d\u00e9crochage scolaire. La particularit\u00e9 et l&#8217;excellence des r\u00e9sultats d&#8217;Option r\u00e9sident dans l&#8217;accompagnement individuel et la pr\u00e9sence quotidienne de nos intervenants et intervenantes en pers\u00e9v\u00e9rance scolaire (IPS) dans les \u00e9coles partenaires. Cette collaboration avec l\u2019\u00e9quipe-\u00e9cole favorise une action compl\u00e9mentaire et int\u00e9gr\u00e9e. Une connaissance approfondie des ressources de la communaut\u00e9 permet aux IPS d\u2019accompagner les jeunes et leurs familles vers les ressources appropri\u00e9es. Finalement, nous mettons sur pied diverses activit\u00e9s de motivation, de d\u00e9couverte et d\u2019implication sociale pour les jeunes. L\u2019ensemble de ces services et actions nous permet de rejoindre plusieurs centaines de participants et participantes chaque ann\u00e9e.<\/p>\n<p>Notre objectif est de favoriser le maintien scolaire de 80% et plus des participants et participantes qui b\u00e9n\u00e9ficient d&#8217;un accompagnement individuel. Option est pr\u00e9sent dans 12 \u00e9coles affili\u00e9es au Centre de services scolaire de Montr\u00e9al (CSSDM) \u00a0ainsi qu\u2019au centre de services scolaire de la Pointe-de-l\u2019\u00cele, plus pr\u00e9cis\u00e9ment dans Montr\u00e9al-Nord, consid\u00e9r\u00e9es comme \u00e9tant d\u00e9favoris\u00e9es\u2009: P\u00e8re-Marquette: 2007, Louis-Riel: 2009, Lucien-Pag\u00e9: 2011, Chomedey-De Maisonneuve: 2017, Marie-Anne: 2018, Sophie-Barat: 2019, Louise-Trichet: 2020, \u00c9douard-Montpetit: 2021, Marguerite-De Lajemmerais: 2021, Georges-Vanier: 2021 et Amos: 2021 et Joseph-Fran\u00e7ois-Perrault (2022).<\/p>\n<\/div><\/div><div class=\"w-separator size_large\"><\/div><div class=\"g-cols wpb_row via_flex valign_top type_default stacking_default\"><div class=\"vc_col-sm-2 wpb_column vc_column_container us_animate_afb\" style=\"animation-delay:0.2s\"><div class=\"vc_column-inner\"><div class=\"wpb_wrapper\"><div class=\"w-image us_custom_8bd21293 align_none\"><div class=\"w-image-h\"><img loading=\"lazy\" decoding=\"async\" width=\"500\" height=\"1000\" src=\"https:\/\/dev.olivierraude.me\/perspectivesjeunesse\/wp-content\/uploads\/2020\/05\/illustration-1000x500-03.png\" class=\"attachment-large size-large\" alt=\"\" srcset=\"https:\/\/dev.olivierraude.me\/perspectivesjeunesse\/wp-content\/uploads\/2020\/05\/illustration-1000x500-03.png 500w, https:\/\/dev.olivierraude.me\/perspectivesjeunesse\/wp-content\/uploads\/2020\/05\/illustration-1000x500-03-150x300.png 150w, https:\/\/dev.olivierraude.me\/perspectivesjeunesse\/wp-content\/uploads\/2020\/05\/illustration-1000x500-03-300x600.png 300w\" sizes=\"auto, (max-width: 500px) 100vw, 500px\" \/><\/div><\/div><\/div><\/div><\/div><div class=\"vc_col-sm-10 wpb_column vc_column_container us_animate_afb\" style=\"animation-delay:0.4s\"><div class=\"vc_column-inner\"><div class=\"wpb_wrapper\"><div class=\"wpb_text_column\"><div class=\"wpb_wrapper\"><h2>Les objectifs du programme<\/h2>\n<ul class=\"arrow\">\n<li class=\"arrow\">Favoriser le maintien scolaire des jeunes pr\u00e9sentant une combinaison de facteurs de risques de d\u00e9crochage scolaire et social.<\/li>\n<li class=\"arrow\">Mettre en place des strat\u00e9gies de d\u00e9veloppement des comp\u00e9tences psychosociales.<\/li>\n<li class=\"arrow\">Favoriser le d\u00e9veloppement du pouvoir d\u2019agir.<\/li>\n<li class=\"arrow\">Compl\u00e9ter l\u2019offre de services des \u00e9coles partenaires afin d\u2019optimiser les actions et les strat\u00e9gies de pr\u00e9vention du d\u00e9crochage scolaire.<\/li>\n<\/ul>\n<\/div><\/div><\/div><\/div><\/div><\/div><div class=\"w-separator size_large\"><\/div><div class=\"wpb_text_column\"><div class=\"wpb_wrapper\"><h2 style=\"text-align: center;\">T\u00e9moignages<\/h2>\n<\/div><\/div><div class=\"g-cols wpb_row via_flex valign_top type_default stacking_default\"><div class=\"vc_col-sm-4 wpb_column vc_column_container no-padd us_animate_afb\"><div class=\"vc_column-inner us_custom_e7f5d98a\"><div class=\"wpb_wrapper\"><div class=\"w-image align_none\"><div class=\"w-image-h\"><img loading=\"lazy\" decoding=\"async\" width=\"1000\" height=\"1200\" src=\"https:\/\/dev.olivierraude.me\/perspectivesjeunesse\/wp-content\/uploads\/2020\/06\/temoignage-01-2.png\" class=\"attachment-full size-full\" alt=\"\" srcset=\"https:\/\/dev.olivierraude.me\/perspectivesjeunesse\/wp-content\/uploads\/2020\/06\/temoignage-01-2.png 1000w, https:\/\/dev.olivierraude.me\/perspectivesjeunesse\/wp-content\/uploads\/2020\/06\/temoignage-01-2-250x300.png 250w, https:\/\/dev.olivierraude.me\/perspectivesjeunesse\/wp-content\/uploads\/2020\/06\/temoignage-01-2-853x1024.png 853w\" sizes=\"auto, (max-width: 1000px) 100vw, 1000px\" \/><\/div><\/div><\/div><\/div><\/div><div class=\"vc_col-sm-4 wpb_column vc_column_container no-padd us_animate_afb\" style=\"animation-delay:0.2s\"><div class=\"vc_column-inner us_custom_e7f5d98a\"><div class=\"wpb_wrapper\"><div class=\"w-image align_none\"><div class=\"w-image-h\"><img loading=\"lazy\" decoding=\"async\" width=\"1000\" height=\"1200\" src=\"https:\/\/dev.olivierraude.me\/perspectivesjeunesse\/wp-content\/uploads\/2020\/06\/temoignage-02.png\" class=\"attachment-full size-full\" alt=\"\" srcset=\"https:\/\/dev.olivierraude.me\/perspectivesjeunesse\/wp-content\/uploads\/2020\/06\/temoignage-02.png 1000w, https:\/\/dev.olivierraude.me\/perspectivesjeunesse\/wp-content\/uploads\/2020\/06\/temoignage-02-250x300.png 250w, https:\/\/dev.olivierraude.me\/perspectivesjeunesse\/wp-content\/uploads\/2020\/06\/temoignage-02-853x1024.png 853w\" sizes=\"auto, (max-width: 1000px) 100vw, 1000px\" \/><\/div><\/div><\/div><\/div><\/div><div class=\"vc_col-sm-4 wpb_column vc_column_container no-padd us_animate_afb\" style=\"animation-delay:0.4s\"><div class=\"vc_column-inner us_custom_e7f5d98a\"><div class=\"wpb_wrapper\"><div class=\"w-image align_none\"><div class=\"w-image-h\"><img loading=\"lazy\" decoding=\"async\" width=\"1000\" height=\"1200\" src=\"https:\/\/dev.olivierraude.me\/perspectivesjeunesse\/wp-content\/uploads\/2020\/06\/temoignage-03.png\" class=\"attachment-full size-full\" alt=\"\" srcset=\"https:\/\/dev.olivierraude.me\/perspectivesjeunesse\/wp-content\/uploads\/2020\/06\/temoignage-03.png 1000w, https:\/\/dev.olivierraude.me\/perspectivesjeunesse\/wp-content\/uploads\/2020\/06\/temoignage-03-250x300.png 250w, https:\/\/dev.olivierraude.me\/perspectivesjeunesse\/wp-content\/uploads\/2020\/06\/temoignage-03-853x1024.png 853w\" sizes=\"auto, (max-width: 1000px) 100vw, 1000px\" \/><\/div><\/div><\/div><\/div><\/div><\/div><\/div><\/div><\/div><\/div><\/div><\/section><section class=\"l-section wpb_row us_custom_b2a27c04 height_medium\" id=\"individuel\"><div class=\"l-section-h i-cf\"><div class=\"g-cols vc_row via_flex valign_top type_default stacking_default\"><div class=\"vc_col-sm-12 wpb_column vc_column_container us_animate_afb\"><div class=\"vc_column-inner\"><div class=\"wpb_wrapper\"><div class=\"g-cols wpb_row via_flex valign_top type_default stacking_default\"><div class=\"vc_col-sm-8 wpb_column vc_column_container us_animate_afb\" style=\"animation-delay:0.2s\"><div class=\"vc_column-inner\"><div class=\"wpb_wrapper\"><div class=\"wpb_text_column\"><div class=\"wpb_wrapper\"><h1><strong>Plan C &#8211; Soutien \u00e0 la r\u00e9insertion scolaire<\/strong><\/h1>\n<p class=\"p1\">Programme de Perspectives Jeunesse, Le Plan C est une ressource en raccrochage scolaire. Compos\u00e9 de deux volets, le Plan C offre un accompagnement individuel et la possibilit\u00e9 d\u2019int\u00e9grer une classe avec son volet scolaire.<\/p>\n<\/div><\/div><\/div><\/div><\/div><div class=\"vc_col-sm-4 wpb_column vc_column_container us_animate_afb\" style=\"animation-delay:0.4s\"><div class=\"vc_column-inner\"><div class=\"wpb_wrapper\"><div class=\"w-image us_custom_4cfb87d6 align_none\"><div class=\"w-image-h\"><img loading=\"lazy\" decoding=\"async\" width=\"332\" height=\"202\" src=\"https:\/\/dev.olivierraude.me\/perspectivesjeunesse\/wp-content\/uploads\/2022\/01\/AccompagnementIndividuel-1.png\" class=\"attachment-large size-large\" alt=\"Illustration Accompagnement Individuel\" srcset=\"https:\/\/dev.olivierraude.me\/perspectivesjeunesse\/wp-content\/uploads\/2022\/01\/AccompagnementIndividuel-1.png 332w, https:\/\/dev.olivierraude.me\/perspectivesjeunesse\/wp-content\/uploads\/2022\/01\/AccompagnementIndividuel-1-300x183.png 300w\" sizes=\"auto, (max-width: 332px) 100vw, 332px\" \/><\/div><\/div><\/div><\/div><\/div><div class=\"vc_col-sm-12 wpb_column vc_column_container us_animate_afb\" style=\"animation-delay:0.4s\"><div class=\"vc_column-inner\"><div class=\"wpb_wrapper\"><div class=\"w-separator size_large\"><\/div><div class=\"wpb_text_column\"><div class=\"wpb_wrapper\"><h2>Volet d&#8217;accompagnement individuel<\/h2>\n<p class=\"p1\">L\u2019accompagnement individuel est la porte d\u2019entr\u00e9e de nos services en raccrochage scolaire. Par l\u2019entremise de rencontres individuelles avec un.e intervenant.e en pers\u00e9v\u00e9rance scolaire, nous offrons un accompagnement personnalis\u00e9 aux jeunes raccrocheurs.euses d\u00e9sirant retourner \u00e0 l\u2019\u00e9cole, trouver un emploi ou simplement r\u00e9fl\u00e9chir \u00e0 leur situation et conna\u00eetre les diff\u00e9rentes options \u00e0 leur disposition. Il s\u2019agit d\u2019un projet structurant qui favorise la connaissance et l\u2019utilisation des services du milieu par les participant.e.s\u2009: services de sant\u00e9 physique et mentale, organismes de pr\u00e9vention de la toxicomanie, loisirs, \u00e9coles de m\u00e9tiers, etc.<\/p>\n<p class=\"p1\">Le Plan C, c\u2019est surtout une occasion pour le.la jeune de r\u00e9fl\u00e9chir \u00e0 ses d\u00e9fis et de trouver des solutions pour les relever.<\/p>\n<\/div><\/div><div class=\"w-separator size_large\"><\/div><\/div><\/div><\/div><\/div><div class=\"g-cols wpb_row via_flex valign_top type_default stacking_default\"><div class=\"vc_col-sm-2 wpb_column vc_column_container us_animate_afb\" style=\"animation-delay:0.2s\"><div class=\"vc_column-inner\"><div class=\"wpb_wrapper\"><div class=\"w-image us_custom_8bd21293 align_none\"><div class=\"w-image-h\"><img loading=\"lazy\" decoding=\"async\" width=\"500\" height=\"1000\" src=\"https:\/\/dev.olivierraude.me\/perspectivesjeunesse\/wp-content\/uploads\/2020\/06\/illustration-1000x500-04-2.png\" class=\"attachment-large size-large\" alt=\"\" srcset=\"https:\/\/dev.olivierraude.me\/perspectivesjeunesse\/wp-content\/uploads\/2020\/06\/illustration-1000x500-04-2.png 500w, https:\/\/dev.olivierraude.me\/perspectivesjeunesse\/wp-content\/uploads\/2020\/06\/illustration-1000x500-04-2-150x300.png 150w\" sizes=\"auto, (max-width: 500px) 100vw, 500px\" \/><\/div><\/div><\/div><\/div><\/div><div class=\"vc_col-sm-10 wpb_column vc_column_container us_animate_afb\" style=\"animation-delay:0.4s\"><div class=\"vc_column-inner\"><div class=\"wpb_wrapper\"><div class=\"wpb_text_column\"><div class=\"wpb_wrapper\"><h2>Objectifs du programme<\/h2>\n<ul class=\"arrow\">\n<li class=\"arrow\">Aider les jeunes \u00e0 identifier les facteurs qui les ont men\u00e9s \u00e0 quitter l\u2019\u00e9cole afin qu\u2019ils trouvent des solutions adapt\u00e9es \u00e0 leur r\u00e9alit\u00e9.<\/li>\n<li class=\"arrow\">Favoriser la remise en action de 60% et plus des participant.e.s\u2009: retour et maintien \u00e0 l\u2019\u00e9cole, int\u00e9gration au volet scolaire du Plan C, insertion socioprofessionnelle, stage, etc.<\/li>\n<\/ul>\n<\/div><\/div><\/div><\/div><\/div><\/div><div class=\"w-separator size_large\"><\/div><div class=\"g-cols wpb_row via_flex valign_top type_default stacking_default\"><div class=\"vc_col-sm-6 wpb_column vc_column_container us_animate_afb\" style=\"animation-delay:0.2s\"><div class=\"vc_column-inner\"><div class=\"wpb_wrapper\"><div class=\"w-image align_center\"><div class=\"w-image-h\"><img loading=\"lazy\" decoding=\"async\" width=\"422\" height=\"401\" src=\"https:\/\/dev.olivierraude.me\/perspectivesjeunesse\/wp-content\/uploads\/2022\/01\/BulleCestpourQui_PlanC_accompIndividuel-1.png\" class=\"attachment-large size-large\" alt=\"Bulle Cest pour Qui PlanC_accompagnement Individuel\" srcset=\"https:\/\/dev.olivierraude.me\/perspectivesjeunesse\/wp-content\/uploads\/2022\/01\/BulleCestpourQui_PlanC_accompIndividuel-1.png 422w, https:\/\/dev.olivierraude.me\/perspectivesjeunesse\/wp-content\/uploads\/2022\/01\/BulleCestpourQui_PlanC_accompIndividuel-1-300x285.png 300w\" sizes=\"auto, (max-width: 422px) 100vw, 422px\" \/><\/div><\/div><\/div><\/div><\/div><div class=\"vc_col-sm-6 wpb_column vc_column_container us_animate_afb\" style=\"animation-delay:0.4s\"><div class=\"vc_column-inner\"><div class=\"wpb_wrapper\"><div class=\"wpb_text_column us_custom_1c8dd807\"><div class=\"wpb_wrapper\"><h4>EXEMPLES D\u2019ACCOMPAGNEMENT:<\/h4>\n<ul class=\"arrow\">\n<li class=\"arrow\">Soutien psychosocial,<\/li>\n<li class=\"arrow\">Visites d\u2019\u00e9coles (secteurs : jeunes, adultes, professionnels),<\/li>\n<li class=\"arrow\">Aide \u00e0 la recherche d\u2019emploi,<\/li>\n<li class=\"arrow\">Soutien dans les projets personnels, etc.<\/li>\n<\/ul>\n<\/div><\/div><\/div><\/div><\/div><\/div><div class=\"w-separator size_large\"><\/div><div class=\"wpb_text_column\"><div class=\"wpb_wrapper\"><h2 style=\"text-align: center;\">T\u00e9moignages<\/h2>\n<\/div><\/div><div class=\"g-cols wpb_row via_flex valign_top type_default stacking_default\"><div class=\"vc_col-sm-8 wpb_column vc_column_container no-padd us_animate_afb\"><div class=\"vc_column-inner us_custom_e7f5d98a\"><div class=\"wpb_wrapper\"><div class=\"w-image align_none\"><div class=\"w-image-h\"><img loading=\"lazy\" decoding=\"async\" width=\"2000\" height=\"1200\" src=\"https:\/\/dev.olivierraude.me\/perspectivesjeunesse\/wp-content\/uploads\/2020\/06\/temoignage-04.png\" class=\"attachment-full size-full\" alt=\"\" srcset=\"https:\/\/dev.olivierraude.me\/perspectivesjeunesse\/wp-content\/uploads\/2020\/06\/temoignage-04.png 2000w, https:\/\/dev.olivierraude.me\/perspectivesjeunesse\/wp-content\/uploads\/2020\/06\/temoignage-04-300x180.png 300w, https:\/\/dev.olivierraude.me\/perspectivesjeunesse\/wp-content\/uploads\/2020\/06\/temoignage-04-1024x614.png 1024w\" sizes=\"auto, (max-width: 2000px) 100vw, 2000px\" \/><\/div><\/div><\/div><\/div><\/div><div class=\"vc_col-sm-4 wpb_column vc_column_container no-padd us_animate_afb\" style=\"animation-delay:0.2s\"><div class=\"vc_column-inner us_custom_e7f5d98a\"><div class=\"wpb_wrapper\"><div class=\"w-image align_none\"><div class=\"w-image-h\"><img loading=\"lazy\" decoding=\"async\" width=\"1000\" height=\"1200\" src=\"https:\/\/dev.olivierraude.me\/perspectivesjeunesse\/wp-content\/uploads\/2020\/06\/temoignage-05.png\" class=\"attachment-full size-full\" alt=\"\" srcset=\"https:\/\/dev.olivierraude.me\/perspectivesjeunesse\/wp-content\/uploads\/2020\/06\/temoignage-05.png 1000w, https:\/\/dev.olivierraude.me\/perspectivesjeunesse\/wp-content\/uploads\/2020\/06\/temoignage-05-250x300.png 250w, https:\/\/dev.olivierraude.me\/perspectivesjeunesse\/wp-content\/uploads\/2020\/06\/temoignage-05-853x1024.png 853w\" sizes=\"auto, (max-width: 1000px) 100vw, 1000px\" \/><\/div><\/div><\/div><\/div><\/div><\/div><\/div><\/div><\/div><\/div><\/div><\/section><section class=\"l-section wpb_row us_custom_b2a27c04 height_medium\" id=\"scolaire\"><div class=\"l-section-h i-cf\"><div class=\"g-cols vc_row via_flex valign_top type_default stacking_default\"><div class=\"vc_col-sm-12 wpb_column vc_column_container us_animate_afb\" style=\"animation-delay:0.4s\"><div class=\"vc_column-inner\"><div class=\"wpb_wrapper\"><div class=\"wpb_text_column\"><div class=\"wpb_wrapper\"><h1>Plan C &#8211; volet scolaire<\/h1>\n<p class=\"p1\">Il s\u2019agit d\u2019une classe alternative o\u00f9 les jeunes peuvent reprendre leurs \u00e9tudes \u00e0 leur rythme, dans un environnement de formation convivial. Ces jeunes ont besoin d\u2019un encadrement personnalis\u00e9 et de soutien psychosocial afin de se pr\u00e9parer \u00e0 r\u00e9int\u00e9grer le syst\u00e8me scolaire public. Tous les participant.e.s du volet scolaire b\u00e9n\u00e9ficient des services offerts dans le volet d\u2019accompagnement individuel.<\/p>\n<\/div><\/div><div class=\"g-cols wpb_row via_flex valign_top type_default stacking_default\"><div class=\"vc_col-sm-8 wpb_column vc_column_container us_animate_afb\" style=\"animation-delay:0.2s\"><div class=\"vc_column-inner\"><div class=\"wpb_wrapper\"><div class=\"wpb_text_column\"><div class=\"wpb_wrapper\"><p class=\"p1\">Le principe :<\/p>\n<ul class=\"arrow\">\n<li class=\"arrow\">Inscription \u00e0 une mati\u00e8re de base (math\u00e9matiques, fran\u00e7ais ou anglais),<\/li>\n<li class=\"arrow\">Travail individuel selon leurs objectifs hebdomadaires,<\/li>\n<li class=\"arrow\">Soutien de l\u2019enseignant.e,<\/li>\n<li class=\"arrow\">Activit\u00e9s et ateliers offerts chaque semaine.<\/li>\n<\/ul>\n<p class=\"p1\">Le volet scolaire du Plan C, c\u2019est une occasion de retrouver les habitudes de vie n\u00e9cessaires \u00e0 la r\u00e9ussite scolaire tout en poursuivant un parcours acad\u00e9mique en collaboration avec leur \u00e9cole d\u2019origine ou par l\u2019entremise de la formation \u00e0 distance.<\/p>\n<\/div><\/div><\/div><\/div><\/div><div class=\"vc_col-sm-4 wpb_column vc_column_container us_animate_afb\" style=\"animation-delay:0.4s\"><div class=\"vc_column-inner\"><div class=\"wpb_wrapper\"><div class=\"w-image align_center\"><div class=\"w-image-h\"><img loading=\"lazy\" decoding=\"async\" width=\"295\" height=\"239\" src=\"https:\/\/dev.olivierraude.me\/perspectivesjeunesse\/wp-content\/uploads\/2022\/01\/VoletScolaire.png\" class=\"attachment-large size-large\" alt=\"Illustration Volet Scolaire\" \/><\/div><\/div><\/div><\/div><\/div><\/div><div class=\"w-separator size_large\"><\/div><div class=\"g-cols wpb_row via_flex valign_top type_default stacking_default\"><div class=\"vc_col-sm-6 wpb_column vc_column_container us_animate_afb\" style=\"animation-delay:0.2s\"><div class=\"vc_column-inner\"><div class=\"wpb_wrapper\"><div class=\"wpb_text_column us_custom_3d203104\"><div class=\"wpb_wrapper\"><h2>Objectifs du programme<\/h2>\n<ul class=\"arrow\">\n<li class=\"arrow\">Favoriser le d\u00e9veloppement de la pers\u00e9v\u00e9rance et la reprise du travail scolaire en vue d\u2019une r\u00e9int\u00e9gration dans le syst\u00e8me scolaire public.<\/li>\n<li class=\"arrow\">Pr\u00e9parer les jeunes \u00e0 int\u00e9grer les centres de formation pour adultes pour diminuer les risques de deuxi\u00e8me d\u00e9crochage.<\/li>\n<li class=\"arrow\">Favoriser le d\u00e9veloppement des comp\u00e9tences psychosociales.<\/li>\n<li class=\"arrow\">Favoriser l\u2019\u00e9laboration d\u2019un projet d\u2019\u00e9tudes.<\/li>\n<\/ul>\n<\/div><\/div><\/div><\/div><\/div><div class=\"vc_col-sm-6 wpb_column vc_column_container us_animate_afb\" style=\"animation-delay:0.2s\"><div class=\"vc_column-inner\"><div class=\"wpb_wrapper\"><div class=\"w-image align_center\"><div class=\"w-image-h\"><img loading=\"lazy\" decoding=\"async\" width=\"810\" height=\"810\" src=\"https:\/\/dev.olivierraude.me\/perspectivesjeunesse\/wp-content\/uploads\/2023\/02\/Bullecestpourqui.png\" class=\"attachment-large size-large\" alt=\"\" srcset=\"https:\/\/dev.olivierraude.me\/perspectivesjeunesse\/wp-content\/uploads\/2023\/02\/Bullecestpourqui.png 810w, https:\/\/dev.olivierraude.me\/perspectivesjeunesse\/wp-content\/uploads\/2023\/02\/Bullecestpourqui-300x300.png 300w, https:\/\/dev.olivierraude.me\/perspectivesjeunesse\/wp-content\/uploads\/2023\/02\/Bullecestpourqui-150x150.png 150w, https:\/\/dev.olivierraude.me\/perspectivesjeunesse\/wp-content\/uploads\/2023\/02\/Bullecestpourqui-600x600.png 600w\" sizes=\"auto, (max-width: 810px) 100vw, 810px\" \/><\/div><\/div><\/div><\/div><\/div><\/div><div class=\"w-separator size_large\"><\/div><div class=\"wpb_text_column\"><div class=\"wpb_wrapper\"><h2 style=\"text-align: center;\">T\u00e9moignages<\/h2>\n<\/div><\/div><div class=\"g-cols wpb_row via_flex valign_top type_default stacking_default\"><div class=\"vc_col-sm-6 wpb_column vc_column_container no-padd us_animate_afb\"><div class=\"vc_column-inner us_custom_e7f5d98a\"><div class=\"wpb_wrapper\"><div class=\"w-image align_none\"><div class=\"w-image-h\"><img loading=\"lazy\" decoding=\"async\" width=\"1500\" height=\"1200\" src=\"https:\/\/dev.olivierraude.me\/perspectivesjeunesse\/wp-content\/uploads\/2020\/06\/temoignage-06.png\" class=\"attachment-full size-full\" alt=\"\" srcset=\"https:\/\/dev.olivierraude.me\/perspectivesjeunesse\/wp-content\/uploads\/2020\/06\/temoignage-06.png 1500w, https:\/\/dev.olivierraude.me\/perspectivesjeunesse\/wp-content\/uploads\/2020\/06\/temoignage-06-300x240.png 300w, https:\/\/dev.olivierraude.me\/perspectivesjeunesse\/wp-content\/uploads\/2020\/06\/temoignage-06-1024x819.png 1024w\" sizes=\"auto, (max-width: 1500px) 100vw, 1500px\" \/><\/div><\/div><\/div><\/div><\/div><div class=\"vc_col-sm-6 wpb_column vc_column_container no-padd us_animate_afb\" style=\"animation-delay:0.2s\"><div class=\"vc_column-inner us_custom_e7f5d98a\"><div class=\"wpb_wrapper\"><div class=\"w-image align_none\"><div class=\"w-image-h\"><img loading=\"lazy\" decoding=\"async\" width=\"1500\" height=\"1200\" src=\"https:\/\/dev.olivierraude.me\/perspectivesjeunesse\/wp-content\/uploads\/2020\/06\/temoignage-07.png\" class=\"attachment-full size-full\" alt=\"\" srcset=\"https:\/\/dev.olivierraude.me\/perspectivesjeunesse\/wp-content\/uploads\/2020\/06\/temoignage-07.png 1500w, https:\/\/dev.olivierraude.me\/perspectivesjeunesse\/wp-content\/uploads\/2020\/06\/temoignage-07-300x240.png 300w, https:\/\/dev.olivierraude.me\/perspectivesjeunesse\/wp-content\/uploads\/2020\/06\/temoignage-07-1024x819.png 1024w\" sizes=\"auto, (max-width: 1500px) 100vw, 1500px\" \/><\/div><\/div><\/div><\/div><\/div><\/div><div class=\"g-cols wpb_row via_flex valign_top type_default stacking_default\"><div class=\"vc_col-sm-12 wpb_column vc_column_container\"><div class=\"vc_column-inner\"><div class=\"wpb_wrapper\"><\/div><\/div><\/div><\/div><\/div><\/div><\/div><\/div><\/div><\/section><section class=\"l-section wpb_row us_custom_0183d8f8 has_text_color height_medium\" id=\"Contacts_PlanC\"><div class=\"l-section-h i-cf\"><div class=\"g-cols vc_row via_flex valign_top type_default stacking_default\"><div class=\"vc_col-sm-12 wpb_column vc_column_container us_animate_afb\" style=\"animation-delay:0.4s\"><div class=\"vc_column-inner\"><div class=\"wpb_wrapper\"><div class=\"wpb_text_column us_custom_a0499343 has_text_color\"><div class=\"wpb_wrapper\"><h1 class=\"p1\"><b>CONTACTS <\/b><\/h1>\n<\/div><\/div><div class=\"w-separator size_large\"><\/div><div class=\"g-cols wpb_row via_flex valign_top type_default stacking_default\"><div class=\"vc_col-sm-6 wpb_column vc_column_container\"><div class=\"vc_column-inner\"><div class=\"wpb_wrapper\"><div class=\"wpb_text_column us_custom_a0499343 has_text_color\"><div class=\"wpb_wrapper\"><h4>Plan C \u2013 Rosemont-Petite-Patrie<\/h4>\n<p><b>Volet d&#8217;accompagnement individuel<\/b><br \/>\nCell. 438 275-4173<br \/>\n<a href=\"mailto:planc.accompagnement@perspectivesjeunesse.org\">planc.accompagnement@perspectivesjeunesse.org<\/a><\/p>\n<p><b>Volet scolaire<\/b><br \/>\nT\u00e9l. 514 303-0599<br \/>\n<a href=\"mailto:planc@perspectivesjeunesse.org\">planc@perspectivesjeunesse.org<\/a><br \/>\n6839A rue Drolet, local 12 Montr\u00e9al (Qc) H2S 2T1<\/p>\n<\/div><\/div><\/div><\/div><\/div><div class=\"vc_col-sm-6 wpb_column vc_column_container\"><div class=\"vc_column-inner\"><div class=\"wpb_wrapper\"><div class=\"wpb_text_column us_custom_a0499343 has_text_color\"><div class=\"wpb_wrapper\"><h4>Plan C &#8211; Rivi\u00e8re-des-Prairies<\/h4>\n<p><b>Volet d&#8217;accompagnement individuel<\/b><br \/>\nCell. 438 493-9648<br \/>\n<a href=\"mailto:planc.rdp.accompagnement@perspectivesjeunesse.org\">planc.rdp.accompagnement@perspectivesjeunesse.org<\/a><\/p>\n<p><b>Volet scolaire<\/b><br \/>\nT\u00e9l. 438 380-3380<br \/>\n<a href=\"mailto:planc.rdp.scolaire@perspectivesjeunesse.org\">planc.rdp.scolaire@perspectivesjeunesse.org<br \/>\n<\/a>11991 rue Pierre-Baillargeon, local 201 Montr\u00e9al (Qc) H1E 2E5<\/p>\n<\/div><\/div><div class=\"wpb_text_column us_custom_a0499343 has_text_color\"><div class=\"wpb_wrapper\"><h4>Plan C \u2013 T\u00e9treaultville<\/h4>\n<p><b>Volet d&#8217;accompagnement individuel<\/b><br \/>\nCell. 438 522-8725<br \/>\n<a href=\"mailto:planc.accompagnement@perspectivesjeunesse.org\">planc.tetreaultville.accompagnement@perspectivesjeunesse.org<\/a><\/p>\n<p><b>Volet scolaire<\/b><br \/>\nT\u00e9l. 438 377-4707<br \/>\n<a href=\"mailto:planc@perspectivesjeunesse.org\">planc.tetreaultville.scolaire@perspectivesjeunesse.org<\/a><br \/>\n8602 rue Sherbrooke Est, local 1 Montr\u00e9al (Qc) H1L 1B7<\/p>\n<\/div><\/div><\/div><\/div><\/div><\/div><\/div><\/div><\/div><\/div><\/div><\/section>\n","protected":false},"excerpt":{"rendered":"Programme OPTION Le programme Option s\u2019adresse aux jeunes de 12 \u00e0 21 ans fr\u00e9quentant l\u2019\u00e9cole et pr\u00e9sentant une multitude de facteurs de risque pouvant mener au d\u00e9crochage scolaire. La particularit\u00e9 et l&#8217;excellence des r\u00e9sultats d&#8217;Option r\u00e9sident dans l&#8217;accompagnement individuel et la pr\u00e9sence quotidienne de nos intervenants et intervenantes en pers\u00e9v\u00e9rance scolaire (IPS) dans les \u00e9coles...","protected":false},"author":3455,"featured_media":0,"parent":0,"menu_order":0,"comment_status":"closed","ping_status":"closed","template":"","meta":{"_acf_changed":false,"footnotes":""},"class_list":["post-1781","page","type-page","status-publish","hentry"],"acf":[],"yoast_head":"<!-- This site is optimized with the Yoast SEO plugin v24.6 - https:\/\/yoast.com\/wordpress\/plugins\/seo\/ -->\n<title>Nos programmes - Perspectives Jeunesse<\/title>\n<meta name=\"description\" content=\"Notre organisme propose 3 programmes ayant pour but de pr\u00e9venir le d\u00e9crochage scolaire et sociale chez les jeunes!\" \/>\n<meta name=\"robots\" content=\"index, follow, max-snippet:-1, max-image-preview:large, max-video-preview:-1\" \/>\n<link rel=\"canonical\" href=\"https:\/\/dev.olivierraude.me\/perspectivesjeunesse\/programmes-pour-les-jeunes\/\" \/>\n<meta property=\"og:locale\" content=\"en_US\" \/>\n<meta property=\"og:type\" content=\"article\" \/>\n<meta property=\"og:title\" content=\"Programmes pour les jeunes\" \/>\n<meta property=\"og:description\" content=\"Que ce soit par le Programme Option ou Plan C, en volet scolaire ou individuel, nos intervenant.e.s en pers\u00e9v\u00e9rance scolaire sont l\u00e0 pour vous accompagner selon vos besoins.\" \/>\n<meta property=\"og:url\" content=\"https:\/\/dev.olivierraude.me\/perspectivesjeunesse\/programmes-pour-les-jeunes\/\" \/>\n<meta property=\"og:site_name\" content=\"Perspectives Jeunesse\" \/>\n<meta property=\"article:publisher\" content=\"https:\/\/www.facebook.com\/perspectives.jeunesse\/\" \/>\n<meta property=\"article:modified_time\" content=\"2024-10-29T19:37:00+00:00\" \/>\n<meta property=\"og:image\" content=\"https:\/\/dev.olivierraude.me\/perspectivesjeunesse\/wp-content\/uploads\/2020\/08\/Ill_PJ_Etudiants_Intro.png\" \/>\n\t<meta property=\"og:image:width\" content=\"800\" \/>\n\t<meta property=\"og:image:height\" content=\"563\" \/>\n\t<meta property=\"og:image:type\" content=\"image\/png\" \/>\n<meta name=\"twitter:label1\" content=\"Est. reading time\" \/>\n\t<meta name=\"twitter:data1\" content=\"4 minutes\" \/>\n<script type=\"application\/ld+json\" class=\"yoast-schema-graph\">{\"@context\":\"https:\/\/schema.org\",\"@graph\":[{\"@type\":\"WebPage\",\"@id\":\"https:\/\/dev.olivierraude.me\/perspectivesjeunesse\/programmes-pour-les-jeunes\/\",\"url\":\"https:\/\/dev.olivierraude.me\/perspectivesjeunesse\/programmes-pour-les-jeunes\/\",\"name\":\"Nos programmes - Perspectives Jeunesse\",\"isPartOf\":{\"@id\":\"https:\/\/dev.olivierraude.me\/perspectivesjeunesse\/#website\"},\"datePublished\":\"2022-01-26T16:33:58+00:00\",\"dateModified\":\"2024-10-29T19:37:00+00:00\",\"description\":\"Notre organisme propose 3 programmes ayant pour but de pr\u00e9venir le d\u00e9crochage scolaire et sociale chez les jeunes!\",\"breadcrumb\":{\"@id\":\"https:\/\/dev.olivierraude.me\/perspectivesjeunesse\/programmes-pour-les-jeunes\/#breadcrumb\"},\"inLanguage\":\"en-US\",\"potentialAction\":[{\"@type\":\"ReadAction\",\"target\":[\"https:\/\/dev.olivierraude.me\/perspectivesjeunesse\/programmes-pour-les-jeunes\/\"]}]},{\"@type\":\"BreadcrumbList\",\"@id\":\"https:\/\/dev.olivierraude.me\/perspectivesjeunesse\/programmes-pour-les-jeunes\/#breadcrumb\",\"itemListElement\":[{\"@type\":\"ListItem\",\"position\":1,\"name\":\"Home\",\"item\":\"https:\/\/dev.olivierraude.me\/perspectivesjeunesse\/\"},{\"@type\":\"ListItem\",\"position\":2,\"name\":\"Nos programmes\"}]},{\"@type\":\"WebSite\",\"@id\":\"https:\/\/dev.olivierraude.me\/perspectivesjeunesse\/#website\",\"url\":\"https:\/\/dev.olivierraude.me\/perspectivesjeunesse\/\",\"name\":\"Perspectives Jeunesse\",\"description\":\"Pr\u00e9vention du d\u00e9crochage scolaire et soutien au retour \u00e0 l&#039;\u00e9cole\",\"publisher\":{\"@id\":\"https:\/\/dev.olivierraude.me\/perspectivesjeunesse\/#organization\"},\"potentialAction\":[{\"@type\":\"SearchAction\",\"target\":{\"@type\":\"EntryPoint\",\"urlTemplate\":\"https:\/\/dev.olivierraude.me\/perspectivesjeunesse\/?s={search_term_string}\"},\"query-input\":{\"@type\":\"PropertyValueSpecification\",\"valueRequired\":true,\"valueName\":\"search_term_string\"}}],\"inLanguage\":\"en-US\"},{\"@type\":\"Organization\",\"@id\":\"https:\/\/dev.olivierraude.me\/perspectivesjeunesse\/#organization\",\"name\":\"Perspectives Jeunesse\",\"url\":\"https:\/\/dev.olivierraude.me\/perspectivesjeunesse\/\",\"logo\":{\"@type\":\"ImageObject\",\"inLanguage\":\"en-US\",\"@id\":\"https:\/\/dev.olivierraude.me\/perspectivesjeunesse\/#\/schema\/logo\/image\/\",\"url\":\"https:\/\/dev.olivierraude.me\/perspectivesjeunesse\/wp-content\/uploads\/2020\/05\/PJ_RGB_Small.png\",\"contentUrl\":\"https:\/\/dev.olivierraude.me\/perspectivesjeunesse\/wp-content\/uploads\/2020\/05\/PJ_RGB_Small.png\",\"width\":500,\"height\":245,\"caption\":\"Perspectives Jeunesse\"},\"image\":{\"@id\":\"https:\/\/dev.olivierraude.me\/perspectivesjeunesse\/#\/schema\/logo\/image\/\"},\"sameAs\":[\"https:\/\/www.facebook.com\/perspectives.jeunesse\/\",\"https:\/\/www.instagram.com\/pj_perspectivesjeunesse\/\",\"https:\/\/www.youtube.com\/@perspectivesjeunesse-montreal\/\",\"https:\/\/www.linkedin.com\/company\/perspectives-jeunesse\"]}]}<\/script>\n<!-- \/ Yoast SEO plugin. -->","yoast_head_json":{"title":"Nos programmes - Perspectives Jeunesse","description":"Notre organisme propose 3 programmes ayant pour but de pr\u00e9venir le d\u00e9crochage scolaire et sociale chez les jeunes!","robots":{"index":"index","follow":"follow","max-snippet":"max-snippet:-1","max-image-preview":"max-image-preview:large","max-video-preview":"max-video-preview:-1"},"canonical":"https:\/\/dev.olivierraude.me\/perspectivesjeunesse\/programmes-pour-les-jeunes\/","og_locale":"en_US","og_type":"article","og_title":"Programmes pour les jeunes","og_description":"Que ce soit par le Programme Option ou Plan C, en volet scolaire ou individuel, nos intervenant.e.s en pers\u00e9v\u00e9rance scolaire sont l\u00e0 pour vous accompagner selon vos besoins.","og_url":"https:\/\/dev.olivierraude.me\/perspectivesjeunesse\/programmes-pour-les-jeunes\/","og_site_name":"Perspectives Jeunesse","article_publisher":"https:\/\/www.facebook.com\/perspectives.jeunesse\/","article_modified_time":"2024-10-29T19:37:00+00:00","og_image":[{"width":800,"height":563,"url":"https:\/\/dev.olivierraude.me\/perspectivesjeunesse\/wp-content\/uploads\/2020\/08\/Ill_PJ_Etudiants_Intro.png","type":"image\/png"}],"twitter_misc":{"Est. reading time":"4 minutes"},"schema":{"@context":"https:\/\/schema.org","@graph":[{"@type":"WebPage","@id":"https:\/\/dev.olivierraude.me\/perspectivesjeunesse\/programmes-pour-les-jeunes\/","url":"https:\/\/dev.olivierraude.me\/perspectivesjeunesse\/programmes-pour-les-jeunes\/","name":"Nos programmes - Perspectives Jeunesse","isPartOf":{"@id":"https:\/\/dev.olivierraude.me\/perspectivesjeunesse\/#website"},"datePublished":"2022-01-26T16:33:58+00:00","dateModified":"2024-10-29T19:37:00+00:00","description":"Notre organisme propose 3 programmes ayant pour but de pr\u00e9venir le d\u00e9crochage scolaire et sociale chez les jeunes!","breadcrumb":{"@id":"https:\/\/dev.olivierraude.me\/perspectivesjeunesse\/programmes-pour-les-jeunes\/#breadcrumb"},"inLanguage":"en-US","potentialAction":[{"@type":"ReadAction","target":["https:\/\/dev.olivierraude.me\/perspectivesjeunesse\/programmes-pour-les-jeunes\/"]}]},{"@type":"BreadcrumbList","@id":"https:\/\/dev.olivierraude.me\/perspectivesjeunesse\/programmes-pour-les-jeunes\/#breadcrumb","itemListElement":[{"@type":"ListItem","position":1,"name":"Home","item":"https:\/\/dev.olivierraude.me\/perspectivesjeunesse\/"},{"@type":"ListItem","position":2,"name":"Nos programmes"}]},{"@type":"WebSite","@id":"https:\/\/dev.olivierraude.me\/perspectivesjeunesse\/#website","url":"https:\/\/dev.olivierraude.me\/perspectivesjeunesse\/","name":"Perspectives Jeunesse","description":"Pr\u00e9vention du d\u00e9crochage scolaire et soutien au retour \u00e0 l&#039;\u00e9cole","publisher":{"@id":"https:\/\/dev.olivierraude.me\/perspectivesjeunesse\/#organization"},"potentialAction":[{"@type":"SearchAction","target":{"@type":"EntryPoint","urlTemplate":"https:\/\/dev.olivierraude.me\/perspectivesjeunesse\/?s={search_term_string}"},"query-input":{"@type":"PropertyValueSpecification","valueRequired":true,"valueName":"search_term_string"}}],"inLanguage":"en-US"},{"@type":"Organization","@id":"https:\/\/dev.olivierraude.me\/perspectivesjeunesse\/#organization","name":"Perspectives Jeunesse","url":"https:\/\/dev.olivierraude.me\/perspectivesjeunesse\/","logo":{"@type":"ImageObject","inLanguage":"en-US","@id":"https:\/\/dev.olivierraude.me\/perspectivesjeunesse\/#\/schema\/logo\/image\/","url":"https:\/\/dev.olivierraude.me\/perspectivesjeunesse\/wp-content\/uploads\/2020\/05\/PJ_RGB_Small.png","contentUrl":"https:\/\/dev.olivierraude.me\/perspectivesjeunesse\/wp-content\/uploads\/2020\/05\/PJ_RGB_Small.png","width":500,"height":245,"caption":"Perspectives Jeunesse"},"image":{"@id":"https:\/\/dev.olivierraude.me\/perspectivesjeunesse\/#\/schema\/logo\/image\/"},"sameAs":["https:\/\/www.facebook.com\/perspectives.jeunesse\/","https:\/\/www.instagram.com\/pj_perspectivesjeunesse\/","https:\/\/www.youtube.com\/@perspectivesjeunesse-montreal\/","https:\/\/www.linkedin.com\/company\/perspectives-jeunesse"]}]}},"_links":{"self":[{"href":"https:\/\/dev.olivierraude.me\/perspectivesjeunesse\/wp-json\/wp\/v2\/pages\/1781","targetHints":{"allow":["GET"]}}],"collection":[{"href":"https:\/\/dev.olivierraude.me\/perspectivesjeunesse\/wp-json\/wp\/v2\/pages"}],"about":[{"href":"https:\/\/dev.olivierraude.me\/perspectivesjeunesse\/wp-json\/wp\/v2\/types\/page"}],"author":[{"embeddable":true,"href":"https:\/\/dev.olivierraude.me\/perspectivesjeunesse\/wp-json\/wp\/v2\/users\/3455"}],"replies":[{"embeddable":true,"href":"https:\/\/dev.olivierraude.me\/perspectivesjeunesse\/wp-json\/wp\/v2\/comments?post=1781"}],"version-history":[{"count":67,"href":"https:\/\/dev.olivierraude.me\/perspectivesjeunesse\/wp-json\/wp\/v2\/pages\/1781\/revisions"}],"predecessor-version":[{"id":4137,"href":"https:\/\/dev.olivierraude.me\/perspectivesjeunesse\/wp-json\/wp\/v2\/pages\/1781\/revisions\/4137"}],"wp:attachment":[{"href":"https:\/\/dev.olivierraude.me\/perspectivesjeunesse\/wp-json\/wp\/v2\/media?parent=1781"}],"curies":[{"name":"wp","href":"https:\/\/api.w.org\/{rel}","templated":true}]}}