{"id":2260,"date":"2022-04-06T11:05:30","date_gmt":"2022-04-06T15:05:30","guid":{"rendered":"https:\/\/dev.olivierraude.me\/perspectivesjeunesse?page_id=2260"},"modified":"2024-11-22T18:18:28","modified_gmt":"2024-11-22T22:18:28","slug":"foret-de-la-perseverance","status":"publish","type":"page","link":"https:\/\/dev.olivierraude.me\/perspectivesjeunesse\/foret-de-la-perseverance\/","title":{"rendered":"For\u00eat de la pers\u00e9v\u00e9rance"},"content":{"rendered":"<section class=\"l-section wpb_row us_custom_2a691c13 height_medium\"><div class=\"l-section-overlay\" style=\"background:var(--color-header-transparent-bg)\"><\/div><div class=\"l-section-h i-cf\"><div class=\"g-cols vc_row via_flex valign_top type_default stacking_default\"><div class=\"vc_col-sm-12 wpb_column vc_column_container\"><div class=\"vc_column-inner us_custom_96aaefd4\"><div class=\"wpb_wrapper\"><div class=\"w-image align_center\"><div class=\"w-image-h\"><img loading=\"lazy\" decoding=\"async\" width=\"1920\" height=\"503\" src=\"https:\/\/dev.olivierraude.me\/perspectivesjeunesse\/wp-content\/uploads\/2022\/07\/Bannie\u0300re_foret-1.png\" class=\"attachment-full size-full\" alt=\"\" srcset=\"https:\/\/dev.olivierraude.me\/perspectivesjeunesse\/wp-content\/uploads\/2022\/07\/Bannie\u0300re_foret-1.png 1920w, https:\/\/dev.olivierraude.me\/perspectivesjeunesse\/wp-content\/uploads\/2022\/07\/Bannie\u0300re_foret-1-300x79.png 300w, https:\/\/dev.olivierraude.me\/perspectivesjeunesse\/wp-content\/uploads\/2022\/07\/Bannie\u0300re_foret-1-1024x268.png 1024w, https:\/\/dev.olivierraude.me\/perspectivesjeunesse\/wp-content\/uploads\/2022\/07\/Bannie\u0300re_foret-1-800x210.png 800w\" sizes=\"auto, (max-width: 1920px) 100vw, 1920px\" \/><\/div><\/div><div class=\"w-separator size_small\"><\/div><div class=\"wpb_text_column us_custom_a0499343 has_text_color\"><div class=\"wpb_wrapper\"><h4 style=\"text-align: center;\"><strong>Participez \u00e0 la campagne de financement durable la <span class=\"TextRun SCXW9798227 BCX8\" lang=\"FR-FR\" xml:lang=\"FR-FR\" data-contrast=\"none\"><span class=\"NormalTextRun SCXW9798227 BCX8\">For\u00eat de la pers\u00e9v\u00e9rance, <\/span><span class=\"NormalTextRun SCXW9798227 BCX8\">et devenez un acteur cl\u00e9 dans la pr\u00e9vention du <\/span><span class=\"NormalTextRun SCXW9798227 BCX8\">d\u00e9crochage scolaire tout en contribuant au verdissement de l&#8217;Est de Montr\u00e9al !<\/span><\/span><\/strong><\/h4>\n<\/div><\/div><div class=\"w-message us_custom_c2432be1 popup has_text_color color_blue\"><div class=\"w-message-body\"><p style=\"text-align: center;\">Faites vite, vous avez jusqu&#8217;au 31 janvier 2025 pour parrainer un<br \/>\nou plusieurs des<span style=\"font-size: 1.4rem; margin-left: 1.8rem; text-decoration: line-through;\">50<\/span> arbres disponibles\u00a0!<\/p>\n<div class=\"count\">44<\/div>\n<p style=\"text-align: center;\"><a class=\"w-btn us-btn-style_10 ush_btn_1\" href=\"https:\/\/www.jedonneenligne.org\/perspectivesjeunesse\/FDLP2426\/\" target=\"_blank\" rel=\"noopener\"><span class=\"w-btn-label\">Je parraine<\/span><\/a><\/p>\n<\/div><\/div><div class=\"w-message us_custom_464a5ff2 has_text_color hide_on_default hide_on_laptops hide_on_tablets hide_on_mobiles color_blue\"><div class=\"w-message-body\"><div style=\"display: flex; padding-bottom: 25px;\"><img decoding=\"async\" style=\"width: 100%; margin-left: auto!important; margin-right: auto!important;\" src=\"https:\/\/dev.olivierraude.me\/perspectivesjeunesse\/wp-content\/uploads\/2022\/07\/Bannie%CC%80re_foret-1-800x210.png\" \/><\/div>\n<p style=\"text-align: left;\">Faites vite, vous avez jusqu&#8217;au 31 janvier 2025 pour parrainer un ou plusieurs des<span style=\"font-size: 1.4rem; margin-left: 1.8rem; text-decoration: line-through;\">50<\/span> arbres disponibles !<\/p>\n<div class=\"count\">45<\/div>\n<p style=\"text-align: center;\"><a class=\"w-btn us-btn-style_10 ush_btn_1\" href=\"https:\/\/www.jedonneenligne.org\/perspectivesjeunesse\/FDLP2426\/\" target=\"_blank\" rel=\"noopener\"><span class=\"w-btn-label\">Je parraine<\/span><\/a><\/p>\n<\/div><\/div><\/div><\/div><\/div><\/div><\/div><\/section><section class=\"l-section wpb_row us_custom_a65f8d74 height_small\"><div class=\"l-section-overlay\" style=\"background:#13a538\"><\/div><div class=\"l-section-h i-cf\"><div class=\"g-cols vc_row via_flex valign_top type_default stacking_default\"><div class=\"vc_col-sm-6 wpb_column vc_column_container\"><div class=\"vc_column-inner us_custom_60e9caca us_animate_this\"><div class=\"wpb_wrapper\"><div class=\"wpb_text_column us_custom_6df4bc3a has_text_color\"><div class=\"wpb_wrapper\"><h2 style=\"text-align: center;\">Qu\u2019est-ce que la For\u00eat de la pers\u00e9v\u00e9rance?<\/h2>\n<p><span class=\"TextRun SCXW68335400 BCX8\" lang=\"FR-FR\" xml:lang=\"FR-FR\" data-contrast=\"none\"><span class=\"NormalTextRun SCXW68335400 BCX8\">La <\/span><span class=\"NormalTextRun SCXW68335400 BCX8\">For\u00eat de la pers\u00e9v\u00e9rance<\/span><span class=\"NormalTextRun SCXW68335400 BCX8\"> est une campagne de financement majeure et durable au profit de la mission de <\/span><span class=\"NormalTextRun SCXW68335400 BCX8\">Perspectives Jeunesse<\/span><span class=\"NormalTextRun SCXW68335400 BCX8\"> en pr\u00e9vention du d\u00e9crochage scolaire et en soutien au retour \u00e0 l&#8217;\u00e9cole. Cette initiative offre la possibilit\u00e9 de parrainer la<strong> plantation d&#8217;arbres dans les parcs Marie-Claire-<span class=\"NormalTextRun SpellingErrorV2Themed SCXW68335400 BCX8\">Daveluy<\/span> et des \u00c9pinettes situ\u00e9s dans\u00a0l&#8217;arrondissement de <\/strong><\/span><span class=\"NormalTextRun SCXW68335400 BCX8\"><strong>Rivi\u00e8re-des-Prairies\u2013Pointe-aux-Trembles<\/strong>, un des territoires d&#8217;action desservis par l&#8217;organisme.\u00a0 <\/span><\/span><\/p>\n<p><span class=\"TextRun SCXW68335400 BCX8\" lang=\"FR-FR\" xml:lang=\"FR-FR\" data-contrast=\"none\"><span class=\"NormalTextRun SCXW68335400 BCX8\">Cette grande campagne, qui contribue \u00e9galement \u00e0 verdir le territoire de l&#8217;Est de Montr\u00e9al, est d\u00e9ploy\u00e9e en collaboration avec l&#8217;arrondissement de Rivi\u00e8re-des-Prairies\u2013Pointe-aux-Trembles<\/span><\/span><\/p>\n<\/div><\/div><div class=\"w-btn-wrapper align_center\"><a class=\"w-btn us-btn-style_7\" target=\"_blank\" href=\"https:\/\/www.perspectivesjeunesse.org\/wp-content\/uploads\/2024\/10\/PJ_171024_Raison_d_etre_Foret_perseverance_F-1.pdf\" rel=\"noopener\"><span class=\"w-btn-label\">Pour en savoir plus, consultez la Raison d&#8217;\u00eatre<\/span><\/a><\/div><div class=\"w-btn-wrapper align_center\"><a class=\"w-btn us-btn-style_12\" href=\"https:\/\/www.perspectivesjeunesse.org\/wp-content\/uploads\/2024\/11\/Communique-Foret-2024_V1.pdf\"><span class=\"w-btn-label\">Pour lire le communiqu\u00e9 de presse<\/span><\/a><\/div><\/div><\/div><\/div><div class=\"vc_col-sm-6 wpb_column vc_column_container\"><div class=\"vc_column-inner\"><div class=\"wpb_wrapper\"><div class=\"wpb_text_column us_custom_6df4bc3a has_text_color\"><div class=\"wpb_wrapper\"><h2 style=\"text-align: center;\"><span class=\"TextRun SCXW3665152 BCX8\" lang=\"FR-FR\" xml:lang=\"FR-FR\" data-contrast=\"none\"><span class=\"NormalTextRun SCXW3665152 BCX8\"><span style=\"vertical-align: inherit;\"><span style=\"vertical-align: inherit;\">Le co\u00fbt pa<\/span><\/span><\/span><span class=\"NormalTextRun SCXW3665152 BCX8\"><span style=\"vertical-align: inherit;\"><span style=\"vertical-align: inherit;\">r arbre <\/span><\/span><\/span><span class=\"NormalTextRun SCXW3665152 BCX8\"><span style=\"vertical-align: inherit;\"><span style=\"vertical-align: inherit;\">et les avantages <\/span><\/span><\/span><span class=\"NormalTextRun SCXW3665152 BCX8\"><span style=\"vertical-align: inherit;\"><span style=\"vertical-align: inherit;\">fiscaux?<\/span><\/span><\/span><\/span><\/h2>\n<p><span class=\"TextRun SCXW249137139 BCX8\" lang=\"FR-FR\" xml:lang=\"FR-FR\" data-contrast=\"none\"><span class=\"NormalTextRun SCXW249137139 BCX8\"><span style=\"vertical-align: inherit;\"><span style=\"vertical-align: inherit;\">Vous avez la possibilit\u00e9 de parrainer un ou plusieurs des <strong>50 arbres disponibles d&#8217;ici le 31 janvier 2025 !<\/strong> Un don de 1 000 $ par an sur 2 ans (soit 2 000 $ par arbre). Sur chaque don de 2 000 $, 500 $ seront r\u00e9partis aux frais de plantation, tandis que 1 500 $ soutiendront directement nos programmes en pr\u00e9vention du d\u00e9crochage scolaire et en soutien au retour \u00e0 l&#8217;\u00e9cole pendant les ann\u00e9es scolaires 2024-2025 et 2025- 2026. Un re\u00e7u fiscal, vous donnant droit \u00e0 un cr\u00e9dit d&#8217;imp\u00f4t conform\u00e9ment aux r\u00e8gles de l&#8217;ARC, sera \u00e9mis pour la totalit\u00e9 du don.<\/span><\/span><span class=\"EOP SCXW249137139 BCX8\" data-ccp-props=\"{&quot;134233117&quot;:false,&quot;134233118&quot;:false,&quot;201341983&quot;:0,&quot;335551550&quot;:6,&quot;335551620&quot;:6,&quot;335559738&quot;:240,&quot;335559739&quot;:240,&quot;335559740&quot;:240}\">\u00a0<\/span><\/span><\/span><\/p>\n<\/div><\/div><div class=\"w-btn-wrapper align_center\"><a class=\"w-btn us-btn-style_7\" target=\"_blank\" href=\"https:\/\/www.jedonneenligne.org\/perspectivesjeunesse\/FDLP2426\/\" rel=\"noopener\"><span class=\"w-btn-label\">Je parraine un ou plusieurs arbres<\/span><\/a><\/div><div class=\"w-btn-wrapper align_center\"><a class=\"w-btn us-btn-style_7\" href=\"mailto:direction.philanthropie@perspectivesjeunesse.org\"><span class=\"w-btn-label\">Des questions?<\/span><\/a><\/div><\/div><\/div><\/div><\/div><\/div><\/section><section class=\"l-section wpb_row us_custom_a65f8d74 height_small\"><div class=\"l-section-overlay\" style=\"background:var(--color-content-bg)\"><\/div><div class=\"l-section-h i-cf\"><div class=\"g-cols vc_row via_flex valign_top type_default stacking_default\"><div class=\"vc_col-sm-6 wpb_column vc_column_container\"><div class=\"vc_column-inner us_custom_60e9caca us_animate_this\"><div class=\"wpb_wrapper\"><div class=\"wpb_text_column us_custom_95ebd667 has_text_color\"><div class=\"wpb_wrapper\"><h2 style=\"color: #004a99; text-align: center;\">Notre impact aupr\u00e8s des jeunes<\/h2>\n<p><span data-contrast=\"auto\">Au cours de l\u2019ann\u00e9e 2023-2024, <strong>707 jeunes en difficult\u00e9<\/strong> \u00e2g\u00e9s de 12 \u00e0 24 ans ont b\u00e9n\u00e9fici\u00e9 des programmes\u202fde Perspectives Jeunesse, soit <strong>l\u2019\u00e9quivalent de 23 classes de niveau secondaire.\u00a0<\/strong><\/span><strong>\u00a0<\/strong><\/p>\n<ul>\n<li><strong>99 % des participant.es du programme Option ont pers\u00e9v\u00e9r\u00e9 jusqu\u2019\u00e0 la fin de l\u2019ann\u00e9e.\u00a0\u00a0<\/strong><\/li>\n<li><strong>52 % des participant.es du programme Plan C ont atteint un premier objectif de remise en action.\u00a0\u00a0<\/strong><\/li>\n<li><strong>22% des participant.es du programme Plan C ont poursuivi leur participation pour assurer le maintien d&#8217;un objectif atteint en 2022-2023<\/strong><\/li>\n<\/ul>\n<p><span data-contrast=\"auto\">Retomb\u00e9es des pratiques d\u2019intervention aupr\u00e8s des jeunes selon une <a href=\"https:\/\/papyrus.bib.umontreal.ca\/xmlui\/bitstream\/handle\/1866\/33093\/Programme%20Option_PJ_Faits%20saillants_Retomb%c3%a9es%20jeunes.pdf?sequence=9&amp;isAllowed=y\">r\u00e9cente \u00e9tude r\u00e9alis\u00e9e en collaboration avec des chercheur.euses de l\u2019Universit\u00e9 de Montr\u00e9al<\/a>\u202f:\u00a0<\/span><span data-ccp-props=\"{&quot;201341983&quot;:0,&quot;335559739&quot;:0,&quot;335559740&quot;:240}\">\u00a0<\/span><\/p>\n<ul>\n<li><strong>Am\u00e9lioration de la croyance que l\u2019on peut r\u00e9ussir<\/strong><\/li>\n<li><strong>Diminution du taux d\u2019absent\u00e9isme<\/strong><\/li>\n<li><strong>Am\u00e9lioration des notes en fran\u00e7ais et en math\u00e9matiques.\u00a0\u00a0<\/strong><\/li>\n<\/ul>\n<\/div><\/div><\/div><\/div><\/div><div class=\"vc_col-sm-6 wpb_column vc_column_container\"><div class=\"vc_column-inner\"><div class=\"wpb_wrapper\"><div class=\"w-separator size_medium\"><\/div><div class=\"w-image align_none\"><div class=\"w-image-h\"><img loading=\"lazy\" decoding=\"async\" width=\"1024\" height=\"601\" src=\"https:\/\/dev.olivierraude.me\/perspectivesjeunesse\/wp-content\/uploads\/2024\/10\/PJ_Territoire-daction_2024-1-1024x601.png\" class=\"attachment-large size-large\" alt=\"\" srcset=\"https:\/\/dev.olivierraude.me\/perspectivesjeunesse\/wp-content\/uploads\/2024\/10\/PJ_Territoire-daction_2024-1-1024x601.png 1024w, https:\/\/dev.olivierraude.me\/perspectivesjeunesse\/wp-content\/uploads\/2024\/10\/PJ_Territoire-daction_2024-1-300x176.png 300w, https:\/\/dev.olivierraude.me\/perspectivesjeunesse\/wp-content\/uploads\/2024\/10\/PJ_Territoire-daction_2024-1-800x470.png 800w\" sizes=\"auto, (max-width: 1024px) 100vw, 1024px\" \/><\/div><\/div><div class=\"w-image align_none\"><div class=\"w-image-h\"><img loading=\"lazy\" decoding=\"async\" width=\"548\" height=\"279\" src=\"https:\/\/dev.olivierraude.me\/perspectivesjeunesse\/wp-content\/uploads\/2024\/10\/PJ_171024_Raison_d_etre_Foret_perseverance_F_print-7.png\" class=\"attachment-large size-large\" alt=\"\" srcset=\"https:\/\/dev.olivierraude.me\/perspectivesjeunesse\/wp-content\/uploads\/2024\/10\/PJ_171024_Raison_d_etre_Foret_perseverance_F_print-7.png 548w, https:\/\/dev.olivierraude.me\/perspectivesjeunesse\/wp-content\/uploads\/2024\/10\/PJ_171024_Raison_d_etre_Foret_perseverance_F_print-7-300x153.png 300w\" sizes=\"auto, (max-width: 548px) 100vw, 548px\" \/><\/div><\/div><\/div><\/div><\/div><\/div><\/div><\/section><section class=\"l-section wpb_row us_custom_a65f8d74 height_small\"><div class=\"l-section-overlay\" style=\"background:#004a99\"><\/div><div class=\"l-section-h i-cf\"><div class=\"g-cols vc_row via_flex valign_top type_default stacking_default\"><div class=\"vc_col-sm-12 wpb_column vc_column_container\"><div class=\"vc_column-inner us_custom_60e9caca us_animate_this\"><div class=\"wpb_wrapper\"><div class=\"wpb_text_column us_custom_6df4bc3a has_text_color\"><div class=\"wpb_wrapper\"><h2 style=\"text-align: center;\">Inauguration de la For\u00eat de la pers\u00e9v\u00e9rance<\/h2>\n<p style=\"text-align: center;\"><span class=\"TextRun SCXW70407792 BCX8\" lang=\"FR-FR\" xml:lang=\"FR-FR\" data-contrast=\"none\"><span class=\"NormalTextRun SCXW70407792 BCX8\">La For\u00eat de la pers\u00e9v\u00e9rance a vu le jour en septembre 2022 au <\/span><\/span><span class=\"TextRun SCXW70407792 BCX8\" lang=\"FR-FR\" xml:lang=\"FR-FR\" data-contrast=\"none\"><span class=\"NormalTextRun SCXW70407792 BCX8\">Parc P\u00e8re-Marquette, en collaboration avec l&#8217;arrondissement <\/span><span class=\"NormalTextRun SCXW70407792 BCX8\">de Rosemont\u2013La Petite-Patrie, arrondissement o<span data-olk-copy-source=\"MessageBody\">\u00f9 l&#8217;organisme a pris racine il y a pr\u00e8s de 20 ans.<\/span><\/span><\/span><\/p>\n<\/div><\/div><div class=\"w-video us_custom_b394937c align_center ratio_16x9 has_iframe\"><div class=\"w-video-h\"><iframe title=\"Youtube video player\" src=\"\/\/www.youtube.com\/embed\/Jk0_IcTDG38?origin=https:\/\/dev.olivierraude.me\/perspectivesjeunesse\" allowfullscreen=\"1\" loading=\"lazy\"><\/iframe><\/div><div class=\"w-video-icon\" style=\"font-size:1.5rem;background:rgba(0,0,0,0.5);color:#fff\"><\/div><\/div><\/div><\/div><\/div><\/div><\/div><\/section><section class=\"l-section wpb_row us_custom_a65f8d74 height_small\"><div class=\"l-section-overlay\" style=\"background:#ffffff\"><\/div><div class=\"l-section-h i-cf\"><div class=\"g-cols vc_row via_flex valign_top type_default stacking_default\"><div class=\"vc_col-sm-12 wpb_column vc_column_container\"><div class=\"vc_column-inner us_custom_60e9caca us_animate_this\"><div class=\"wpb_wrapper\"><div class=\"wpb_text_column us_custom_95ebd667 has_text_color\"><div class=\"wpb_wrapper\"><h2 style=\"color: #004a99; text-align: center;\">D\u00e9couvrez les 10 acteurs<br \/>\nde notre \u00e9cosyst\u00e8me :<\/h2>\n<\/div><\/div><\/div><\/div><\/div><\/div><\/div><\/section><section class=\"l-section wpb_row us_custom_8d45c27c height_medium\"><div class=\"l-section-overlay\" style=\"background:var(--color-header-transparent-bg)\"><\/div><div class=\"l-section-h i-cf\"><div class=\"g-cols vc_row via_flex valign_top type_default stacking_default\"><div class=\"vc_col-sm-1\/5 wpb_column vc_column_container\"><div class=\"vc_column-inner us_custom_6b784548\"><div class=\"wpb_wrapper\"><div class=\"w-image align_center\"><a title=\"Les jeunes\" href=\"https:\/\/perspectivesjeunesse.org\/jeunes\/\" aria-label=\"Link\" class=\"w-image-h\"><img loading=\"lazy\" decoding=\"async\" width=\"351\" height=\"378\" src=\"https:\/\/dev.olivierraude.me\/perspectivesjeunesse\/wp-content\/uploads\/2022\/07\/jeune.png\" class=\"attachment-large size-large\" alt=\"\" srcset=\"https:\/\/dev.olivierraude.me\/perspectivesjeunesse\/wp-content\/uploads\/2022\/07\/jeune.png 351w, https:\/\/dev.olivierraude.me\/perspectivesjeunesse\/wp-content\/uploads\/2022\/07\/jeune-279x300.png 279w\" sizes=\"auto, (max-width: 351px) 100vw, 351px\" \/><\/a><\/div><\/div><\/div><\/div><div class=\"vc_col-sm-1\/5 wpb_column vc_column_container\"><div class=\"vc_column-inner us_custom_6b784548\"><div class=\"wpb_wrapper\"><div class=\"w-image align_center\"><a title=\"Les parents\" href=\"https:\/\/perspectivesjeunesse.org\/parents\/\" aria-label=\"Link\" class=\"w-image-h\"><img loading=\"lazy\" decoding=\"async\" width=\"351\" height=\"378\" src=\"https:\/\/dev.olivierraude.me\/perspectivesjeunesse\/wp-content\/uploads\/2022\/07\/parents.png\" class=\"attachment-large size-large\" alt=\"\" srcset=\"https:\/\/dev.olivierraude.me\/perspectivesjeunesse\/wp-content\/uploads\/2022\/07\/parents.png 351w, https:\/\/dev.olivierraude.me\/perspectivesjeunesse\/wp-content\/uploads\/2022\/07\/parents-279x300.png 279w\" sizes=\"auto, (max-width: 351px) 100vw, 351px\" \/><\/a><\/div><\/div><\/div><\/div><div class=\"vc_col-sm-1\/5 wpb_column vc_column_container\"><div class=\"vc_column-inner us_custom_6b784548\"><div class=\"wpb_wrapper\"><div class=\"w-image align_center\"><a title=\"L\u2019\u00e9quipe PJ\" href=\"https:\/\/perspectivesjeunesse.org\/equipe-pj\/\" aria-label=\"Link\" class=\"w-image-h\"><img loading=\"lazy\" decoding=\"async\" width=\"351\" height=\"378\" src=\"https:\/\/dev.olivierraude.me\/perspectivesjeunesse\/wp-content\/uploads\/2022\/07\/equipe-pj.png\" class=\"attachment-large size-large\" alt=\"\" srcset=\"https:\/\/dev.olivierraude.me\/perspectivesjeunesse\/wp-content\/uploads\/2022\/07\/equipe-pj.png 351w, https:\/\/dev.olivierraude.me\/perspectivesjeunesse\/wp-content\/uploads\/2022\/07\/equipe-pj-279x300.png 279w\" sizes=\"auto, (max-width: 351px) 100vw, 351px\" \/><\/a><\/div><\/div><\/div><\/div><div class=\"vc_col-sm-1\/5 wpb_column vc_column_container\"><div class=\"vc_column-inner us_custom_6b784548\"><div class=\"wpb_wrapper\"><div class=\"w-image align_center\"><a title=\"Les partenaires scolaires\" href=\"https:\/\/perspectivesjeunesse.org\/scolaires\/\" aria-label=\"Link\" class=\"w-image-h\"><img loading=\"lazy\" decoding=\"async\" width=\"351\" height=\"378\" src=\"https:\/\/dev.olivierraude.me\/perspectivesjeunesse\/wp-content\/uploads\/2022\/07\/partenaires-scolaires.png\" class=\"attachment-large size-large\" alt=\"\" srcset=\"https:\/\/dev.olivierraude.me\/perspectivesjeunesse\/wp-content\/uploads\/2022\/07\/partenaires-scolaires.png 351w, https:\/\/dev.olivierraude.me\/perspectivesjeunesse\/wp-content\/uploads\/2022\/07\/partenaires-scolaires-279x300.png 279w\" sizes=\"auto, (max-width: 351px) 100vw, 351px\" \/><\/a><\/div><\/div><\/div><\/div><div class=\"vc_col-sm-1\/5 wpb_column vc_column_container\"><div class=\"vc_column-inner us_custom_6b784548\"><div class=\"wpb_wrapper\"><div class=\"w-image align_center\"><a title=\"Les partenaires sociaux\" href=\"https:\/\/perspectivesjeunesse.org\/sociaux\/\" aria-label=\"Link\" class=\"w-image-h\"><img loading=\"lazy\" decoding=\"async\" width=\"351\" height=\"378\" src=\"https:\/\/dev.olivierraude.me\/perspectivesjeunesse\/wp-content\/uploads\/2022\/07\/partenaires-sociaux.png\" class=\"attachment-large size-large\" alt=\"\" srcset=\"https:\/\/dev.olivierraude.me\/perspectivesjeunesse\/wp-content\/uploads\/2022\/07\/partenaires-sociaux.png 351w, https:\/\/dev.olivierraude.me\/perspectivesjeunesse\/wp-content\/uploads\/2022\/07\/partenaires-sociaux-279x300.png 279w\" sizes=\"auto, (max-width: 351px) 100vw, 351px\" \/><\/a><\/div><\/div><\/div><\/div><\/div><\/div><\/section><section class=\"l-section wpb_row us_custom_8b987a8d height_medium\"><div class=\"l-section-overlay\" style=\"background:var(--color-header-transparent-bg)\"><\/div><div class=\"l-section-h i-cf\"><div class=\"g-cols vc_row via_flex valign_top type_default stacking_default\"><div class=\"vc_col-sm-1\/5 wpb_column vc_column_container\"><div class=\"vc_column-inner us_custom_6b784548\"><div class=\"wpb_wrapper\"><div class=\"w-image align_center\"><a title=\"Les donateurs\" href=\"https:\/\/perspectivesjeunesse.org\/donateurs\/\" aria-label=\"Link\" class=\"w-image-h\"><img loading=\"lazy\" decoding=\"async\" width=\"351\" height=\"378\" src=\"https:\/\/dev.olivierraude.me\/perspectivesjeunesse\/wp-content\/uploads\/2022\/07\/donateurs.png\" class=\"attachment-large size-large\" alt=\"\" srcset=\"https:\/\/dev.olivierraude.me\/perspectivesjeunesse\/wp-content\/uploads\/2022\/07\/donateurs.png 351w, https:\/\/dev.olivierraude.me\/perspectivesjeunesse\/wp-content\/uploads\/2022\/07\/donateurs-279x300.png 279w\" sizes=\"auto, (max-width: 351px) 100vw, 351px\" \/><\/a><\/div><\/div><\/div><\/div><div class=\"vc_col-sm-1\/5 wpb_column vc_column_container\"><div class=\"vc_column-inner us_custom_6b784548\"><div class=\"wpb_wrapper\"><div class=\"w-image align_center\"><a title=\"Les parrains &amp; marraines\" href=\"https:\/\/perspectivesjeunesse.org\/parrains-marraines\/\" aria-label=\"Link\" class=\"w-image-h\"><img loading=\"lazy\" decoding=\"async\" width=\"351\" height=\"378\" src=\"https:\/\/dev.olivierraude.me\/perspectivesjeunesse\/wp-content\/uploads\/2022\/07\/parrains-marraines.png\" class=\"attachment-large size-large\" alt=\"\" srcset=\"https:\/\/dev.olivierraude.me\/perspectivesjeunesse\/wp-content\/uploads\/2022\/07\/parrains-marraines.png 351w, https:\/\/dev.olivierraude.me\/perspectivesjeunesse\/wp-content\/uploads\/2022\/07\/parrains-marraines-279x300.png 279w\" sizes=\"auto, (max-width: 351px) 100vw, 351px\" \/><\/a><\/div><\/div><\/div><\/div><div class=\"vc_col-sm-1\/5 wpb_column vc_column_container\"><div class=\"vc_column-inner us_custom_6b784548\"><div class=\"wpb_wrapper\"><div class=\"w-image align_center\"><a title=\"Les administrateurs\" href=\"https:\/\/perspectivesjeunesse.org\/administrateurs\/\" aria-label=\"Link\" class=\"w-image-h\"><img loading=\"lazy\" decoding=\"async\" width=\"351\" height=\"378\" src=\"https:\/\/dev.olivierraude.me\/perspectivesjeunesse\/wp-content\/uploads\/2022\/07\/administrateurs.png\" class=\"attachment-large size-large\" alt=\"\" srcset=\"https:\/\/dev.olivierraude.me\/perspectivesjeunesse\/wp-content\/uploads\/2022\/07\/administrateurs.png 351w, https:\/\/dev.olivierraude.me\/perspectivesjeunesse\/wp-content\/uploads\/2022\/07\/administrateurs-279x300.png 279w\" sizes=\"auto, (max-width: 351px) 100vw, 351px\" \/><\/a><\/div><\/div><\/div><\/div><div class=\"vc_col-sm-1\/5 wpb_column vc_column_container\"><div class=\"vc_column-inner us_custom_6b784548\"><div class=\"wpb_wrapper\"><div class=\"w-image align_center\"><a title=\"Les partenaires employeurs\" href=\"https:\/\/perspectivesjeunesse.org\/employeurs\/\" aria-label=\"Link\" class=\"w-image-h\"><img loading=\"lazy\" decoding=\"async\" width=\"351\" height=\"378\" src=\"https:\/\/dev.olivierraude.me\/perspectivesjeunesse\/wp-content\/uploads\/2022\/07\/partenaires-employeurs.png\" class=\"attachment-large size-large\" alt=\"\" srcset=\"https:\/\/dev.olivierraude.me\/perspectivesjeunesse\/wp-content\/uploads\/2022\/07\/partenaires-employeurs.png 351w, https:\/\/dev.olivierraude.me\/perspectivesjeunesse\/wp-content\/uploads\/2022\/07\/partenaires-employeurs-279x300.png 279w\" sizes=\"auto, (max-width: 351px) 100vw, 351px\" \/><\/a><\/div><\/div><\/div><\/div><div class=\"vc_col-sm-1\/5 wpb_column vc_column_container\"><div class=\"vc_column-inner us_custom_6b784548\"><div class=\"wpb_wrapper\"><div class=\"w-image align_center\"><a title=\"Les b\u00e9n\u00e9voles\" href=\"https:\/\/perspectivesjeunesse.org\/benevoles\/\" aria-label=\"Link\" class=\"w-image-h\"><img loading=\"lazy\" decoding=\"async\" width=\"351\" height=\"378\" src=\"https:\/\/dev.olivierraude.me\/perspectivesjeunesse\/wp-content\/uploads\/2022\/07\/be\u0301ne\u0301voles.png\" class=\"attachment-large size-large\" alt=\"\" srcset=\"https:\/\/dev.olivierraude.me\/perspectivesjeunesse\/wp-content\/uploads\/2022\/07\/be\u0301ne\u0301voles.png 351w, https:\/\/dev.olivierraude.me\/perspectivesjeunesse\/wp-content\/uploads\/2022\/07\/be\u0301ne\u0301voles-279x300.png 279w\" sizes=\"auto, (max-width: 351px) 100vw, 351px\" \/><\/a><\/div><\/div><\/div><\/div><\/div><\/div><\/section>\n","protected":false},"excerpt":{"rendered":"Participez \u00e0 la campagne de financement durable la For\u00eat de la pers\u00e9v\u00e9rance, et devenez un acteur cl\u00e9 dans la pr\u00e9vention du d\u00e9crochage scolaire tout en contribuant au verdissement de l&#8217;Est de Montr\u00e9al ! Faites vite, vous avez jusqu'au 31 janvier 2025 pour parrainer un ou plusieurs des50 arbres disponibles\u00a0! 44 Je parraine Faites vite, vous...","protected":false},"author":3455,"featured_media":0,"parent":0,"menu_order":0,"comment_status":"closed","ping_status":"closed","template":"","meta":{"_acf_changed":false,"footnotes":""},"class_list":["post-2260","page","type-page","status-publish","hentry"],"acf":[],"yoast_head":"<!-- This site is optimized with the Yoast SEO plugin v24.6 - https:\/\/yoast.com\/wordpress\/plugins\/seo\/ -->\n<title>For\u00eat de la pers\u00e9v\u00e9rance - Perspectives Jeunesse<\/title>\n<meta name=\"description\" content=\"La For\u00eat est un espace de r\u00e9flexion qui a d\u00e9but\u00e9 avec la plantation d\u2019une dizaine d\u2019arbres en collaboration avec l\u2019Arrondissement de Rosemont - La Petite - Patrie dans le Parc Pe\u0300re-Marquette a\u0300 l\u2019automne 2021.\" \/>\n<meta name=\"robots\" content=\"index, follow, max-snippet:-1, max-image-preview:large, max-video-preview:-1\" \/>\n<link rel=\"canonical\" href=\"https:\/\/dev.olivierraude.me\/perspectivesjeunesse\/foret-de-la-perseverance\/\" \/>\n<meta property=\"og:locale\" content=\"en_US\" \/>\n<meta property=\"og:type\" content=\"article\" \/>\n<meta property=\"og:title\" content=\"La For\u00eat de la pers\u00e9v\u00e9rance - Perspectives Jeunesse\" \/>\n<meta property=\"og:description\" content=\"Ce projet de d\u00e9veloppement durable a comme principaux objectifs d\u2019offrir un legs aux g\u00e9n\u00e9rations futures dans le cadre du 15e anniversaire de l\u2019organisme, de reconnaitre l\u2019enracinement de Perspectives Jeunesse dans l\u2019arrondissement de Rosemont-La Petite-Patrie et l\u2019engagement philanthropique des grands donateurs de la premi\u00e8re campagne de dons majeurs de Perspectives Jeunesse.\" \/>\n<meta property=\"og:url\" content=\"https:\/\/dev.olivierraude.me\/perspectivesjeunesse\/foret-de-la-perseverance\/\" \/>\n<meta property=\"og:site_name\" content=\"Perspectives Jeunesse\" \/>\n<meta property=\"article:publisher\" content=\"https:\/\/www.facebook.com\/perspectives.jeunesse\/\" \/>\n<meta property=\"article:modified_time\" content=\"2024-11-22T22:18:28+00:00\" \/>\n<meta property=\"og:image\" content=\"https:\/\/dev.olivierraude.me\/perspectivesjeunesse\/wp-content\/uploads\/2022\/09\/1200x1200_3arbres-e1662739700341.png\" \/>\n\t<meta property=\"og:image:width\" content=\"1198\" \/>\n\t<meta property=\"og:image:height\" content=\"1198\" \/>\n\t<meta property=\"og:image:type\" content=\"image\/png\" \/>\n<meta name=\"twitter:label1\" content=\"Est. reading time\" \/>\n\t<meta name=\"twitter:data1\" content=\"3 minutes\" \/>\n<script type=\"application\/ld+json\" class=\"yoast-schema-graph\">{\"@context\":\"https:\/\/schema.org\",\"@graph\":[{\"@type\":\"WebPage\",\"@id\":\"https:\/\/dev.olivierraude.me\/perspectivesjeunesse\/foret-de-la-perseverance\/\",\"url\":\"https:\/\/dev.olivierraude.me\/perspectivesjeunesse\/foret-de-la-perseverance\/\",\"name\":\"For\u00eat de la pers\u00e9v\u00e9rance - Perspectives Jeunesse\",\"isPartOf\":{\"@id\":\"https:\/\/dev.olivierraude.me\/perspectivesjeunesse\/#website\"},\"primaryImageOfPage\":{\"@id\":\"https:\/\/dev.olivierraude.me\/perspectivesjeunesse\/foret-de-la-perseverance\/#primaryimage\"},\"image\":{\"@id\":\"https:\/\/dev.olivierraude.me\/perspectivesjeunesse\/foret-de-la-perseverance\/#primaryimage\"},\"thumbnailUrl\":\"https:\/\/dev.olivierraude.me\/perspectivesjeunesse\/wp-content\/uploads\/2022\/07\/Bannie%CC%80re_foret-1-800x210.png\",\"datePublished\":\"2022-04-06T15:05:30+00:00\",\"dateModified\":\"2024-11-22T22:18:28+00:00\",\"description\":\"La For\u00eat est un espace de r\u00e9flexion qui a d\u00e9but\u00e9 avec la plantation d\u2019une dizaine d\u2019arbres en collaboration avec l\u2019Arrondissement de Rosemont - La Petite - Patrie dans le Parc Pe\u0300re-Marquette a\u0300 l\u2019automne 2021.\",\"breadcrumb\":{\"@id\":\"https:\/\/dev.olivierraude.me\/perspectivesjeunesse\/foret-de-la-perseverance\/#breadcrumb\"},\"inLanguage\":\"en-US\",\"potentialAction\":[{\"@type\":\"ReadAction\",\"target\":[\"https:\/\/dev.olivierraude.me\/perspectivesjeunesse\/foret-de-la-perseverance\/\"]}]},{\"@type\":\"ImageObject\",\"inLanguage\":\"en-US\",\"@id\":\"https:\/\/dev.olivierraude.me\/perspectivesjeunesse\/foret-de-la-perseverance\/#primaryimage\",\"url\":\"https:\/\/dev.olivierraude.me\/perspectivesjeunesse\/wp-content\/uploads\/2022\/07\/Bannie%CC%80re_foret-1-800x210.png\",\"contentUrl\":\"https:\/\/dev.olivierraude.me\/perspectivesjeunesse\/wp-content\/uploads\/2022\/07\/Bannie%CC%80re_foret-1-800x210.png\"},{\"@type\":\"BreadcrumbList\",\"@id\":\"https:\/\/dev.olivierraude.me\/perspectivesjeunesse\/foret-de-la-perseverance\/#breadcrumb\",\"itemListElement\":[{\"@type\":\"ListItem\",\"position\":1,\"name\":\"Home\",\"item\":\"https:\/\/dev.olivierraude.me\/perspectivesjeunesse\/\"},{\"@type\":\"ListItem\",\"position\":2,\"name\":\"For\u00eat de la pers\u00e9v\u00e9rance\"}]},{\"@type\":\"WebSite\",\"@id\":\"https:\/\/dev.olivierraude.me\/perspectivesjeunesse\/#website\",\"url\":\"https:\/\/dev.olivierraude.me\/perspectivesjeunesse\/\",\"name\":\"Perspectives Jeunesse\",\"description\":\"Pr\u00e9vention du d\u00e9crochage scolaire et soutien au retour \u00e0 l&#039;\u00e9cole\",\"publisher\":{\"@id\":\"https:\/\/dev.olivierraude.me\/perspectivesjeunesse\/#organization\"},\"potentialAction\":[{\"@type\":\"SearchAction\",\"target\":{\"@type\":\"EntryPoint\",\"urlTemplate\":\"https:\/\/dev.olivierraude.me\/perspectivesjeunesse\/?s={search_term_string}\"},\"query-input\":{\"@type\":\"PropertyValueSpecification\",\"valueRequired\":true,\"valueName\":\"search_term_string\"}}],\"inLanguage\":\"en-US\"},{\"@type\":\"Organization\",\"@id\":\"https:\/\/dev.olivierraude.me\/perspectivesjeunesse\/#organization\",\"name\":\"Perspectives Jeunesse\",\"url\":\"https:\/\/dev.olivierraude.me\/perspectivesjeunesse\/\",\"logo\":{\"@type\":\"ImageObject\",\"inLanguage\":\"en-US\",\"@id\":\"https:\/\/dev.olivierraude.me\/perspectivesjeunesse\/#\/schema\/logo\/image\/\",\"url\":\"https:\/\/dev.olivierraude.me\/perspectivesjeunesse\/wp-content\/uploads\/2020\/05\/PJ_RGB_Small.png\",\"contentUrl\":\"https:\/\/dev.olivierraude.me\/perspectivesjeunesse\/wp-content\/uploads\/2020\/05\/PJ_RGB_Small.png\",\"width\":500,\"height\":245,\"caption\":\"Perspectives Jeunesse\"},\"image\":{\"@id\":\"https:\/\/dev.olivierraude.me\/perspectivesjeunesse\/#\/schema\/logo\/image\/\"},\"sameAs\":[\"https:\/\/www.facebook.com\/perspectives.jeunesse\/\",\"https:\/\/www.instagram.com\/pj_perspectivesjeunesse\/\",\"https:\/\/www.youtube.com\/@perspectivesjeunesse-montreal\/\",\"https:\/\/www.linkedin.com\/company\/perspectives-jeunesse\"]}]}<\/script>\n<!-- \/ Yoast SEO plugin. -->","yoast_head_json":{"title":"For\u00eat de la pers\u00e9v\u00e9rance - Perspectives Jeunesse","description":"La For\u00eat est un espace de r\u00e9flexion qui a d\u00e9but\u00e9 avec la plantation d\u2019une dizaine d\u2019arbres en collaboration avec l\u2019Arrondissement de Rosemont - La Petite - Patrie dans le Parc Pe\u0300re-Marquette a\u0300 l\u2019automne 2021.","robots":{"index":"index","follow":"follow","max-snippet":"max-snippet:-1","max-image-preview":"max-image-preview:large","max-video-preview":"max-video-preview:-1"},"canonical":"https:\/\/dev.olivierraude.me\/perspectivesjeunesse\/foret-de-la-perseverance\/","og_locale":"en_US","og_type":"article","og_title":"La For\u00eat de la pers\u00e9v\u00e9rance - Perspectives Jeunesse","og_description":"Ce projet de d\u00e9veloppement durable a comme principaux objectifs d\u2019offrir un legs aux g\u00e9n\u00e9rations futures dans le cadre du 15e anniversaire de l\u2019organisme, de reconnaitre l\u2019enracinement de Perspectives Jeunesse dans l\u2019arrondissement de Rosemont-La Petite-Patrie et l\u2019engagement philanthropique des grands donateurs de la premi\u00e8re campagne de dons majeurs de Perspectives Jeunesse.","og_url":"https:\/\/dev.olivierraude.me\/perspectivesjeunesse\/foret-de-la-perseverance\/","og_site_name":"Perspectives Jeunesse","article_publisher":"https:\/\/www.facebook.com\/perspectives.jeunesse\/","article_modified_time":"2024-11-22T22:18:28+00:00","og_image":[{"width":1198,"height":1198,"url":"https:\/\/dev.olivierraude.me\/perspectivesjeunesse\/wp-content\/uploads\/2022\/09\/1200x1200_3arbres-e1662739700341.png","type":"image\/png"}],"twitter_misc":{"Est. reading time":"3 minutes"},"schema":{"@context":"https:\/\/schema.org","@graph":[{"@type":"WebPage","@id":"https:\/\/dev.olivierraude.me\/perspectivesjeunesse\/foret-de-la-perseverance\/","url":"https:\/\/dev.olivierraude.me\/perspectivesjeunesse\/foret-de-la-perseverance\/","name":"For\u00eat de la pers\u00e9v\u00e9rance - Perspectives Jeunesse","isPartOf":{"@id":"https:\/\/dev.olivierraude.me\/perspectivesjeunesse\/#website"},"primaryImageOfPage":{"@id":"https:\/\/dev.olivierraude.me\/perspectivesjeunesse\/foret-de-la-perseverance\/#primaryimage"},"image":{"@id":"https:\/\/dev.olivierraude.me\/perspectivesjeunesse\/foret-de-la-perseverance\/#primaryimage"},"thumbnailUrl":"https:\/\/dev.olivierraude.me\/perspectivesjeunesse\/wp-content\/uploads\/2022\/07\/Bannie%CC%80re_foret-1-800x210.png","datePublished":"2022-04-06T15:05:30+00:00","dateModified":"2024-11-22T22:18:28+00:00","description":"La For\u00eat est un espace de r\u00e9flexion qui a d\u00e9but\u00e9 avec la plantation d\u2019une dizaine d\u2019arbres en collaboration avec l\u2019Arrondissement de Rosemont - La Petite - Patrie dans le Parc Pe\u0300re-Marquette a\u0300 l\u2019automne 2021.","breadcrumb":{"@id":"https:\/\/dev.olivierraude.me\/perspectivesjeunesse\/foret-de-la-perseverance\/#breadcrumb"},"inLanguage":"en-US","potentialAction":[{"@type":"ReadAction","target":["https:\/\/dev.olivierraude.me\/perspectivesjeunesse\/foret-de-la-perseverance\/"]}]},{"@type":"ImageObject","inLanguage":"en-US","@id":"https:\/\/dev.olivierraude.me\/perspectivesjeunesse\/foret-de-la-perseverance\/#primaryimage","url":"https:\/\/dev.olivierraude.me\/perspectivesjeunesse\/wp-content\/uploads\/2022\/07\/Bannie%CC%80re_foret-1-800x210.png","contentUrl":"https:\/\/dev.olivierraude.me\/perspectivesjeunesse\/wp-content\/uploads\/2022\/07\/Bannie%CC%80re_foret-1-800x210.png"},{"@type":"BreadcrumbList","@id":"https:\/\/dev.olivierraude.me\/perspectivesjeunesse\/foret-de-la-perseverance\/#breadcrumb","itemListElement":[{"@type":"ListItem","position":1,"name":"Home","item":"https:\/\/dev.olivierraude.me\/perspectivesjeunesse\/"},{"@type":"ListItem","position":2,"name":"For\u00eat de la pers\u00e9v\u00e9rance"}]},{"@type":"WebSite","@id":"https:\/\/dev.olivierraude.me\/perspectivesjeunesse\/#website","url":"https:\/\/dev.olivierraude.me\/perspectivesjeunesse\/","name":"Perspectives Jeunesse","description":"Pr\u00e9vention du d\u00e9crochage scolaire et soutien au retour \u00e0 l&#039;\u00e9cole","publisher":{"@id":"https:\/\/dev.olivierraude.me\/perspectivesjeunesse\/#organization"},"potentialAction":[{"@type":"SearchAction","target":{"@type":"EntryPoint","urlTemplate":"https:\/\/dev.olivierraude.me\/perspectivesjeunesse\/?s={search_term_string}"},"query-input":{"@type":"PropertyValueSpecification","valueRequired":true,"valueName":"search_term_string"}}],"inLanguage":"en-US"},{"@type":"Organization","@id":"https:\/\/dev.olivierraude.me\/perspectivesjeunesse\/#organization","name":"Perspectives Jeunesse","url":"https:\/\/dev.olivierraude.me\/perspectivesjeunesse\/","logo":{"@type":"ImageObject","inLanguage":"en-US","@id":"https:\/\/dev.olivierraude.me\/perspectivesjeunesse\/#\/schema\/logo\/image\/","url":"https:\/\/dev.olivierraude.me\/perspectivesjeunesse\/wp-content\/uploads\/2020\/05\/PJ_RGB_Small.png","contentUrl":"https:\/\/dev.olivierraude.me\/perspectivesjeunesse\/wp-content\/uploads\/2020\/05\/PJ_RGB_Small.png","width":500,"height":245,"caption":"Perspectives Jeunesse"},"image":{"@id":"https:\/\/dev.olivierraude.me\/perspectivesjeunesse\/#\/schema\/logo\/image\/"},"sameAs":["https:\/\/www.facebook.com\/perspectives.jeunesse\/","https:\/\/www.instagram.com\/pj_perspectivesjeunesse\/","https:\/\/www.youtube.com\/@perspectivesjeunesse-montreal\/","https:\/\/www.linkedin.com\/company\/perspectives-jeunesse"]}]}},"_links":{"self":[{"href":"https:\/\/dev.olivierraude.me\/perspectivesjeunesse\/wp-json\/wp\/v2\/pages\/2260","targetHints":{"allow":["GET"]}}],"collection":[{"href":"https:\/\/dev.olivierraude.me\/perspectivesjeunesse\/wp-json\/wp\/v2\/pages"}],"about":[{"href":"https:\/\/dev.olivierraude.me\/perspectivesjeunesse\/wp-json\/wp\/v2\/types\/page"}],"author":[{"embeddable":true,"href":"https:\/\/dev.olivierraude.me\/perspectivesjeunesse\/wp-json\/wp\/v2\/users\/3455"}],"replies":[{"embeddable":true,"href":"https:\/\/dev.olivierraude.me\/perspectivesjeunesse\/wp-json\/wp\/v2\/comments?post=2260"}],"version-history":[{"count":195,"href":"https:\/\/dev.olivierraude.me\/perspectivesjeunesse\/wp-json\/wp\/v2\/pages\/2260\/revisions"}],"predecessor-version":[{"id":2377,"href":"https:\/\/dev.olivierraude.me\/perspectivesjeunesse\/wp-json\/wp\/v2\/pages\/2260\/revisions\/2377"}],"wp:attachment":[{"href":"https:\/\/dev.olivierraude.me\/perspectivesjeunesse\/wp-json\/wp\/v2\/media?parent=2260"}],"curies":[{"name":"wp","href":"https:\/\/api.w.org\/{rel}","templated":true}]}}