{"id":3358,"date":"2024-02-09T15:21:57","date_gmt":"2024-02-09T19:21:57","guid":{"rendered":"https:\/\/dev.olivierraude.me\/perspectivesjeunesse\/?page_id=3358"},"modified":"2024-10-29T15:35:11","modified_gmt":"2024-10-29T19:35:11","slug":"soutien-aux-parents","status":"publish","type":"page","link":"https:\/\/dev.olivierraude.me\/perspectivesjeunesse\/soutien-aux-parents\/","title":{"rendered":"Parents"},"content":{"rendered":"<section class=\"l-section wpb_row us_custom_057801f8 height_medium\" id=\"soutien_parents\"><div class=\"l-section-h i-cf\"><div class=\"g-cols vc_row via_flex valign_top type_default stacking_default\"><div class=\"vc_col-sm-12 wpb_column vc_column_container\"><div class=\"vc_column-inner us_custom_60e9caca us_animate_this\"><div class=\"wpb_wrapper\"><div class=\"g-cols wpb_row via_flex valign_top type_default stacking_default\"><div class=\"vc_col-sm-12 wpb_column vc_column_container\"><div class=\"vc_column-inner\"><div class=\"wpb_wrapper\"><\/div><\/div><\/div><\/div><div class=\"wpb_text_column\"><div class=\"wpb_wrapper\"><h1>SOUTIEN<br \/>\nAUX PARENTS<\/h1>\n<p class=\"p1\">En tant que parents, nous arrivons parfois au bout de nos ressources pour aider notre enfant. Malgr\u00e9 tous nos efforts et notre amour, il devient difficile de l\u2019accompagner dans la r\u00e9solution de ses difficult\u00e9s qui nuisent \u00e0 sa pers\u00e9v\u00e9rance scolaire. Il est tout \u00e0 fait normal de se sentir fatigu\u00e9 et impuissant. Si vous \u00eates \u00e0 la recherche de solutions, nous sommes l\u00e0 pour lui, avec vous.<\/p>\n<p class=\"p1\">Depuis pr\u00e8s de 20 ans, Perspectives Jeunesse aide les ados et les jeunes adultes \u00e0 d\u00e9velopper une vision du monde et d\u2019eux-m\u00eames plus positive. Notre mission est de pr\u00e9venir le d\u00e9crochage scolaire et de favoriser le retour \u00e0 l\u2019\u00e9cole. Pour ce faire, nous offrons deux programmes, soit le Plan C en soutien au retour \u00e0 l\u2019\u00e9cole et Option en pr\u00e9vention du d\u00e9crochage scolaire.<\/p>\n<p>Pour aider les jeunes \u00e0 prendre le contr\u00f4le de leur parcours scolaire, nous leur offrons un soutien personnalis\u00e9 en collaboration avec les organismes de la communaut\u00e9 et les \u00e9coles. Le respect, la confiance et la confidentialit\u00e9 sont au c\u0153ur de toutes nos relations.<\/p>\n<\/div><\/div><\/div><\/div><\/div><\/div><\/div><\/section><section class=\"l-section wpb_row us_custom_a39caa6e height_medium\" id=\"accompagnement_parents\"><div class=\"l-section-h i-cf\"><div class=\"g-cols vc_row via_flex valign_top type_default stacking_default\"><div class=\"vc_col-sm-12 wpb_column vc_column_container\"><div class=\"vc_column-inner us_custom_60e9caca us_animate_this\"><div class=\"wpb_wrapper\"><div class=\"g-cols wpb_row via_flex valign_top type_default stacking_default\"><div class=\"vc_col-sm-12 wpb_column vc_column_container\"><div class=\"vc_column-inner us_custom_f70d789f us_animate_this\"><div class=\"wpb_wrapper\"><div class=\"w-separator size_medium\"><\/div><div class=\"wpb_text_column\"><div class=\"wpb_wrapper\"><h2>D\u00e9couvrez notre programme Plan C en soutien au retour \u00e0 l&#8217;\u00e9cole<\/h2>\n<p>Notre programme Plan C s&#8217;adresse aux jeunes de 15 \u00e0 21 ans ayant quitt\u00e9 l&#8217;\u00e9cole ou en processus de d\u00e9crochage scolaire.\u00a0 Nous offrons un accompagnement personnel et social ainsi que la possibilit\u00e9 de poursuivre leur scolarit\u00e9 et de participer \u00e0 des activit\u00e9s \u00e9ducatives.\u00a0 Notre objectif est de soutenir les jeunes dans la d\u00e9finition d&#8217;un projet de mise en action qui leur convient (retour et maintien \u00e0 l&#8217;\u00e9cole, insertion en emploi, etc.) et de les aider \u00e0 le r\u00e9aliser.<\/p>\n<h3>Accompagnement personnel et social<\/h3>\n<p>Nos intervenant.e.s. en pers\u00e9v\u00e9rance scolaire aident les jeunes \u00e0 identifier les \u00e9l\u00e9ments qui affectent leur pers\u00e9v\u00e9rance scolaire, \u00e0 trouver des solutions adapt\u00e9es \u00e0 leurs difficult\u00e9s et \u00e0 d\u00e9velopper leur autonomie.\u00a0 Ils accompagnent les jeunes vers les ressources sp\u00e9cialis\u00e9es pouvant r\u00e9pondre \u00e0 leurs besoins (sant\u00e9, pr\u00e9vention, loisirs, etc.) et les soutenir dans les d\u00e9marches n\u00e9cessaires pour la r\u00e9alisation de leur projet de mise en action (inscription \u00e0 l&#8217;\u00e9cole ou dans un programme d&#8217;insertion en emploi, etc.).<\/p>\n<h3>Accompagnement scolaire<\/h3>\n<p>Les classes du programme Plan C offrent un milieu de vie engageant qui favorise les apprentissages. Les travaux scolaires sont r\u00e9alis\u00e9s sous la supervision et avec le soutien de nos enseignant.e.s-intervenant.e.s. L\u2019\u00e9valuation des apprentissages et la sanction des \u00e9tudes sont r\u00e9alis\u00e9es par nos partenaires scolaires.<\/p>\n<h3>Activit\u00e9s \u00e9ducatives<\/h3>\n<p>Les jeunes qui participent au Plan C ont l\u2019occasion de faire des activit\u00e9s \u00e9ducatives et de d\u00e9couvertes (sortie au mus\u00e9e, etc.), des activit\u00e9s sportives et des ateliers de d\u00e9veloppement personnel (communication non-violente, etc.).<\/p>\n<h4>L\u2019horaire hebdomadaire comprend\u00a0:<\/h4>\n<ul class=\"arrow\">\n<li class=\"arrow\">11 heures d\u2019ateliers scolaires;<\/li>\n<li class=\"arrow\">6 heures d\u2019activit\u00e9s \u00e9ducatives et de d\u00e9veloppement personnel.<\/li>\n<\/ul>\n<p>Les activit\u00e9s se d\u00e9roulent du lundi au jeudi entre 9h30 et 16h. La participation des jeunes aux diff\u00e9rentes activit\u00e9s est modul\u00e9e en fonction de leurs besoins et \u00e9valu\u00e9e en continu avec eux.<\/p>\n<h4>Nos lieux d\u2019accueil se trouvent dans les quartiers de :<\/h4>\n<ul class=\"arrow\">\n<li class=\"arrow\">La Petite-Patrie;<\/li>\n<li class=\"arrow\">Rivi\u00e8re-des-Prairies;<\/li>\n<li class=\"arrow\">T\u00e9treaultville.<\/li>\n<\/ul>\n<\/div><\/div><\/div><\/div><\/div><\/div><div class=\"w-separator size_large\"><\/div><div class=\"wpb_text_column\"><div class=\"wpb_wrapper\"><h2>D\u00e9couvrez notre programme Option en pr\u00e9vention du d\u00e9crochage scolaire.<\/h2>\n<p>Perspectives Jeunesse offre \u00e9galement des services d\u2019accompagnement personnel et social au sein de 12 \u00e9coles publiques de l\u2019est de Montr\u00e9al\u00a0: P\u00e8re-Marquette, Louis-Riel, Lucien-Pag\u00e9, Chomedey-De Maisonneuve (programme D\u00e9clic), Marie-Anne, Sophie-Barat, Louise-Trichet, Marguerite De Lajemmerais, \u00c9douard-Montpetit, Georges-Vanier, Amos et Joseph-Fran\u00e7ois-Perreault. Ces services sont r\u00e9serv\u00e9s aux \u00e9l\u00e8ves de chacune de ces \u00e9coles.<\/p>\n<\/div><\/div><div class=\"w-separator size_medium\"><\/div><\/div><\/div><\/div><\/div><\/div><\/section><section class=\"l-section wpb_row hide_on_mobiles height_auto width_full\"><div class=\"l-section-h i-cf\"><div class=\"g-cols vc_row via_flex valign_top type_default stacking_default\"><div class=\"vc_col-sm-12 wpb_column vc_column_container\"><div class=\"vc_column-inner\"><div class=\"wpb_wrapper\"><div class=\"w-image us_custom_3fd80204 align_none\"><div class=\"w-image-h\"><img loading=\"lazy\" decoding=\"async\" width=\"1920\" height=\"600\" src=\"https:\/\/dev.olivierraude.me\/perspectivesjeunesse\/wp-content\/uploads\/2024\/02\/Banniere_Web_temoignages-1.png\" class=\"attachment-full size-full\" alt=\"\" srcset=\"https:\/\/dev.olivierraude.me\/perspectivesjeunesse\/wp-content\/uploads\/2024\/02\/Banniere_Web_temoignages-1.png 1920w, https:\/\/dev.olivierraude.me\/perspectivesjeunesse\/wp-content\/uploads\/2024\/02\/Banniere_Web_temoignages-1-300x94.png 300w, https:\/\/dev.olivierraude.me\/perspectivesjeunesse\/wp-content\/uploads\/2024\/02\/Banniere_Web_temoignages-1-1024x320.png 1024w, https:\/\/dev.olivierraude.me\/perspectivesjeunesse\/wp-content\/uploads\/2024\/02\/Banniere_Web_temoignages-1-800x250.png 800w\" sizes=\"auto, (max-width: 1920px) 100vw, 1920px\" \/><\/div><\/div><\/div><\/div><\/div><\/div><\/div><\/section><section class=\"l-section wpb_row height_medium\"><div class=\"l-section-h i-cf\"><div class=\"g-cols vc_row via_flex valign_top type_default stacking_default\"><div class=\"vc_col-sm-12 wpb_column vc_column_container\"><div class=\"vc_column-inner\"><div class=\"wpb_wrapper\"><div class=\"wpb_text_column\"><div class=\"wpb_wrapper\"><h2>Faire une demande<\/h2>\n<p>Perspectives Jeunesse est l\u00e0 pour vous accompagner et vous soutenir, afin d\u2019aider votre ado \u00e0 s\u2019\u00e9panouir pleinement en tant qu\u2019adulte. N\u2019h\u00e9sitez pas \u00e0 nous contacter pour en savoir plus sur nos programmes et discuter des solutions que nous offrons. Il nous fera plaisir de r\u00e9pondre \u00e0 vos questions et de vous expliquer le processus d\u2019inscription au\u00a0programme Plan C\u00a0ou comment obtenir les services du\u00a0programme Option\u00a0\u00e0 l\u2019\u00e9cole de votre ado.<\/p>\n<\/div><\/div><\/div><\/div><\/div><\/div><\/div><\/section><section class=\"l-section wpb_row height_medium\"><div class=\"l-section-h i-cf\"><div class=\"g-cols vc_row via_flex valign_top type_default stacking_default\"><div class=\"vc_col-sm-6 wpb_column vc_column_container\"><div class=\"vc_column-inner\"><div class=\"wpb_wrapper\"><div class=\"wpb_text_column us_custom_a0499343 has_text_color\"><div class=\"wpb_wrapper\"><p><strong>Par t\u00e9l\u00e9phone<\/strong><\/p>\n<h4>\u00c8ve Montpetit<\/h4>\n<p><b> Directrice des programmes <\/b><br \/>\nCell. <a href=\"tel:4384982798\">438 498-2769<\/a><br \/>\n<a href=\"mailto:direction.programmes@perspectivesjeunesse.org\">direction.programmes@perspectivesjeunesse.org<\/a><\/p>\n<\/div><\/div><\/div><\/div><\/div><div class=\"vc_col-sm-6 wpb_column vc_column_container\"><div class=\"vc_column-inner\"><div class=\"wpb_wrapper\"><div class=\"wpb_text_column us_custom_a0499343 has_text_color\"><div class=\"wpb_wrapper\"><p><strong>Par courriel<\/strong><br \/>\n\n<div class=\"wpcf7 no-js\" id=\"wpcf7-f3442-o1\" lang=\"fr-CA\" dir=\"ltr\" data-wpcf7-id=\"3442\">\n<div class=\"screen-reader-response\"><p role=\"status\" aria-live=\"polite\" aria-atomic=\"true\"><\/p> <ul><\/ul><\/div>\n<form action=\"\/perspectivesjeunesse\/wp-json\/wp\/v2\/pages\/3358#wpcf7-f3442-o1\" method=\"post\" class=\"wpcf7-form init\" aria-label=\"Contact form\" novalidate=\"novalidate\" data-status=\"init\">\n<div style=\"display: none;\">\n<input type=\"hidden\" name=\"_wpcf7\" value=\"3442\" \/>\n<input type=\"hidden\" name=\"_wpcf7_version\" value=\"6.0.4\" \/>\n<input type=\"hidden\" name=\"_wpcf7_locale\" value=\"fr_CA\" \/>\n<input type=\"hidden\" name=\"_wpcf7_unit_tag\" value=\"wpcf7-f3442-o1\" \/>\n<input type=\"hidden\" name=\"_wpcf7_container_post\" value=\"0\" \/>\n<input type=\"hidden\" name=\"_wpcf7_posted_data_hash\" value=\"\" \/>\n<\/div>\n<p><label> Nom *<br \/>\n<span class=\"wpcf7-form-control-wrap\" data-name=\"lastname\"><input size=\"40\" maxlength=\"400\" class=\"wpcf7-form-control wpcf7-text wpcf7-validates-as-required\" aria-required=\"true\" aria-invalid=\"false\" value=\"\" type=\"text\" name=\"lastname\" \/><\/span> <\/label>\n<\/p>\n<p><label> Pr\u00e9nom *<br \/>\n<span class=\"wpcf7-form-control-wrap\" data-name=\"firstname\"><input size=\"40\" maxlength=\"400\" class=\"wpcf7-form-control wpcf7-text wpcf7-validates-as-required\" aria-required=\"true\" aria-invalid=\"false\" value=\"\" type=\"text\" name=\"firstname\" \/><\/span> <\/label>\n<\/p>\n<p><label> Courriel *<br \/>\n<span class=\"wpcf7-form-control-wrap\" data-name=\"your-email\"><input size=\"40\" maxlength=\"400\" class=\"wpcf7-form-control wpcf7-email wpcf7-validates-as-required wpcf7-text wpcf7-validates-as-email\" aria-required=\"true\" aria-invalid=\"false\" value=\"\" type=\"email\" name=\"your-email\" \/><\/span> <\/label>\n<\/p>\n<p><label> N\u00b0 de t\u00e9l\u00e9phone<br \/>\n<span class=\"wpcf7-form-control-wrap\" data-name=\"your-phone\"><input size=\"40\" maxlength=\"400\" class=\"wpcf7-form-control wpcf7-tel wpcf7-text wpcf7-validates-as-tel\" aria-invalid=\"false\" value=\"\" type=\"tel\" name=\"your-phone\" \/><\/span> <\/label>\n<\/p>\n<p><label> Votre commentaire<br \/>\n<span class=\"wpcf7-form-control-wrap\" data-name=\"your-comment\"><textarea cols=\"40\" rows=\"10\" maxlength=\"2000\" class=\"wpcf7-form-control wpcf7-textarea\" aria-invalid=\"false\" name=\"your-comment\"><\/textarea><\/span> <\/label>\n<\/p>\n<p><input class=\"wpcf7-form-control wpcf7-submit has-spinner\" type=\"submit\" value=\"Contactez-moi\" \/>\n<\/p><div class=\"wpcf7-response-output\" aria-hidden=\"true\"><\/div>\n<\/form>\n<\/div>\n<\/div><\/div><\/div><\/div><\/div><\/div><\/div><\/section>\n","protected":false},"excerpt":{"rendered":"SOUTIEN AUX PARENTS En tant que parents, nous arrivons parfois au bout de nos ressources pour aider notre enfant. Malgr\u00e9 tous nos efforts et notre amour, il devient difficile de l\u2019accompagner dans la r\u00e9solution de ses difficult\u00e9s qui nuisent \u00e0 sa pers\u00e9v\u00e9rance scolaire. Il est tout \u00e0 fait normal de se sentir fatigu\u00e9 et impuissant....","protected":false},"author":3455,"featured_media":0,"parent":0,"menu_order":0,"comment_status":"closed","ping_status":"closed","template":"","meta":{"_acf_changed":false,"footnotes":""},"class_list":["post-3358","page","type-page","status-publish","hentry"],"acf":[],"yoast_head":"<!-- This site is optimized with the Yoast SEO plugin v24.6 - https:\/\/yoast.com\/wordpress\/plugins\/seo\/ -->\n<title>Parents - Perspectives Jeunesse<\/title>\n<meta name=\"robots\" content=\"index, follow, max-snippet:-1, max-image-preview:large, max-video-preview:-1\" \/>\n<link rel=\"canonical\" href=\"https:\/\/dev.olivierraude.me\/perspectivesjeunesse\/soutien-aux-parents\/\" \/>\n<meta property=\"og:locale\" content=\"en_US\" \/>\n<meta property=\"og:type\" content=\"article\" \/>\n<meta property=\"og:title\" content=\"Parents - Perspectives Jeunesse\" \/>\n<meta property=\"og:url\" content=\"https:\/\/dev.olivierraude.me\/perspectivesjeunesse\/soutien-aux-parents\/\" \/>\n<meta property=\"og:site_name\" content=\"Perspectives Jeunesse\" \/>\n<meta property=\"article:publisher\" content=\"https:\/\/www.facebook.com\/perspectives.jeunesse\/\" \/>\n<meta property=\"article:modified_time\" content=\"2024-10-29T19:35:11+00:00\" \/>\n<meta name=\"twitter:label1\" content=\"Est. reading time\" \/>\n\t<meta name=\"twitter:data1\" content=\"3 minutes\" \/>\n<script type=\"application\/ld+json\" class=\"yoast-schema-graph\">{\"@context\":\"https:\/\/schema.org\",\"@graph\":[{\"@type\":\"WebPage\",\"@id\":\"https:\/\/dev.olivierraude.me\/perspectivesjeunesse\/soutien-aux-parents\/\",\"url\":\"https:\/\/dev.olivierraude.me\/perspectivesjeunesse\/soutien-aux-parents\/\",\"name\":\"Parents - Perspectives Jeunesse\",\"isPartOf\":{\"@id\":\"https:\/\/dev.olivierraude.me\/perspectivesjeunesse\/#website\"},\"datePublished\":\"2024-02-09T19:21:57+00:00\",\"dateModified\":\"2024-10-29T19:35:11+00:00\",\"breadcrumb\":{\"@id\":\"https:\/\/dev.olivierraude.me\/perspectivesjeunesse\/soutien-aux-parents\/#breadcrumb\"},\"inLanguage\":\"en-US\",\"potentialAction\":[{\"@type\":\"ReadAction\",\"target\":[\"https:\/\/dev.olivierraude.me\/perspectivesjeunesse\/soutien-aux-parents\/\"]}]},{\"@type\":\"BreadcrumbList\",\"@id\":\"https:\/\/dev.olivierraude.me\/perspectivesjeunesse\/soutien-aux-parents\/#breadcrumb\",\"itemListElement\":[{\"@type\":\"ListItem\",\"position\":1,\"name\":\"Home\",\"item\":\"https:\/\/dev.olivierraude.me\/perspectivesjeunesse\/\"},{\"@type\":\"ListItem\",\"position\":2,\"name\":\"Parents\"}]},{\"@type\":\"WebSite\",\"@id\":\"https:\/\/dev.olivierraude.me\/perspectivesjeunesse\/#website\",\"url\":\"https:\/\/dev.olivierraude.me\/perspectivesjeunesse\/\",\"name\":\"Perspectives Jeunesse\",\"description\":\"Pr\u00e9vention du d\u00e9crochage scolaire et soutien au retour \u00e0 l&#039;\u00e9cole\",\"publisher\":{\"@id\":\"https:\/\/dev.olivierraude.me\/perspectivesjeunesse\/#organization\"},\"potentialAction\":[{\"@type\":\"SearchAction\",\"target\":{\"@type\":\"EntryPoint\",\"urlTemplate\":\"https:\/\/dev.olivierraude.me\/perspectivesjeunesse\/?s={search_term_string}\"},\"query-input\":{\"@type\":\"PropertyValueSpecification\",\"valueRequired\":true,\"valueName\":\"search_term_string\"}}],\"inLanguage\":\"en-US\"},{\"@type\":\"Organization\",\"@id\":\"https:\/\/dev.olivierraude.me\/perspectivesjeunesse\/#organization\",\"name\":\"Perspectives Jeunesse\",\"url\":\"https:\/\/dev.olivierraude.me\/perspectivesjeunesse\/\",\"logo\":{\"@type\":\"ImageObject\",\"inLanguage\":\"en-US\",\"@id\":\"https:\/\/dev.olivierraude.me\/perspectivesjeunesse\/#\/schema\/logo\/image\/\",\"url\":\"https:\/\/dev.olivierraude.me\/perspectivesjeunesse\/wp-content\/uploads\/2020\/05\/PJ_RGB_Small.png\",\"contentUrl\":\"https:\/\/dev.olivierraude.me\/perspectivesjeunesse\/wp-content\/uploads\/2020\/05\/PJ_RGB_Small.png\",\"width\":500,\"height\":245,\"caption\":\"Perspectives Jeunesse\"},\"image\":{\"@id\":\"https:\/\/dev.olivierraude.me\/perspectivesjeunesse\/#\/schema\/logo\/image\/\"},\"sameAs\":[\"https:\/\/www.facebook.com\/perspectives.jeunesse\/\",\"https:\/\/www.instagram.com\/pj_perspectivesjeunesse\/\",\"https:\/\/www.youtube.com\/@perspectivesjeunesse-montreal\/\",\"https:\/\/www.linkedin.com\/company\/perspectives-jeunesse\"]}]}<\/script>\n<!-- \/ Yoast SEO plugin. -->","yoast_head_json":{"title":"Parents - Perspectives Jeunesse","robots":{"index":"index","follow":"follow","max-snippet":"max-snippet:-1","max-image-preview":"max-image-preview:large","max-video-preview":"max-video-preview:-1"},"canonical":"https:\/\/dev.olivierraude.me\/perspectivesjeunesse\/soutien-aux-parents\/","og_locale":"en_US","og_type":"article","og_title":"Parents - Perspectives Jeunesse","og_url":"https:\/\/dev.olivierraude.me\/perspectivesjeunesse\/soutien-aux-parents\/","og_site_name":"Perspectives Jeunesse","article_publisher":"https:\/\/www.facebook.com\/perspectives.jeunesse\/","article_modified_time":"2024-10-29T19:35:11+00:00","twitter_misc":{"Est. reading time":"3 minutes"},"schema":{"@context":"https:\/\/schema.org","@graph":[{"@type":"WebPage","@id":"https:\/\/dev.olivierraude.me\/perspectivesjeunesse\/soutien-aux-parents\/","url":"https:\/\/dev.olivierraude.me\/perspectivesjeunesse\/soutien-aux-parents\/","name":"Parents - Perspectives Jeunesse","isPartOf":{"@id":"https:\/\/dev.olivierraude.me\/perspectivesjeunesse\/#website"},"datePublished":"2024-02-09T19:21:57+00:00","dateModified":"2024-10-29T19:35:11+00:00","breadcrumb":{"@id":"https:\/\/dev.olivierraude.me\/perspectivesjeunesse\/soutien-aux-parents\/#breadcrumb"},"inLanguage":"en-US","potentialAction":[{"@type":"ReadAction","target":["https:\/\/dev.olivierraude.me\/perspectivesjeunesse\/soutien-aux-parents\/"]}]},{"@type":"BreadcrumbList","@id":"https:\/\/dev.olivierraude.me\/perspectivesjeunesse\/soutien-aux-parents\/#breadcrumb","itemListElement":[{"@type":"ListItem","position":1,"name":"Home","item":"https:\/\/dev.olivierraude.me\/perspectivesjeunesse\/"},{"@type":"ListItem","position":2,"name":"Parents"}]},{"@type":"WebSite","@id":"https:\/\/dev.olivierraude.me\/perspectivesjeunesse\/#website","url":"https:\/\/dev.olivierraude.me\/perspectivesjeunesse\/","name":"Perspectives Jeunesse","description":"Pr\u00e9vention du d\u00e9crochage scolaire et soutien au retour \u00e0 l&#039;\u00e9cole","publisher":{"@id":"https:\/\/dev.olivierraude.me\/perspectivesjeunesse\/#organization"},"potentialAction":[{"@type":"SearchAction","target":{"@type":"EntryPoint","urlTemplate":"https:\/\/dev.olivierraude.me\/perspectivesjeunesse\/?s={search_term_string}"},"query-input":{"@type":"PropertyValueSpecification","valueRequired":true,"valueName":"search_term_string"}}],"inLanguage":"en-US"},{"@type":"Organization","@id":"https:\/\/dev.olivierraude.me\/perspectivesjeunesse\/#organization","name":"Perspectives Jeunesse","url":"https:\/\/dev.olivierraude.me\/perspectivesjeunesse\/","logo":{"@type":"ImageObject","inLanguage":"en-US","@id":"https:\/\/dev.olivierraude.me\/perspectivesjeunesse\/#\/schema\/logo\/image\/","url":"https:\/\/dev.olivierraude.me\/perspectivesjeunesse\/wp-content\/uploads\/2020\/05\/PJ_RGB_Small.png","contentUrl":"https:\/\/dev.olivierraude.me\/perspectivesjeunesse\/wp-content\/uploads\/2020\/05\/PJ_RGB_Small.png","width":500,"height":245,"caption":"Perspectives Jeunesse"},"image":{"@id":"https:\/\/dev.olivierraude.me\/perspectivesjeunesse\/#\/schema\/logo\/image\/"},"sameAs":["https:\/\/www.facebook.com\/perspectives.jeunesse\/","https:\/\/www.instagram.com\/pj_perspectivesjeunesse\/","https:\/\/www.youtube.com\/@perspectivesjeunesse-montreal\/","https:\/\/www.linkedin.com\/company\/perspectives-jeunesse"]}]}},"_links":{"self":[{"href":"https:\/\/dev.olivierraude.me\/perspectivesjeunesse\/wp-json\/wp\/v2\/pages\/3358","targetHints":{"allow":["GET"]}}],"collection":[{"href":"https:\/\/dev.olivierraude.me\/perspectivesjeunesse\/wp-json\/wp\/v2\/pages"}],"about":[{"href":"https:\/\/dev.olivierraude.me\/perspectivesjeunesse\/wp-json\/wp\/v2\/types\/page"}],"author":[{"embeddable":true,"href":"https:\/\/dev.olivierraude.me\/perspectivesjeunesse\/wp-json\/wp\/v2\/users\/3455"}],"replies":[{"embeddable":true,"href":"https:\/\/dev.olivierraude.me\/perspectivesjeunesse\/wp-json\/wp\/v2\/comments?post=3358"}],"version-history":[{"count":82,"href":"https:\/\/dev.olivierraude.me\/perspectivesjeunesse\/wp-json\/wp\/v2\/pages\/3358\/revisions"}],"predecessor-version":[{"id":4036,"href":"https:\/\/dev.olivierraude.me\/perspectivesjeunesse\/wp-json\/wp\/v2\/pages\/3358\/revisions\/4036"}],"wp:attachment":[{"href":"https:\/\/dev.olivierraude.me\/perspectivesjeunesse\/wp-json\/wp\/v2\/media?parent=3358"}],"curies":[{"name":"wp","href":"https:\/\/api.w.org\/{rel}","templated":true}]}}