{"id":3496,"date":"2024-09-25T18:28:45","date_gmt":"2024-09-25T22:28:45","guid":{"rendered":"https:\/\/dev.olivierraude.me\/perspectivesjeunesse\/?page_id=3496"},"modified":"2024-09-26T10:00:23","modified_gmt":"2024-09-26T14:00:23","slug":"dons-2","status":"publish","type":"page","link":"https:\/\/dev.olivierraude.me\/perspectivesjeunesse\/dons-2\/","title":{"rendered":"Faire un don"},"content":{"rendered":"<section class=\"l-section wpb_row height_auto\"><div class=\"l-section-h i-cf\"><div class=\"g-cols vc_row via_flex valign_top type_default stacking_default\"><div class=\"vc_col-sm-12 wpb_column vc_column_container\"><div class=\"vc_column-inner\"><div class=\"wpb_wrapper\">\n\t\t\t<!-- START SliderDon REVOLUTION SLIDER 6.6.8 --><p class=\"rs-p-wp-fix\"><\/p>\n\t\t\t<rs-module-wrap id=\"rev_slider_4_1_wrapper\" data-source=\"gallery\" style=\"visibility:hidden;background:transparent;padding:0;margin:0px auto;margin-top:0;margin-bottom:0;\">\n\t\t\t\t<rs-module id=\"rev_slider_4_1\" style=\"\" data-version=\"6.6.8\">\n\t\t\t\t\t<rs-slides style=\"overflow: hidden; position: absolute;\">\n\t\t\t\t\t\t<rs-slide style=\"position: absolute;\" data-key=\"rs-12\" data-title=\"Slide\" data-anim=\"ms:1000;r:0;\" data-in=\"o:0;\" data-out=\"a:false;\">\n\t\t\t\t\t\t\t<img decoding=\"async\" src=\"\/\/dev.olivierraude.me\/perspectivesjeunesse\/wp-content\/plugins\/revslider\/public\/assets\/assets\/dummy.png\" alt=\"Slide\" title=\"Faire un don\" class=\"rev-slidebg tp-rs-img rs-lazyload\" data-lazyload=\"\/\/dev.olivierraude.me\/perspectivesjeunesse\/wp-content\/plugins\/revslider\/public\/assets\/assets\/transparent.png\" data-bg=\"c:#f05d5e;\" data-no-retina>\n<!--\n\t\t\t\t\t\t\t--><rs-layer\n\t\t\t\t\t\t\t\tid=\"slider-4-slide-12-layer-2\" \n\t\t\t\t\t\t\t\tdata-type=\"text\"\n\t\t\t\t\t\t\t\tdata-rsp_ch=\"on\"\n\t\t\t\t\t\t\t\tdata-xy=\"x:c;xo:350px,350px,350px,0;y:m;yo:-200px,-200px,-200px,-50px;\"\n\t\t\t\t\t\t\t\tdata-text=\"w:normal;s:70,70,70,32;l:70,70,70,36;fw:600;a:center;\"\n\t\t\t\t\t\t\t\tdata-frame_999=\"o:0;st:w;\"\n\t\t\t\t\t\t\t\tstyle=\"z-index:8;font-family:'Nunito';\"\n\t\t\t\t\t\t\t>Devenez partenaire \n\t\t\t\t\t\t\t<\/rs-layer><!--\n\n\t\t\t\t\t\t\t--><rs-layer\n\t\t\t\t\t\t\t\tid=\"slider-4-slide-12-layer-4\" \n\t\t\t\t\t\t\t\tdata-type=\"image\"\n\t\t\t\t\t\t\t\tdata-rsp_ch=\"on\"\n\t\t\t\t\t\t\t\tdata-xy=\"x:l,l,l,c;y:m,m,m,t;yo:0,0,0,20px;\"\n\t\t\t\t\t\t\t\tdata-text=\"w:normal;s:20,20,20,4;l:0,0,0,6;\"\n\t\t\t\t\t\t\t\tdata-dim=\"w:950px,950px,950px,400px;h:613px,613px,613px,267px;\"\n\t\t\t\t\t\t\t\tdata-frame_999=\"o:0;st:w;\"\n\t\t\t\t\t\t\t\tstyle=\"z-index:12;\"\n\t\t\t\t\t\t\t><img decoding=\"async\" src=\"\/\/dev.olivierraude.me\/perspectivesjeunesse\/wp-content\/plugins\/revslider\/public\/assets\/assets\/dummy.png\" alt=\"\" class=\"tp-rs-img rs-lazyload\" width=\"3000\" height=\"1937\" data-lazyload=\"\/\/perspectivesjeunesse.org\/wp-content\/uploads\/2021\/10\/Ill_PJ_Group_01.png\" data-no-retina> \n\t\t\t\t\t\t\t<\/rs-layer><!--\n\n\t\t\t\t\t\t\t--><rs-layer\n\t\t\t\t\t\t\t\tid=\"slider-4-slide-12-layer-6\" \n\t\t\t\t\t\t\t\tdata-type=\"text\"\n\t\t\t\t\t\t\t\tdata-rsp_ch=\"on\"\n\t\t\t\t\t\t\t\tdata-xy=\"x:c,c,c,l;xo:350px,350px,350px,50px;y:m,m,m,b;yo:80px,80px,80px,60px;\"\n\t\t\t\t\t\t\t\tdata-text=\"w:normal;s:30,30,30,18;l:40,40,40,24;a:center;\"\n\t\t\t\t\t\t\t\tdata-dim=\"w:40%,40%,40%,80%;\"\n\t\t\t\t\t\t\t\tdata-frame_999=\"o:0;st:w;\"\n\t\t\t\t\t\t\t\tstyle=\"z-index:8;font-family:'Roboto';\"\n\t\t\t\t\t\t\t>La r\u00e9ussite \u00e9ducative nous concerne tous et toutes, car il en va autant de l\u2019avenir de notre rel\u00e8ve que de celui de notre soci\u00e9t\u00e9. Pour avoir la chance de compl\u00e9ter leur parcours acad\u00e9mique et de se r\u00e9aliser comme adulte, nos jeunes doivent apprendre \u00e0 se conna\u00eetre, comprendre le monde qui les entoure et se sentir en contr\u00f4le de leur vie. <br \/>\nEnsemble, nous pouvons aider plus de jeunes \u00e0 d\u00e9velopper une vision du monde et de soi plus positive, un sentiment d\u2019appartenance \u00e0 l\u2019\u00e9cole et le sentiment d\u2019\u00eatre <br \/>\nen contr\u00f4le de leur vie. \n\t\t\t\t\t\t\t<\/rs-layer><!--\n-->\t\t\t\t\t\t<\/rs-slide>\n\t\t\t\t\t<\/rs-slides>\n\t\t\t\t<\/rs-module>\n\t\t\t\t<script>\n\t\t\t\t\tsetREVStartSize({c: 'rev_slider_4_1',rl:[1240,1240,1240,480],el:[750,750,750,720],gw:[2000,2000,2000,480],gh:[750,750,750,720],type:'standard',justify:'',layout:'fullwidth',mh:\"0\"});if (window.RS_MODULES!==undefined && window.RS_MODULES.modules!==undefined && window.RS_MODULES.modules[\"revslider41\"]!==undefined) {window.RS_MODULES.modules[\"revslider41\"].once = false;window.revapi4 = undefined;if (window.RS_MODULES.checkMinimal!==undefined) window.RS_MODULES.checkMinimal()}\n\t\t\t\t<\/script>\n\t\t\t<\/rs-module-wrap>\n\t\t\t<!-- END REVOLUTION SLIDER -->\n<\/div><\/div><\/div><\/div><\/div><\/section><section class=\"l-section wpb_row height_medium\" id=\"pourquoi\"><div class=\"l-section-h i-cf\"><div class=\"g-cols vc_row via_flex valign_top type_default stacking_default\"><div class=\"vc_col-sm-1 wpb_column vc_column_container us_animate_afb\"><div class=\"vc_column-inner\"><div class=\"wpb_wrapper\"><\/div><\/div><\/div><div class=\"vc_col-sm-10 wpb_column vc_column_container us_animate_afb\"><div class=\"vc_column-inner\"><div class=\"wpb_wrapper\"><div class=\"wpb_text_column\"><div class=\"wpb_wrapper\"><h1><span style=\"vertical-align: inherit;\"><span style=\"vertical-align: inherit;\">Pourquoi devenir partenaire<\/span><\/span><\/h1>\n<p><span style=\"vertical-align: inherit;\"><span style=\"vertical-align: inherit;\">Votre contribution \u00e0 la mission de Perspectives Jeunesse peut faire une r\u00e9elle diff\u00e9rence dans la vie de nos jeunes, \u00e0 plusieurs niveaux.<\/span><\/span><\/p>\n<p><span style=\"vertical-align: inherit;\"><span style=\"vertical-align: inherit;\">Le d\u00e9ploiement du programme Option dans une \u00e9cole partenaire et la r\u00e9alisation de chacun des volets du Plan C co\u00fbte en moyenne \u00e0 Perspectives Jeunesse respectivement 25 000$ et 50 000$.<\/span><\/span><\/p>\n<p><span style=\"vertical-align: inherit;\"><span style=\"vertical-align: inherit;\">Gr\u00e2ce \u00e0 nos programmes, les jeunes d\u00e9crocheurs, d\u00e9crocheuses ou \u00e0 risque de d\u00e9crochage pourront recevoir un soutien individualis\u00e9, ainsi que leurs parents, en plus d&#8217;un accompagnement lors du retour \u00e0 l&#8217;\u00e9cole. Ils et elles b\u00e9n\u00e9ficieront d&#8217;activit\u00e9s de motivation et de d\u00e9couvertes de m\u00e9tiers, d&#8217;ateliers de pr\u00e9vention des toxicomanies et de gestion du stress, de sorties \u00e9ducatives et de visites d&#8217;\u00e9coles. Ils et elles pourront suivre une classe alternative ou compter sur la pr\u00e9sence quotidienne d&#8217;un.e intervenant.e dans une \u00e9cole partenaire et voir l&#8217;impact de ces accompagnements sur l&#8217;am\u00e9lioration des r\u00e9sultats scolaires<\/span><\/span><\/p>\n<p><span style=\"vertical-align: inherit;\"><span style=\"vertical-align: inherit;\">Chaque ne participe \u00e0 l&#8217;atteinte de nos objectifs et repr\u00e9sente un soutien direct \u00e0 la r\u00e9ussite scolaire et sociale de nos jeunes.<\/p>\n<\/div><\/div><div class=\"wpb_text_column\"><div class=\"wpb_wrapper\"><p><\/span><\/span><\/p>\n<h1><span style=\"vertical-align: inherit;\"><span style=\"vertical-align: inherit;\">Faire un don<\/span><\/span><\/h1>\n<p><span style=\"vertical-align: inherit;\"><span style=\"vertical-align: inherit;\">Votre contribution aura un impact direct dans la vie des jeunes en permettant le financement des activit\u00e9s de Perspectives Jeunesse.<\/span><\/span><\/p>\n<p><span style=\"vertical-align: inherit;\"><span style=\"vertical-align: inherit;\">Je souhaite encourager la r\u00e9ussite scolaire et sociale.<\/p>\n<\/div><\/div><div class=\"w-btn-wrapper align_none\"><a class=\"w-btn us-btn-style_1\" title=\"dons\" href=\"https:\/\/www.jedonneenligne.org\/perspectivesjeunesse\/DG\/\"><span class=\"w-btn-label\">Faire un don<\/span><\/a><\/div><div class=\"w-separator size_medium\"><\/div><\/div><\/div><\/div><div class=\"vc_col-sm-1 wpb_column vc_column_container\"><div class=\"vc_column-inner\"><div class=\"wpb_wrapper\"><\/div><\/div><\/div><\/div><\/div><\/section><div class=\"vc_col-sm-2 wpb_column vc_column_container us_animate_afb\"><div class=\"vc_column-inner\"><div class=\"wpb_wrapper\"><\/div><\/div><\/div><div class=\"vc_col-sm-10 wpb_column vc_column_container us_animate_afb\"><div class=\"vc_column-inner\"><div class=\"wpb_wrapper\"><\/div><\/div><\/div><\/span><\/span><\/p>\n","protected":false},"excerpt":{"rendered":"Devenez partenaire La r\u00e9ussite \u00e9ducative nous concerne tous et toutes, car il en va autant de l\u2019avenir de notre rel\u00e8ve que de celui de notre soci\u00e9t\u00e9. Pour avoir la chance de compl\u00e9ter leur parcours acad\u00e9mique et de se r\u00e9aliser comme adulte, nos jeunes doivent apprendre \u00e0 se conna\u00eetre, comprendre le monde qui les entoure et...","protected":false},"author":3457,"featured_media":0,"parent":0,"menu_order":0,"comment_status":"closed","ping_status":"closed","template":"","meta":{"_acf_changed":false,"footnotes":""},"class_list":["post-3496","page","type-page","status-publish","hentry"],"acf":[],"yoast_head":"<!-- This site is optimized with the Yoast SEO plugin v24.6 - https:\/\/yoast.com\/wordpress\/plugins\/seo\/ -->\n<title>Faire un don en soutenant nos jeunes - Faites un don!<\/title>\n<meta name=\"description\" content=\"Votre contribution (don) \u00e0 la mission de Perspectives Jeunesse peut faire une r\u00e9elle diff\u00e9rence dans la vie de nos jeunes, \u00e0 plusieurs niveaux. Devenez-partenaires!\" \/>\n<meta name=\"robots\" content=\"index, follow, max-snippet:-1, max-image-preview:large, max-video-preview:-1\" \/>\n<link rel=\"canonical\" href=\"https:\/\/dev.olivierraude.me\/perspectivesjeunesse\/dons-2\/\" \/>\n<meta property=\"og:locale\" content=\"en_US\" \/>\n<meta property=\"og:type\" content=\"article\" \/>\n<meta property=\"og:title\" content=\"Faire un don en soutenant nos jeunes - Faites un don!\" \/>\n<meta property=\"og:description\" content=\"Votre contribution (don) \u00e0 la mission de Perspectives Jeunesse peut faire une r\u00e9elle diff\u00e9rence dans la vie de nos jeunes, \u00e0 plusieurs niveaux. Devenez-partenaires!\" \/>\n<meta property=\"og:url\" content=\"https:\/\/dev.olivierraude.me\/perspectivesjeunesse\/dons-2\/\" \/>\n<meta property=\"og:site_name\" content=\"Perspectives Jeunesse\" \/>\n<meta property=\"article:publisher\" content=\"https:\/\/www.facebook.com\/perspectives.jeunesse\/\" \/>\n<meta property=\"article:modified_time\" content=\"2024-09-26T14:00:23+00:00\" \/>\n<meta name=\"twitter:label1\" content=\"Est. reading time\" \/>\n\t<meta name=\"twitter:data1\" content=\"2 minutes\" \/>\n<script type=\"application\/ld+json\" class=\"yoast-schema-graph\">{\"@context\":\"https:\/\/schema.org\",\"@graph\":[{\"@type\":\"WebPage\",\"@id\":\"https:\/\/dev.olivierraude.me\/perspectivesjeunesse\/dons-2\/\",\"url\":\"https:\/\/dev.olivierraude.me\/perspectivesjeunesse\/dons-2\/\",\"name\":\"Faire un don en soutenant nos jeunes - Faites un don!\",\"isPartOf\":{\"@id\":\"https:\/\/dev.olivierraude.me\/perspectivesjeunesse\/#website\"},\"datePublished\":\"2024-09-25T22:28:45+00:00\",\"dateModified\":\"2024-09-26T14:00:23+00:00\",\"description\":\"Votre contribution (don) \u00e0 la mission de Perspectives Jeunesse peut faire une r\u00e9elle diff\u00e9rence dans la vie de nos jeunes, \u00e0 plusieurs niveaux. Devenez-partenaires!\",\"breadcrumb\":{\"@id\":\"https:\/\/dev.olivierraude.me\/perspectivesjeunesse\/dons-2\/#breadcrumb\"},\"inLanguage\":\"en-US\",\"potentialAction\":[{\"@type\":\"ReadAction\",\"target\":[\"https:\/\/dev.olivierraude.me\/perspectivesjeunesse\/dons-2\/\"]}]},{\"@type\":\"BreadcrumbList\",\"@id\":\"https:\/\/dev.olivierraude.me\/perspectivesjeunesse\/dons-2\/#breadcrumb\",\"itemListElement\":[{\"@type\":\"ListItem\",\"position\":1,\"name\":\"Home\",\"item\":\"https:\/\/dev.olivierraude.me\/perspectivesjeunesse\/\"},{\"@type\":\"ListItem\",\"position\":2,\"name\":\"Faire un don\"}]},{\"@type\":\"WebSite\",\"@id\":\"https:\/\/dev.olivierraude.me\/perspectivesjeunesse\/#website\",\"url\":\"https:\/\/dev.olivierraude.me\/perspectivesjeunesse\/\",\"name\":\"Perspectives Jeunesse\",\"description\":\"Pr\u00e9vention du d\u00e9crochage scolaire et soutien au retour \u00e0 l&#039;\u00e9cole\",\"publisher\":{\"@id\":\"https:\/\/dev.olivierraude.me\/perspectivesjeunesse\/#organization\"},\"potentialAction\":[{\"@type\":\"SearchAction\",\"target\":{\"@type\":\"EntryPoint\",\"urlTemplate\":\"https:\/\/dev.olivierraude.me\/perspectivesjeunesse\/?s={search_term_string}\"},\"query-input\":{\"@type\":\"PropertyValueSpecification\",\"valueRequired\":true,\"valueName\":\"search_term_string\"}}],\"inLanguage\":\"en-US\"},{\"@type\":\"Organization\",\"@id\":\"https:\/\/dev.olivierraude.me\/perspectivesjeunesse\/#organization\",\"name\":\"Perspectives Jeunesse\",\"url\":\"https:\/\/dev.olivierraude.me\/perspectivesjeunesse\/\",\"logo\":{\"@type\":\"ImageObject\",\"inLanguage\":\"en-US\",\"@id\":\"https:\/\/dev.olivierraude.me\/perspectivesjeunesse\/#\/schema\/logo\/image\/\",\"url\":\"https:\/\/dev.olivierraude.me\/perspectivesjeunesse\/wp-content\/uploads\/2020\/05\/PJ_RGB_Small.png\",\"contentUrl\":\"https:\/\/dev.olivierraude.me\/perspectivesjeunesse\/wp-content\/uploads\/2020\/05\/PJ_RGB_Small.png\",\"width\":500,\"height\":245,\"caption\":\"Perspectives Jeunesse\"},\"image\":{\"@id\":\"https:\/\/dev.olivierraude.me\/perspectivesjeunesse\/#\/schema\/logo\/image\/\"},\"sameAs\":[\"https:\/\/www.facebook.com\/perspectives.jeunesse\/\",\"https:\/\/www.instagram.com\/pj_perspectivesjeunesse\/\",\"https:\/\/www.youtube.com\/@perspectivesjeunesse-montreal\/\",\"https:\/\/www.linkedin.com\/company\/perspectives-jeunesse\"]}]}<\/script>\n<!-- \/ Yoast SEO plugin. -->","yoast_head_json":{"title":"Faire un don en soutenant nos jeunes - Faites un don!","description":"Votre contribution (don) \u00e0 la mission de Perspectives Jeunesse peut faire une r\u00e9elle diff\u00e9rence dans la vie de nos jeunes, \u00e0 plusieurs niveaux. Devenez-partenaires!","robots":{"index":"index","follow":"follow","max-snippet":"max-snippet:-1","max-image-preview":"max-image-preview:large","max-video-preview":"max-video-preview:-1"},"canonical":"https:\/\/dev.olivierraude.me\/perspectivesjeunesse\/dons-2\/","og_locale":"en_US","og_type":"article","og_title":"Faire un don en soutenant nos jeunes - Faites un don!","og_description":"Votre contribution (don) \u00e0 la mission de Perspectives Jeunesse peut faire une r\u00e9elle diff\u00e9rence dans la vie de nos jeunes, \u00e0 plusieurs niveaux. Devenez-partenaires!","og_url":"https:\/\/dev.olivierraude.me\/perspectivesjeunesse\/dons-2\/","og_site_name":"Perspectives Jeunesse","article_publisher":"https:\/\/www.facebook.com\/perspectives.jeunesse\/","article_modified_time":"2024-09-26T14:00:23+00:00","twitter_misc":{"Est. reading time":"2 minutes"},"schema":{"@context":"https:\/\/schema.org","@graph":[{"@type":"WebPage","@id":"https:\/\/dev.olivierraude.me\/perspectivesjeunesse\/dons-2\/","url":"https:\/\/dev.olivierraude.me\/perspectivesjeunesse\/dons-2\/","name":"Faire un don en soutenant nos jeunes - Faites un don!","isPartOf":{"@id":"https:\/\/dev.olivierraude.me\/perspectivesjeunesse\/#website"},"datePublished":"2024-09-25T22:28:45+00:00","dateModified":"2024-09-26T14:00:23+00:00","description":"Votre contribution (don) \u00e0 la mission de Perspectives Jeunesse peut faire une r\u00e9elle diff\u00e9rence dans la vie de nos jeunes, \u00e0 plusieurs niveaux. Devenez-partenaires!","breadcrumb":{"@id":"https:\/\/dev.olivierraude.me\/perspectivesjeunesse\/dons-2\/#breadcrumb"},"inLanguage":"en-US","potentialAction":[{"@type":"ReadAction","target":["https:\/\/dev.olivierraude.me\/perspectivesjeunesse\/dons-2\/"]}]},{"@type":"BreadcrumbList","@id":"https:\/\/dev.olivierraude.me\/perspectivesjeunesse\/dons-2\/#breadcrumb","itemListElement":[{"@type":"ListItem","position":1,"name":"Home","item":"https:\/\/dev.olivierraude.me\/perspectivesjeunesse\/"},{"@type":"ListItem","position":2,"name":"Faire un don"}]},{"@type":"WebSite","@id":"https:\/\/dev.olivierraude.me\/perspectivesjeunesse\/#website","url":"https:\/\/dev.olivierraude.me\/perspectivesjeunesse\/","name":"Perspectives Jeunesse","description":"Pr\u00e9vention du d\u00e9crochage scolaire et soutien au retour \u00e0 l&#039;\u00e9cole","publisher":{"@id":"https:\/\/dev.olivierraude.me\/perspectivesjeunesse\/#organization"},"potentialAction":[{"@type":"SearchAction","target":{"@type":"EntryPoint","urlTemplate":"https:\/\/dev.olivierraude.me\/perspectivesjeunesse\/?s={search_term_string}"},"query-input":{"@type":"PropertyValueSpecification","valueRequired":true,"valueName":"search_term_string"}}],"inLanguage":"en-US"},{"@type":"Organization","@id":"https:\/\/dev.olivierraude.me\/perspectivesjeunesse\/#organization","name":"Perspectives Jeunesse","url":"https:\/\/dev.olivierraude.me\/perspectivesjeunesse\/","logo":{"@type":"ImageObject","inLanguage":"en-US","@id":"https:\/\/dev.olivierraude.me\/perspectivesjeunesse\/#\/schema\/logo\/image\/","url":"https:\/\/dev.olivierraude.me\/perspectivesjeunesse\/wp-content\/uploads\/2020\/05\/PJ_RGB_Small.png","contentUrl":"https:\/\/dev.olivierraude.me\/perspectivesjeunesse\/wp-content\/uploads\/2020\/05\/PJ_RGB_Small.png","width":500,"height":245,"caption":"Perspectives Jeunesse"},"image":{"@id":"https:\/\/dev.olivierraude.me\/perspectivesjeunesse\/#\/schema\/logo\/image\/"},"sameAs":["https:\/\/www.facebook.com\/perspectives.jeunesse\/","https:\/\/www.instagram.com\/pj_perspectivesjeunesse\/","https:\/\/www.youtube.com\/@perspectivesjeunesse-montreal\/","https:\/\/www.linkedin.com\/company\/perspectives-jeunesse"]}]}},"_links":{"self":[{"href":"https:\/\/dev.olivierraude.me\/perspectivesjeunesse\/wp-json\/wp\/v2\/pages\/3496","targetHints":{"allow":["GET"]}}],"collection":[{"href":"https:\/\/dev.olivierraude.me\/perspectivesjeunesse\/wp-json\/wp\/v2\/pages"}],"about":[{"href":"https:\/\/dev.olivierraude.me\/perspectivesjeunesse\/wp-json\/wp\/v2\/types\/page"}],"author":[{"embeddable":true,"href":"https:\/\/dev.olivierraude.me\/perspectivesjeunesse\/wp-json\/wp\/v2\/users\/3457"}],"replies":[{"embeddable":true,"href":"https:\/\/dev.olivierraude.me\/perspectivesjeunesse\/wp-json\/wp\/v2\/comments?post=3496"}],"version-history":[{"count":8,"href":"https:\/\/dev.olivierraude.me\/perspectivesjeunesse\/wp-json\/wp\/v2\/pages\/3496\/revisions"}],"predecessor-version":[{"id":3737,"href":"https:\/\/dev.olivierraude.me\/perspectivesjeunesse\/wp-json\/wp\/v2\/pages\/3496\/revisions\/3737"}],"wp:attachment":[{"href":"https:\/\/dev.olivierraude.me\/perspectivesjeunesse\/wp-json\/wp\/v2\/media?parent=3496"}],"curies":[{"name":"wp","href":"https:\/\/api.w.org\/{rel}","templated":true}]}}