{"id":3582,"date":"2024-08-27T14:40:17","date_gmt":"2024-08-27T18:40:17","guid":{"rendered":"https:\/\/dev.olivierraude.me\/perspectivesjeunesse\/?page_id=3582"},"modified":"2024-11-18T17:40:09","modified_gmt":"2024-11-18T21:40:09","slug":"media","status":"publish","type":"page","link":"https:\/\/dev.olivierraude.me\/perspectivesjeunesse\/media\/","title":{"rendered":"M\u00e9dia"},"content":{"rendered":"<section class=\"l-section wpb_row us_custom_412dc76f height_small\" id=\"temoignages-radio\"><div class=\"l-section-h i-cf\"><div class=\"g-cols vc_row via_flex valign_top type_default stacking_default\"><div class=\"vc_col-sm-12 wpb_column vc_column_container\"><div class=\"vc_column-inner\"><div class=\"wpb_wrapper\"><div class=\"wpb_text_column us_custom_75a5556d\"><div class=\"wpb_wrapper\"><h4 style=\"text-align: center;\"><strong>T\u00e9moignages<\/strong><\/h4>\n<\/div><\/div><div class=\"g-cols wpb_row us_custom_13070f23 via_flex valign_top type_default stacking_default\"><div class=\"vc_col-sm-3 wpb_column vc_column_container\"><div class=\"vc_column-inner us_custom_183d60de\"><div class=\"wpb_wrapper\"><div class=\"w-image us_custom_13070f23 align_none\"><div class=\"w-image-h\"><img loading=\"lazy\" decoding=\"async\" width=\"378\" height=\"133\" src=\"https:\/\/dev.olivierraude.me\/perspectivesjeunesse\/wp-content\/uploads\/2024\/09\/logo-rectangle-ohdio.png\" class=\"attachment-large size-large\" alt=\"\" srcset=\"https:\/\/dev.olivierraude.me\/perspectivesjeunesse\/wp-content\/uploads\/2024\/09\/logo-rectangle-ohdio.png 378w, https:\/\/dev.olivierraude.me\/perspectivesjeunesse\/wp-content\/uploads\/2024\/09\/logo-rectangle-ohdio-300x106.png 300w\" sizes=\"auto, (max-width: 378px) 100vw, 378px\" \/><\/div><\/div><div class=\"w-video align_none ratio_custom with_overlay\" style=\"background-image:url(https:\/\/dev.olivierraude.me\/perspectivesjeunesse\/wp-content\/uploads\/2024\/11\/Screen-Shot-2024-11-08-at-9.58-AM.png);\" onclick=\"return {&quot;player_html&quot;:&quot;&lt;blockquote class=\\&quot;wp-embedded-content\\&quot; data-secret=\\&quot;kNfdLARbir\\&quot;&gt;&lt;a href=\\&quot;https:\\\/\\\/dev.olivierraude.me\\\/perspectivesjeunesse\\\/video-output-dc10d92c-6a10-4075-99cd-c4e68b3aa325\\\/\\&quot;&gt;video-output-DC10D92C-6A10-4075-99CD-C4E68B3AA325&lt;\\\/a&gt;&lt;\\\/blockquote&gt;&lt;iframe class=\\&quot;wp-embedded-content\\&quot; sandbox=\\&quot;allow-scripts\\&quot; security=\\&quot;restricted\\&quot; style=\\&quot;position: absolute; visibility: hidden;\\&quot; title=\\&quot;&#8220;video-output-DC10D92C-6A10-4075-99CD-C4E68B3AA325&#8221; &#8212; Perspectives Jeunesse\\&quot; src=\\&quot;https:\\\/\\\/dev.olivierraude.me\\\/perspectivesjeunesse\\\/video-output-dc10d92c-6a10-4075-99cd-c4e68b3aa325\\\/embed\\\/#?secret=90Xb9UnNd6#?secret=kNfdLARbir\\&quot; data-secret=\\&quot;kNfdLARbir\\&quot; width=\\&quot;600\\&quot; height=\\&quot;338\\&quot; frameborder=\\&quot;0\\&quot; marginwidth=\\&quot;0\\&quot; marginheight=\\&quot;0\\&quot; scrolling=\\&quot;no\\&quot;&gt;&lt;\\\/iframe&gt;&quot;}\"><div class=\"w-video-h\" style=\"padding-bottom:114.1176%\"><blockquote class=\"wp-embedded-content\" data-secret=\"kNfdLARbir\"><a href=\"https:\/\/dev.olivierraude.me\/perspectivesjeunesse\/video-output-dc10d92c-6a10-4075-99cd-c4e68b3aa325\/\">video-output-DC10D92C-6A10-4075-99CD-C4E68B3AA325<\/a><\/blockquote><iframe loading=\"lazy\" class=\"wp-embedded-content\" sandbox=\"allow-scripts\" security=\"restricted\" style=\"position: absolute; visibility: hidden;\" title=\"&#8220;video-output-DC10D92C-6A10-4075-99CD-C4E68B3AA325&#8221; &#8212; Perspectives Jeunesse\" src=\"https:\/\/dev.olivierraude.me\/perspectivesjeunesse\/video-output-dc10d92c-6a10-4075-99cd-c4e68b3aa325\/embed\/#?secret=90Xb9UnNd6#?secret=kNfdLARbir\" data-secret=\"kNfdLARbir\" width=\"600\" height=\"338\" frameborder=\"0\" marginwidth=\"0\" marginheight=\"0\" scrolling=\"no\"><\/iframe><\/div><div class=\"w-video-icon\" style=\"font-size:1.5rem;background:rgba(0,74,153,0.75);color:#ffffff\"><\/div><\/div><div class=\"wpb_text_column us_custom_b081372d\"><div class=\"wpb_wrapper\"><p>Entrevue avec Clemesha, jeune du programme Option et son intervenante L\u00e9a<\/p>\n<\/div><\/div><\/div><\/div><\/div><div class=\"vc_col-sm-3 wpb_column vc_column_container\"><div class=\"vc_column-inner us_custom_183d60de\"><div class=\"wpb_wrapper\"><div class=\"w-image us_custom_13070f23 align_none\"><div class=\"w-image-h\"><img loading=\"lazy\" decoding=\"async\" width=\"378\" height=\"133\" src=\"https:\/\/dev.olivierraude.me\/perspectivesjeunesse\/wp-content\/uploads\/2024\/09\/logo-rectangle-ohdio.png\" class=\"attachment-large size-large\" alt=\"\" srcset=\"https:\/\/dev.olivierraude.me\/perspectivesjeunesse\/wp-content\/uploads\/2024\/09\/logo-rectangle-ohdio.png 378w, https:\/\/dev.olivierraude.me\/perspectivesjeunesse\/wp-content\/uploads\/2024\/09\/logo-rectangle-ohdio-300x106.png 300w\" sizes=\"auto, (max-width: 378px) 100vw, 378px\" \/><\/div><\/div><div class=\"w-video align_none ratio_custom with_overlay\" style=\"background-image:url(https:\/\/dev.olivierraude.me\/perspectivesjeunesse\/wp-content\/uploads\/2024\/11\/Screen-Shot-2024-11-08-at-9.58-AM.png);\" onclick=\"return {&quot;player_html&quot;:&quot;&lt;blockquote class=\\&quot;wp-embedded-content\\&quot; data-secret=\\&quot;AlcfJFZmiW\\&quot;&gt;&lt;a href=\\&quot;https:\\\/\\\/dev.olivierraude.me\\\/perspectivesjeunesse\\\/video-output-84f31d55-3e05-4623-900a-3365b990f895\\\/\\&quot;&gt;video-output-84F31D55-3E05-4623-900A-3365B990F895&lt;\\\/a&gt;&lt;\\\/blockquote&gt;&lt;iframe class=\\&quot;wp-embedded-content\\&quot; sandbox=\\&quot;allow-scripts\\&quot; security=\\&quot;restricted\\&quot; style=\\&quot;position: absolute; visibility: hidden;\\&quot; title=\\&quot;&#8220;video-output-84F31D55-3E05-4623-900A-3365B990F895&#8221; &#8212; Perspectives Jeunesse\\&quot; src=\\&quot;https:\\\/\\\/dev.olivierraude.me\\\/perspectivesjeunesse\\\/video-output-84f31d55-3e05-4623-900a-3365b990f895\\\/embed\\\/#?secret=vn0QCulb79#?secret=AlcfJFZmiW\\&quot; data-secret=\\&quot;AlcfJFZmiW\\&quot; width=\\&quot;600\\&quot; height=\\&quot;338\\&quot; frameborder=\\&quot;0\\&quot; marginwidth=\\&quot;0\\&quot; marginheight=\\&quot;0\\&quot; scrolling=\\&quot;no\\&quot;&gt;&lt;\\\/iframe&gt;&quot;}\"><div class=\"w-video-h\" style=\"padding-bottom:114.1176%\"><blockquote class=\"wp-embedded-content\" data-secret=\"AlcfJFZmiW\"><a href=\"https:\/\/dev.olivierraude.me\/perspectivesjeunesse\/video-output-84f31d55-3e05-4623-900a-3365b990f895\/\">video-output-84F31D55-3E05-4623-900A-3365B990F895<\/a><\/blockquote><iframe loading=\"lazy\" class=\"wp-embedded-content\" sandbox=\"allow-scripts\" security=\"restricted\" style=\"position: absolute; visibility: hidden;\" title=\"&#8220;video-output-84F31D55-3E05-4623-900A-3365B990F895&#8221; &#8212; Perspectives Jeunesse\" src=\"https:\/\/dev.olivierraude.me\/perspectivesjeunesse\/video-output-84f31d55-3e05-4623-900a-3365b990f895\/embed\/#?secret=vn0QCulb79#?secret=AlcfJFZmiW\" data-secret=\"AlcfJFZmiW\" width=\"600\" height=\"338\" frameborder=\"0\" marginwidth=\"0\" marginheight=\"0\" scrolling=\"no\"><\/iframe><\/div><div class=\"w-video-icon\" style=\"font-size:1.5rem;background:rgba(0,74,153,0.75);color:#ffffff\"><\/div><\/div><div class=\"wpb_text_column us_custom_b081372d\"><div class=\"wpb_wrapper\"><p>Entrevue avec \u00c9lodie Marion, professeure au D\u00e9partement de psychop\u00e9dagogie \u00e0 l\u2019Universit\u00e9 de Montr\u00e9al<\/p>\n<\/div><\/div><\/div><\/div><\/div><div class=\"vc_col-sm-3 wpb_column vc_column_container\"><div class=\"vc_column-inner us_custom_183d60de\"><div class=\"wpb_wrapper\"><div class=\"w-image us_custom_da345c22 align_none\"><div class=\"w-image-h\"><img loading=\"lazy\" decoding=\"async\" width=\"301\" height=\"167\" src=\"https:\/\/dev.olivierraude.me\/perspectivesjeunesse\/wp-content\/uploads\/2024\/09\/images.png\" class=\"attachment-large size-large\" alt=\"\" \/><\/div><\/div><div class=\"w-video align_none ratio_custom with_overlay\" style=\"background-image:url(https:\/\/dev.olivierraude.me\/perspectivesjeunesse\/wp-content\/uploads\/2024\/09\/Screen-Shot-2024-09-24-at-9.04.12-AM.png);\" onclick=\"return {&quot;player_html&quot;:&quot;&lt;video  preload=\\&quot;auto\\&quot; playsinline controls&gt;&lt;source type=\\&quot;video\\\/mp4\\&quot; src=\\&quot;https:\\\/\\\/dev.olivierraude.me\\\/perspectivesjeunesse\\\/wp-content\\\/uploads\\\/2024\\\/09\\\/Entrevue985_29-aout2024.mp4\\&quot; \\\/&gt;&lt;\\\/video&gt;&quot;}\"><div class=\"w-video-h\" style=\"padding-bottom:114.1176%\"><video  preload=\"auto\" playsinline controls><source type=\"video\/mp4\" src=\"https:\/\/dev.olivierraude.me\/perspectivesjeunesse\/wp-content\/uploads\/2024\/09\/Entrevue985_29-aout2024.mp4\" \/><\/video><\/div><div class=\"w-video-icon\" style=\"font-size:1.5rem;background:rgba(0,74,153,0.75);color:#ffffff\"><\/div><\/div><div class=\"wpb_text_column us_custom_b081372d\"><div class=\"wpb_wrapper\"><p>Entrevue avec Alexis, jeune ayant particip\u00e9 au programme Plan C<\/p>\n<\/div><\/div><\/div><\/div><\/div><div class=\"vc_col-sm-3 wpb_column vc_column_container\"><div class=\"vc_column-inner\"><div class=\"wpb_wrapper\"><div class=\"w-image us_custom_13070f23 align_none\"><div class=\"w-image-h\"><img loading=\"lazy\" decoding=\"async\" width=\"378\" height=\"133\" src=\"https:\/\/dev.olivierraude.me\/perspectivesjeunesse\/wp-content\/uploads\/2024\/09\/logo-rectangle-ohdio.png\" class=\"attachment-large size-large\" alt=\"\" srcset=\"https:\/\/dev.olivierraude.me\/perspectivesjeunesse\/wp-content\/uploads\/2024\/09\/logo-rectangle-ohdio.png 378w, https:\/\/dev.olivierraude.me\/perspectivesjeunesse\/wp-content\/uploads\/2024\/09\/logo-rectangle-ohdio-300x106.png 300w\" sizes=\"auto, (max-width: 378px) 100vw, 378px\" \/><\/div><\/div><div class=\"w-video align_none ratio_custom with_overlay\" style=\"background-image:url(https:\/\/dev.olivierraude.me\/perspectivesjeunesse\/wp-content\/uploads\/2024\/09\/Screen-Shot-2024-09-24-at-9.04.48-AM.png);\" onclick=\"return {&quot;player_html&quot;:&quot;&lt;video  preload=\\&quot;auto\\&quot; playsinline controls&gt;&lt;source type=\\&quot;video\\\/mp4\\&quot; src=\\&quot;https:\\\/\\\/dev.olivierraude.me\\\/perspectivesjeunesse\\\/wp-content\\\/uploads\\\/2024\\\/09\\\/Entrevue-Ca-nous-regarde-compress.mp4\\&quot; \\\/&gt;&lt;\\\/video&gt;&quot;}\"><div class=\"w-video-h\" style=\"padding-bottom:114.1176%\"><video  preload=\"auto\" playsinline controls><source type=\"video\/mp4\" src=\"https:\/\/dev.olivierraude.me\/perspectivesjeunesse\/wp-content\/uploads\/2024\/09\/Entrevue-Ca-nous-regarde-compress.mp4\" \/><\/video><\/div><div class=\"w-video-icon\" style=\"font-size:1.5rem;background:rgba(0,74,153,0.75);color:#ffffff\"><\/div><\/div><div class=\"wpb_text_column us_custom_b081372d\"><div class=\"wpb_wrapper\"><p>Entrevue avec des jeunes du programme Plan C Petite-Patrie<\/p>\n<\/div><\/div><\/div><\/div><\/div><\/div><\/div><\/div><\/div><\/div><\/div><\/section><section class=\"l-section wpb_row us_custom_b8155adc height_small\" id=\"entrevues-et-articles\"><div class=\"l-section-h i-cf\"><div class=\"g-cols vc_row via_flex valign_top type_default stacking_default\"><div class=\"vc_col-sm-12 wpb_column vc_column_container\"><div class=\"vc_column-inner\"><div class=\"wpb_wrapper\"><div class=\"wpb_text_column us_custom_6df4bc3a has_text_color\"><div class=\"wpb_wrapper\"><h4 style=\"text-align: center;\"><strong>Entrevues et articles<\/strong><\/h4>\n<\/div><\/div><div class=\"wpb_text_column us_custom_6df4bc3a has_text_color\"><div class=\"wpb_wrapper\"><div class=\"x_elementToProof\">\n<div class=\"x_elementToProof\">\n<p>28 septembre 2024 &#8211; Le Devoir<\/p>\n<p><a href=\"https:\/\/www.ledevoir.com\/societe\/education\/820604\/donner-jeunes-pouvoir-finir-secondaire\">Donner aux jeunes le pouvoir de finir leur secondaire<\/a><\/p>\n<\/div>\n<div id=\"x_Signature\">\n<div><span style=\"vertical-align: inherit;\">Entrevue avec Louis-Philippe Sarrazin, directeur g\u00e9n\u00e9ral de Perspectives Jeunesse et \u00c9lodie Marion, professeure au D\u00e9partement de psychop\u00e9dagogie \u00e0 l&#8217;Universit\u00e9 de Montr\u00e9al, coautrice du rapport \u00e9valuant le programme Option.<\/span><\/div>\n<\/div>\n<\/div>\n<div class=\"x_elementToProof\">\n<p>&nbsp;<\/p>\n<p>29 ao\u00fbt 2024 &#8211; 98,5 Montr\u00e9al<\/p>\n<p><a href=\"https:\/\/dev.olivierraude.me\/perspectivesjeunesse\/temoignages\/\">\u00c0 quoi ressemble l&#8217;\u00e9cole id\u00e9ale?<\/a><\/p>\n<\/div>\n<div id=\"x_Signature\">\n<div><span data-teams=\"true\"><span class=\"ui-provider a b c d e f g h i j k l m n o p q r s t u v w x y z ab ac ae af ag ah ai aj ak\" dir=\"ltr\">T\u00e9moignage touchant d&#8217;Alex, un jeune ayant pris part \u00e0 notre programme Plan C en soutien au retour \u00e0 l&#8217;\u00e9cole<\/span><\/span><\/div>\n<div>\n<p>&nbsp;<\/p>\n<p><span style=\"vertical-align: inherit;\"><span style=\"vertical-align: inherit;\">23 avril 2024 &#8211; \u00c9mission le 15-18, ICI Premi\u00e8re<\/span><\/span><\/p>\n<\/div>\n<\/div>\n<p><a id=\"OWA8dd155d1-321e-b016-8316-f9d18b49d380\" class=\"x_OWAAutoLink\" href=\"https:\/\/ici.radio-canada.ca\/ohdio\/premiere\/emissions\/Le-15-18\/segments\/entrevue\/494621\/absence-ecoles-jeunes-scolaire-decrochage\" target=\"_blank\" rel=\"noopener noreferrer\" data-auth=\"NotApplicable\" data-linkindex=\"0\"><span style=\"vertical-align: inherit;\"><span style=\"vertical-align: inherit;\">Des solutions pour r\u00e9duire l&#8217;absent\u00e9isme des jeunes en classe (radio-canada.ca)<\/span><\/span><\/a><\/p>\n<p><span style=\"vertical-align: inherit;\"><span style=\"vertical-align: inherit;\">Entrevue avec le directeur g\u00e9n\u00e9ral, Louis-Philippe Sarrazin<\/span><\/span><\/p>\n<p><span style=\"vertical-align: inherit;\"><span style=\"vertical-align: inherit;\">16 f\u00e9vrier 2024 &#8211; ICI Radio-Canada.ca<\/span><\/span><\/p>\n<div class=\"x_elementToProof\"><a id=\"OWA0a3ba1e4-f963-6efb-1daa-f144121ec02c\" class=\"x_OWAAutoLink\" href=\"https:\/\/ici.radio-canada.ca\/nouvelle\/2048249\/ecole-perseverance-raccrochage-jeunes\" target=\"_blank\" rel=\"noopener noreferrer\" data-auth=\"NotApplicable\" data-linkindex=\"1\"><span style=\"vertical-align: inherit;\"><span style=\"vertical-align: inherit;\">\u00ab Je ne voulais plus aller \u00e0 l&#8217;\u00e9cole ! \u00bb | Radio-Canada<\/span><\/span><\/a><\/div>\n<div class=\"x_elementToProof\"><span style=\"vertical-align: inherit;\"><span style=\"vertical-align: inherit;\">Article sur la mission de Perspectives Jeunesse<\/span><\/span><\/div>\n<\/div><\/div><\/div><\/div><\/div><\/div><\/div><\/section><section class=\"l-section wpb_row us_custom_412dc76f height_medium\" id=\"evaluations\"><div class=\"l-section-h i-cf\"><div class=\"g-cols vc_row via_flex valign_top type_default stacking_default\"><div class=\"vc_col-sm-12 wpb_column vc_column_container\"><div class=\"vc_column-inner\"><div class=\"wpb_wrapper\"><div class=\"wpb_text_column us_custom_a0499343 has_text_color\"><div class=\"wpb_wrapper\"><h4 style=\"text-align: center;\"><strong>\u00c9valuations<\/strong><\/h4>\n<\/div><\/div><\/div><\/div><\/div><\/div><\/div><\/section><section class=\"l-section wpb_row us_custom_1001345c height_medium\"><div class=\"l-section-h i-cf\"><div class=\"g-cols vc_row via_flex valign_top type_default stacking_default\"><div class=\"vc_col-sm-6 wpb_column vc_column_container\"><div class=\"vc_column-inner\"><div class=\"wpb_wrapper\"><div class=\"w-image align_none\"><div class=\"w-image-h\"><img loading=\"lazy\" decoding=\"async\" width=\"464\" height=\"600\" src=\"https:\/\/dev.olivierraude.me\/perspectivesjeunesse\/wp-content\/uploads\/2024\/11\/Programme-Option_PJ_Faits-saillants_Retombees-jeunes-3-1-464x600.png\" class=\"attachment-us_800_600 size-us_800_600\" alt=\"\" srcset=\"https:\/\/dev.olivierraude.me\/perspectivesjeunesse\/wp-content\/uploads\/2024\/11\/Programme-Option_PJ_Faits-saillants_Retombees-jeunes-3-1-464x600.png 464w, https:\/\/dev.olivierraude.me\/perspectivesjeunesse\/wp-content\/uploads\/2024\/11\/Programme-Option_PJ_Faits-saillants_Retombees-jeunes-3-1-232x300.png 232w, https:\/\/dev.olivierraude.me\/perspectivesjeunesse\/wp-content\/uploads\/2024\/11\/Programme-Option_PJ_Faits-saillants_Retombees-jeunes-3-1-791x1024.png 791w, https:\/\/dev.olivierraude.me\/perspectivesjeunesse\/wp-content\/uploads\/2024\/11\/Programme-Option_PJ_Faits-saillants_Retombees-jeunes-3-1.png 816w\" sizes=\"auto, (max-width: 464px) 100vw, 464px\" \/><\/div><\/div><\/div><\/div><\/div><div class=\"vc_col-sm-6 wpb_column vc_column_container\"><div class=\"vc_column-inner\"><div class=\"wpb_wrapper\"><div class=\"wpb_text_column\"><div class=\"wpb_wrapper\"><p>2024<\/p>\n<p><a href=\"https:\/\/papyrus.bib.umontreal.ca\/xmlui\/bitstream\/handle\/1866\/33093\/Programme%20Option_PJ_Faits%20saillants_Retomb%c3%a9es%20jeunes.pdf?sequence=9&amp;isAllowed=y\"><span style=\"vertical-align: inherit;\">Marion, E., Gagnon, G., Miconi, D. et Sami, D. (2024). &#8221;\u00c9valuation du programme Option de Perspectives Jeunesse. Feuillet 2 &#8211; Faits saillants des retomb\u00e9es chez les jeunes.&#8221; Universit\u00e9 de Montr\u00e9al.<\/span><\/a><\/p>\n<\/div><\/div><div class=\"wpb_text_column\"><div class=\"wpb_wrapper\"><p><span style=\"vertical-align: inherit;\"><span style=\"vertical-align: inherit;\">2016<\/span><\/span><\/p>\n<div class=\"x_elementToProof\">\n<p><a href=\"https:\/\/dev.olivierraude.me\/perspectivesjeunesse\/wp-content\/uploads\/2021\/03\/Perspectives-Jeunesse-evaluation-de-programmesOptionDrop-InPlan-C_FINAL_avec-compression.pdf\"><span style=\"vertical-align: inherit;\"><span style=\"vertical-align: inherit;\">Rapport d&#8217;\u00e9valuation de la satisfaction et des besoins des programmes Option et Drop-In<\/span><\/span><\/a><\/p>\n<p><span style=\"vertical-align: inherit;\"><span style=\"vertical-align: inherit;\">2005-2006<\/span><\/span><\/p>\n<p><a href=\"https:\/\/dev.olivierraude.me\/perspectivesjeunesse\/wp-content\/uploads\/2021\/03\/DropIn_Evaluation_2005.pdf\"><span style=\"vertical-align: inherit;\"><span style=\"vertical-align: inherit;\">Rapport d&#8217;\u00e9valuation des pratiques du Drop-In<\/span><\/span><\/a><\/p>\n<\/div>\n<\/div><\/div><\/div><\/div><\/div><\/div><\/div><\/section><section class=\"l-section wpb_row us_custom_b8155adc height_small\" id=\"communiques-de-presse\"><div class=\"l-section-h i-cf\"><div class=\"g-cols vc_row via_flex valign_top type_default stacking_default\"><div class=\"vc_col-sm-12 wpb_column vc_column_container\"><div class=\"vc_column-inner\"><div class=\"wpb_wrapper\"><div class=\"wpb_text_column us_custom_6df4bc3a has_text_color\"><div class=\"wpb_wrapper\"><h4 style=\"text-align: center;\"><strong>Communiqu\u00e9s de presse<\/strong><\/h4>\n<\/div><\/div><div class=\"wpb_text_column us_custom_6df4bc3a has_text_color\"><div class=\"wpb_wrapper\"><p><span style=\"vertical-align: inherit;\">Communiqu\u00e9 du 11 novembre 2024<\/span><\/p>\n<p><a href=\"https:\/\/dev.olivierraude.me\/perspectivesjeunesse\/wp-content\/uploads\/2024\/11\/Communique-Foret-2024_V1.pdf\">La For\u00eat de la pers\u00e9v\u00e9rance de Perspectives Jeunesse : nouvelle campagne de financement durable<\/a><\/p>\n<p><span style=\"vertical-align: inherit;\"><span style=\"vertical-align: inherit;\"><span style=\"vertical-align: inherit;\"><span style=\"vertical-align: inherit;\">Communiqu\u00e9 du 29 ao\u00fbt 2024<\/span><\/span><\/span><\/span><\/p>\n<p><a href=\"https:\/\/dev.olivierraude.me\/perspectivesjeunesse\/wp-content\/uploads\/2024\/09\/Communique_29-aout-24vf_Perspectives-Jeunesse-1-1.pdf\"><span style=\"vertical-align: inherit;\"><span style=\"vertical-align: inherit;\"><span style=\"vertical-align: inherit;\"><span style=\"vertical-align: inherit;\">Perspectives Jeunesse : des m\u00e9thodes d&#8217;interventions qui font partie des solutions pour augmenter le taux de diplomatie au Qu\u00e9bec<\/span><\/span><\/span><\/span><\/a><\/p>\n<p><span style=\"vertical-align: inherit;\"><span style=\"vertical-align: inherit;\"><span style=\"vertical-align: inherit;\"><span style=\"vertical-align: inherit;\">F\u00e9vrier 2021<\/span><\/span><\/span><\/span><\/p>\n<p><a href=\"https:\/\/dev.olivierraude.me\/perspectivesjeunesse\/communiquejps\/\"><span style=\"vertical-align: inherit;\"><span style=\"vertical-align: inherit;\"><span style=\"vertical-align: inherit;\"><span style=\"vertical-align: inherit;\">Lettre ouverte &#8211; Journ\u00e9es de la pers\u00e9v\u00e9rance scolaire<\/span><\/span><\/span><\/span><\/a><\/p>\n<\/div><\/div><\/div><\/div><\/div><\/div><\/div><\/section><section class=\"l-section wpb_row us_custom_636b0bfd height_medium\" id=\"memoires-deposes\"><div class=\"l-section-h i-cf\"><div class=\"g-cols vc_row via_flex valign_top type_default stacking_default\"><div class=\"vc_col-sm-12 wpb_column vc_column_container\"><div class=\"vc_column-inner\"><div class=\"wpb_wrapper\"><div class=\"wpb_text_column us_custom_a0499343 has_text_color\"><div class=\"wpb_wrapper\"><h4 style=\"text-align: center;\"><strong>M\u00e9moires d\u00e9pos\u00e9s<\/strong><\/h4>\n<\/div><\/div><div class=\"wpb_text_column\"><div class=\"wpb_wrapper\"><p>M\u00e9moires d\u00e9pos\u00e9s dans le cadre de la Politique Qu\u00e9b\u00e9coise de la r\u00e9ussite \u00e9ducative<\/p>\n<p><span style=\"vertical-align: inherit;\"><span style=\"vertical-align: inherit;\">Novembre 2016<\/span><\/span><\/p>\n<p><a href=\"https:\/\/dev.olivierraude.me\/perspectivesjeunesse\/wp-content\/uploads\/2021\/03\/Consultation-politique-reussite-educative-2016_Final.pdf\"><span style=\"vertical-align: inherit;\"><span style=\"vertical-align: inherit;\">L&#8217;\u00e9ducation, parlons d&#8217;avenir<\/span><\/span><\/a><\/p>\n<p><span style=\"vertical-align: inherit;\"><span style=\"vertical-align: inherit;\">Septembre 2015<\/span><\/span><\/p>\n<p><a href=\"https:\/\/dev.olivierraude.me\/perspectivesjeunesse\/wp-content\/uploads\/2021\/03\/Consultation-politique-jeunesse-2015-finale.pdf\"><span style=\"vertical-align: inherit;\"><span style=\"vertical-align: inherit;\">Ensemble pour les g\u00e9n\u00e9rations futures<\/span><\/span><\/a><\/p>\n<\/div><\/div><\/div><\/div><\/div><\/div><\/div><\/section>\n","protected":false},"excerpt":{"rendered":"T\u00e9moignages video-output-DC10D92C-6A10-4075-99CD-C4E68B3AA325Entrevue avec Clemesha, jeune du programme Option et son intervenante L\u00e9a video-output-84F31D55-3E05-4623-900A-3365B990F895Entrevue avec \u00c9lodie Marion, professeure au D\u00e9partement de psychop\u00e9dagogie \u00e0 l\u2019Universit\u00e9 de Montr\u00e9al Entrevue avec Alexis, jeune ayant particip\u00e9 au programme Plan C Entrevue avec des jeunes du programme Plan C Petite-Patrie Entrevues et articles 28 septembre 2024 &#8211; Le Devoir Donner aux...","protected":false},"author":3457,"featured_media":0,"parent":0,"menu_order":0,"comment_status":"closed","ping_status":"closed","template":"","meta":{"_acf_changed":false,"footnotes":""},"class_list":["post-3582","page","type-page","status-publish","hentry"],"acf":[],"yoast_head":"<!-- This site is optimized with the Yoast SEO plugin v24.6 - https:\/\/yoast.com\/wordpress\/plugins\/seo\/ -->\n<title>M\u00e9dia - Perspectives Jeunesse<\/title>\n<meta name=\"robots\" content=\"index, follow, max-snippet:-1, max-image-preview:large, max-video-preview:-1\" \/>\n<link rel=\"canonical\" href=\"https:\/\/dev.olivierraude.me\/perspectivesjeunesse\/media\/\" \/>\n<meta property=\"og:locale\" content=\"en_US\" \/>\n<meta property=\"og:type\" content=\"article\" \/>\n<meta property=\"og:title\" content=\"M\u00e9dia - Perspectives Jeunesse\" \/>\n<meta property=\"og:url\" content=\"https:\/\/dev.olivierraude.me\/perspectivesjeunesse\/media\/\" \/>\n<meta property=\"og:site_name\" content=\"Perspectives Jeunesse\" \/>\n<meta property=\"article:publisher\" content=\"https:\/\/www.facebook.com\/perspectives.jeunesse\/\" \/>\n<meta property=\"article:modified_time\" content=\"2024-11-18T21:40:09+00:00\" \/>\n<meta name=\"twitter:label1\" content=\"Est. reading time\" \/>\n\t<meta name=\"twitter:data1\" content=\"6 minutes\" \/>\n<script type=\"application\/ld+json\" class=\"yoast-schema-graph\">{\"@context\":\"https:\/\/schema.org\",\"@graph\":[{\"@type\":\"WebPage\",\"@id\":\"https:\/\/dev.olivierraude.me\/perspectivesjeunesse\/media\/\",\"url\":\"https:\/\/dev.olivierraude.me\/perspectivesjeunesse\/media\/\",\"name\":\"M\u00e9dia - Perspectives Jeunesse\",\"isPartOf\":{\"@id\":\"https:\/\/dev.olivierraude.me\/perspectivesjeunesse\/#website\"},\"datePublished\":\"2024-08-27T18:40:17+00:00\",\"dateModified\":\"2024-11-18T21:40:09+00:00\",\"breadcrumb\":{\"@id\":\"https:\/\/dev.olivierraude.me\/perspectivesjeunesse\/media\/#breadcrumb\"},\"inLanguage\":\"en-US\",\"potentialAction\":[{\"@type\":\"ReadAction\",\"target\":[\"https:\/\/dev.olivierraude.me\/perspectivesjeunesse\/media\/\"]}]},{\"@type\":\"BreadcrumbList\",\"@id\":\"https:\/\/dev.olivierraude.me\/perspectivesjeunesse\/media\/#breadcrumb\",\"itemListElement\":[{\"@type\":\"ListItem\",\"position\":1,\"name\":\"Home\",\"item\":\"https:\/\/dev.olivierraude.me\/perspectivesjeunesse\/\"},{\"@type\":\"ListItem\",\"position\":2,\"name\":\"M\u00e9dia\"}]},{\"@type\":\"WebSite\",\"@id\":\"https:\/\/dev.olivierraude.me\/perspectivesjeunesse\/#website\",\"url\":\"https:\/\/dev.olivierraude.me\/perspectivesjeunesse\/\",\"name\":\"Perspectives Jeunesse\",\"description\":\"Pr\u00e9vention du d\u00e9crochage scolaire et soutien au retour \u00e0 l&#039;\u00e9cole\",\"publisher\":{\"@id\":\"https:\/\/dev.olivierraude.me\/perspectivesjeunesse\/#organization\"},\"potentialAction\":[{\"@type\":\"SearchAction\",\"target\":{\"@type\":\"EntryPoint\",\"urlTemplate\":\"https:\/\/dev.olivierraude.me\/perspectivesjeunesse\/?s={search_term_string}\"},\"query-input\":{\"@type\":\"PropertyValueSpecification\",\"valueRequired\":true,\"valueName\":\"search_term_string\"}}],\"inLanguage\":\"en-US\"},{\"@type\":\"Organization\",\"@id\":\"https:\/\/dev.olivierraude.me\/perspectivesjeunesse\/#organization\",\"name\":\"Perspectives Jeunesse\",\"url\":\"https:\/\/dev.olivierraude.me\/perspectivesjeunesse\/\",\"logo\":{\"@type\":\"ImageObject\",\"inLanguage\":\"en-US\",\"@id\":\"https:\/\/dev.olivierraude.me\/perspectivesjeunesse\/#\/schema\/logo\/image\/\",\"url\":\"https:\/\/dev.olivierraude.me\/perspectivesjeunesse\/wp-content\/uploads\/2020\/05\/PJ_RGB_Small.png\",\"contentUrl\":\"https:\/\/dev.olivierraude.me\/perspectivesjeunesse\/wp-content\/uploads\/2020\/05\/PJ_RGB_Small.png\",\"width\":500,\"height\":245,\"caption\":\"Perspectives Jeunesse\"},\"image\":{\"@id\":\"https:\/\/dev.olivierraude.me\/perspectivesjeunesse\/#\/schema\/logo\/image\/\"},\"sameAs\":[\"https:\/\/www.facebook.com\/perspectives.jeunesse\/\",\"https:\/\/www.instagram.com\/pj_perspectivesjeunesse\/\",\"https:\/\/www.youtube.com\/@perspectivesjeunesse-montreal\/\",\"https:\/\/www.linkedin.com\/company\/perspectives-jeunesse\"]}]}<\/script>\n<!-- \/ Yoast SEO plugin. -->","yoast_head_json":{"title":"M\u00e9dia - Perspectives Jeunesse","robots":{"index":"index","follow":"follow","max-snippet":"max-snippet:-1","max-image-preview":"max-image-preview:large","max-video-preview":"max-video-preview:-1"},"canonical":"https:\/\/dev.olivierraude.me\/perspectivesjeunesse\/media\/","og_locale":"en_US","og_type":"article","og_title":"M\u00e9dia - Perspectives Jeunesse","og_url":"https:\/\/dev.olivierraude.me\/perspectivesjeunesse\/media\/","og_site_name":"Perspectives Jeunesse","article_publisher":"https:\/\/www.facebook.com\/perspectives.jeunesse\/","article_modified_time":"2024-11-18T21:40:09+00:00","twitter_misc":{"Est. reading time":"6 minutes"},"schema":{"@context":"https:\/\/schema.org","@graph":[{"@type":"WebPage","@id":"https:\/\/dev.olivierraude.me\/perspectivesjeunesse\/media\/","url":"https:\/\/dev.olivierraude.me\/perspectivesjeunesse\/media\/","name":"M\u00e9dia - Perspectives Jeunesse","isPartOf":{"@id":"https:\/\/dev.olivierraude.me\/perspectivesjeunesse\/#website"},"datePublished":"2024-08-27T18:40:17+00:00","dateModified":"2024-11-18T21:40:09+00:00","breadcrumb":{"@id":"https:\/\/dev.olivierraude.me\/perspectivesjeunesse\/media\/#breadcrumb"},"inLanguage":"en-US","potentialAction":[{"@type":"ReadAction","target":["https:\/\/dev.olivierraude.me\/perspectivesjeunesse\/media\/"]}]},{"@type":"BreadcrumbList","@id":"https:\/\/dev.olivierraude.me\/perspectivesjeunesse\/media\/#breadcrumb","itemListElement":[{"@type":"ListItem","position":1,"name":"Home","item":"https:\/\/dev.olivierraude.me\/perspectivesjeunesse\/"},{"@type":"ListItem","position":2,"name":"M\u00e9dia"}]},{"@type":"WebSite","@id":"https:\/\/dev.olivierraude.me\/perspectivesjeunesse\/#website","url":"https:\/\/dev.olivierraude.me\/perspectivesjeunesse\/","name":"Perspectives Jeunesse","description":"Pr\u00e9vention du d\u00e9crochage scolaire et soutien au retour \u00e0 l&#039;\u00e9cole","publisher":{"@id":"https:\/\/dev.olivierraude.me\/perspectivesjeunesse\/#organization"},"potentialAction":[{"@type":"SearchAction","target":{"@type":"EntryPoint","urlTemplate":"https:\/\/dev.olivierraude.me\/perspectivesjeunesse\/?s={search_term_string}"},"query-input":{"@type":"PropertyValueSpecification","valueRequired":true,"valueName":"search_term_string"}}],"inLanguage":"en-US"},{"@type":"Organization","@id":"https:\/\/dev.olivierraude.me\/perspectivesjeunesse\/#organization","name":"Perspectives Jeunesse","url":"https:\/\/dev.olivierraude.me\/perspectivesjeunesse\/","logo":{"@type":"ImageObject","inLanguage":"en-US","@id":"https:\/\/dev.olivierraude.me\/perspectivesjeunesse\/#\/schema\/logo\/image\/","url":"https:\/\/dev.olivierraude.me\/perspectivesjeunesse\/wp-content\/uploads\/2020\/05\/PJ_RGB_Small.png","contentUrl":"https:\/\/dev.olivierraude.me\/perspectivesjeunesse\/wp-content\/uploads\/2020\/05\/PJ_RGB_Small.png","width":500,"height":245,"caption":"Perspectives Jeunesse"},"image":{"@id":"https:\/\/dev.olivierraude.me\/perspectivesjeunesse\/#\/schema\/logo\/image\/"},"sameAs":["https:\/\/www.facebook.com\/perspectives.jeunesse\/","https:\/\/www.instagram.com\/pj_perspectivesjeunesse\/","https:\/\/www.youtube.com\/@perspectivesjeunesse-montreal\/","https:\/\/www.linkedin.com\/company\/perspectives-jeunesse"]}]}},"_links":{"self":[{"href":"https:\/\/dev.olivierraude.me\/perspectivesjeunesse\/wp-json\/wp\/v2\/pages\/3582","targetHints":{"allow":["GET"]}}],"collection":[{"href":"https:\/\/dev.olivierraude.me\/perspectivesjeunesse\/wp-json\/wp\/v2\/pages"}],"about":[{"href":"https:\/\/dev.olivierraude.me\/perspectivesjeunesse\/wp-json\/wp\/v2\/types\/page"}],"author":[{"embeddable":true,"href":"https:\/\/dev.olivierraude.me\/perspectivesjeunesse\/wp-json\/wp\/v2\/users\/3457"}],"replies":[{"embeddable":true,"href":"https:\/\/dev.olivierraude.me\/perspectivesjeunesse\/wp-json\/wp\/v2\/comments?post=3582"}],"version-history":[{"count":95,"href":"https:\/\/dev.olivierraude.me\/perspectivesjeunesse\/wp-json\/wp\/v2\/pages\/3582\/revisions"}],"predecessor-version":[{"id":4203,"href":"https:\/\/dev.olivierraude.me\/perspectivesjeunesse\/wp-json\/wp\/v2\/pages\/3582\/revisions\/4203"}],"wp:attachment":[{"href":"https:\/\/dev.olivierraude.me\/perspectivesjeunesse\/wp-json\/wp\/v2\/media?parent=3582"}],"curies":[{"name":"wp","href":"https:\/\/api.w.org\/{rel}","templated":true}]}}