{"id":557,"date":"2020-05-27T11:41:10","date_gmt":"2020-05-27T15:41:10","guid":{"rendered":"http:\/\/wp85932.wpdns.ca\/?page_id=557"},"modified":"2024-11-27T10:49:54","modified_gmt":"2024-11-27T14:49:54","slug":"perspectives-jeunesse-en-bref","status":"publish","type":"page","link":"https:\/\/dev.olivierraude.me\/perspectivesjeunesse\/perspectives-jeunesse-en-bref\/","title":{"rendered":"Perspectives jeunesse en bref"},"content":{"rendered":"<section class=\"l-section wpb_row height_auto\"><div class=\"l-section-h i-cf\"><div class=\"g-cols vc_row via_flex valign_top type_default stacking_default\"><div class=\"vc_col-sm-12 wpb_column vc_column_container\"><div class=\"vc_column-inner\"><div class=\"wpb_wrapper\">\n\t\t\t<!-- START SliderEnbref REVOLUTION SLIDER 6.6.8 --><p class=\"rs-p-wp-fix\"><\/p>\n\t\t\t<rs-module-wrap id=\"rev_slider_3_1_wrapper\" data-source=\"gallery\" style=\"visibility:hidden;background:transparent;padding:0;margin:0px auto;margin-top:0;margin-bottom:0;\">\n\t\t\t\t<rs-module id=\"rev_slider_3_1\" style=\"\" data-version=\"6.6.8\">\n\t\t\t\t\t<rs-slides style=\"overflow: hidden; position: absolute;\">\n\t\t\t\t\t\t<rs-slide style=\"position: absolute;\" data-key=\"rs-9\" data-title=\"Slide\" data-anim=\"ms:1000;r:0;\" data-in=\"o:0;\" data-out=\"a:false;\">\n\t\t\t\t\t\t\t<img decoding=\"async\" src=\"\/\/dev.olivierraude.me\/perspectivesjeunesse\/wp-content\/plugins\/revslider\/public\/assets\/assets\/dummy.png\" alt=\"Slide\" title=\"Perspectives jeunesse en bref\" class=\"rev-slidebg tp-rs-img rs-lazyload\" data-lazyload=\"\/\/dev.olivierraude.me\/perspectivesjeunesse\/wp-content\/plugins\/revslider\/public\/assets\/assets\/transparent.png\" data-bg=\"c:#2fb6b6;\" data-no-retina>\n<!--\n\t\t\t\t\t\t\t--><rs-layer\n\t\t\t\t\t\t\t\tid=\"slider-3-slide-9-layer-2\" \n\t\t\t\t\t\t\t\tdata-type=\"text\"\n\t\t\t\t\t\t\t\tdata-rsp_ch=\"on\"\n\t\t\t\t\t\t\t\tdata-xy=\"x:c;xo:-450px,-450px,-450px,0;y:m;yo:-200px,-200px,-200px,-10px;\"\n\t\t\t\t\t\t\t\tdata-text=\"w:normal;s:70,70,70,48;l:70,70,70,16;fw:600;a:center;\"\n\t\t\t\t\t\t\t\tdata-frame_999=\"o:0;st:w;\"\n\t\t\t\t\t\t\t\tstyle=\"z-index:5;font-family:'Nunito';\"\n\t\t\t\t\t\t\t>\u00c0 propos \n\t\t\t\t\t\t\t<\/rs-layer><!--\n\n\t\t\t\t\t\t\t--><rs-layer\n\t\t\t\t\t\t\t\tid=\"slider-3-slide-9-layer-4\" \n\t\t\t\t\t\t\t\tdata-type=\"image\"\n\t\t\t\t\t\t\t\tdata-rsp_ch=\"on\"\n\t\t\t\t\t\t\t\tdata-xy=\"x:r,r,r,c;y:m,m,m,t;yo:0,0,0,20px;\"\n\t\t\t\t\t\t\t\tdata-text=\"w:normal;s:20,20,20,4;l:0,0,0,6;\"\n\t\t\t\t\t\t\t\tdata-dim=\"w:1000px,1000px,1000px,90%;h:667px,667px,667px,auto;\"\n\t\t\t\t\t\t\t\tdata-frame_999=\"o:0;st:w;\"\n\t\t\t\t\t\t\t\tstyle=\"z-index:7;\"\n\t\t\t\t\t\t\t><img decoding=\"async\" src=\"\/\/dev.olivierraude.me\/perspectivesjeunesse\/wp-content\/plugins\/revslider\/public\/assets\/assets\/dummy.png\" alt=\"\" class=\"tp-rs-img rs-lazyload\" width=\"1500\" height=\"1000\" data-lazyload=\"\/\/perspectivesjeunesse.org\/wp-content\/uploads\/2020\/05\/illustration-1500x1000-04.png\" data-no-retina> \n\t\t\t\t\t\t\t<\/rs-layer><!--\n\n\t\t\t\t\t\t\t--><rs-layer\n\t\t\t\t\t\t\t\tid=\"slider-3-slide-9-layer-11\" \n\t\t\t\t\t\t\t\tdata-type=\"text\"\n\t\t\t\t\t\t\t\tdata-rsp_ch=\"on\"\n\t\t\t\t\t\t\t\tdata-xy=\"x:c,c,c,l;xo:-450px,-450px,-450px,50px;y:m,m,m,b;yo:80px,80px,80px,40px;\"\n\t\t\t\t\t\t\t\tdata-text=\"w:normal;s:30,30,30,18;l:40,40,40,24;a:center;\"\n\t\t\t\t\t\t\t\tdata-dim=\"w:40%,40%,40%,80%;\"\n\t\t\t\t\t\t\t\tdata-frame_999=\"o:0;st:w;\"\n\t\t\t\t\t\t\t\tstyle=\"z-index:8;font-family:'Roboto';\"\n\t\t\t\t\t\t\t>Depuis 2006, Perspectives Jeunesse a pour but de pr\u00e9venir le d\u00e9crochage scolaire et social chez les jeunes, gr\u00e2ce \u00e0 son approche globale d'intervention. En effet, l'\u00e9quipe d'intervention accompagne les jeunes autant dans leur parcours \u00e9ducatif que dans leur d\u00e9veloppement personnel et les aide \u00e0 d\u00e9velopper un sentiment d'appartenance \u00e0 leur milieu. Ce travail aupr\u00e8s des jeunes est effectu\u00e9 en collaboration avec les partenaires de la communaut\u00e9, <br \/>\ndes \u00e9quipes-\u00e9coles et des parents. \n\t\t\t\t\t\t\t<\/rs-layer><!--\n-->\t\t\t\t\t\t<\/rs-slide>\n\t\t\t\t\t<\/rs-slides>\n\t\t\t\t<\/rs-module>\n\t\t\t\t<script>\n\t\t\t\t\tsetREVStartSize({c: 'rev_slider_3_1',rl:[1240,1240,1240,480],el:[750,750,750,720],gw:[2000,2000,2000,480],gh:[750,750,750,720],type:'standard',justify:'',layout:'fullwidth',mh:\"0\"});if (window.RS_MODULES!==undefined && window.RS_MODULES.modules!==undefined && window.RS_MODULES.modules[\"revslider31\"]!==undefined) {window.RS_MODULES.modules[\"revslider31\"].once = false;window.revapi3 = undefined;if (window.RS_MODULES.checkMinimal!==undefined) window.RS_MODULES.checkMinimal()}\n\t\t\t\t<\/script>\n\t\t\t<\/rs-module-wrap>\n\t\t\t<!-- END REVOLUTION SLIDER -->\n<\/div><\/div><\/div><\/div><\/div><\/section><section class=\"l-section wpb_row height_medium\" id=\"pj\"><div class=\"l-section-h i-cf\"><div class=\"g-cols vc_row via_flex valign_top type_default stacking_default\"><div class=\"vc_col-sm-12 wpb_column vc_column_container us_animate_afb\"><div class=\"vc_column-inner\"><div class=\"wpb_wrapper\"><div class=\"wpb_text_column\"><div class=\"wpb_wrapper\"><h1 style=\"text-align: center;\">Perspectives jeunesse, c\u2019est n\u00e9cessaire<\/h1>\n<p style=\"text-align: center;\">Perspectives Jeunesse est un v\u00e9ritable agent de liaison qui offre des programmes structurants<br \/>\nen favorisant la connaissance et l\u2019utilisation des services de la communaut\u00e9.<\/p>\n<\/div><\/div><div class=\"w-image us_custom_62f661de align_center\"><div class=\"w-image-h\"><img loading=\"lazy\" decoding=\"async\" width=\"1024\" height=\"650\" src=\"https:\/\/dev.olivierraude.me\/perspectivesjeunesse\/wp-content\/uploads\/2022\/11\/PJ_Bilan_chiffre_2022-1024x650.png\" class=\"attachment-large size-large\" alt=\"\" srcset=\"https:\/\/dev.olivierraude.me\/perspectivesjeunesse\/wp-content\/uploads\/2022\/11\/PJ_Bilan_chiffre_2022-1024x650.png 1024w, https:\/\/dev.olivierraude.me\/perspectivesjeunesse\/wp-content\/uploads\/2022\/11\/PJ_Bilan_chiffre_2022-300x191.png 300w, https:\/\/dev.olivierraude.me\/perspectivesjeunesse\/wp-content\/uploads\/2022\/11\/PJ_Bilan_chiffre_2022-800x508.png 800w, https:\/\/dev.olivierraude.me\/perspectivesjeunesse\/wp-content\/uploads\/2022\/11\/PJ_Bilan_chiffre_2022.png 2000w\" sizes=\"auto, (max-width: 1024px) 100vw, 1024px\" \/><\/div><\/div><\/div><\/div><\/div><\/div><\/div><\/section><section class=\"l-section wpb_row us_custom_b2a27c04 height_medium\" id=\"mission\"><div class=\"l-section-h i-cf\"><div class=\"g-cols vc_row via_flex valign_top type_default stacking_default\"><div class=\"vc_col-sm-4 wpb_column vc_column_container us_animate_afb\"><div class=\"vc_column-inner\"><div class=\"wpb_wrapper\"><\/div><\/div><\/div><div class=\"vc_col-sm-2 wpb_column vc_column_container us_animate_afb\"><div class=\"vc_column-inner\"><div class=\"wpb_wrapper\"><div class=\"w-image us_custom_8bd21293 align_none\"><div class=\"w-image-h\"><img loading=\"lazy\" decoding=\"async\" width=\"500\" height=\"1000\" src=\"https:\/\/dev.olivierraude.me\/perspectivesjeunesse\/wp-content\/uploads\/2020\/05\/illustration-1000x500-04.png\" class=\"attachment-large size-large\" alt=\"\" srcset=\"https:\/\/dev.olivierraude.me\/perspectivesjeunesse\/wp-content\/uploads\/2020\/05\/illustration-1000x500-04.png 500w, https:\/\/dev.olivierraude.me\/perspectivesjeunesse\/wp-content\/uploads\/2020\/05\/illustration-1000x500-04-150x300.png 150w, https:\/\/dev.olivierraude.me\/perspectivesjeunesse\/wp-content\/uploads\/2020\/05\/illustration-1000x500-04-300x600.png 300w\" sizes=\"auto, (max-width: 500px) 100vw, 500px\" \/><\/div><\/div><\/div><\/div><\/div><div class=\"vc_col-sm-6 wpb_column vc_column_container us_animate_afb\"><div class=\"vc_column-inner\"><div class=\"wpb_wrapper\"><div class=\"wpb_text_column\"><div class=\"wpb_wrapper\"><h2>Notre mission<\/h2>\n<p>La mission de Perspectives Jeunesse est de soutenir les jeunes vivant des difficult\u00e9s tant personnelles, familiales, scolaires que sociales afin de favoriser la pr\u00e9vention du d\u00e9crochage scolaire et social, la r\u00e9insertion scolaire et l&#8217;insertion socioprofessionnelle. Perspectives Jeunesse, c&#8217;est aussi un organisme qui soutient, \u00e9coute et informe les parents en tant qu&#8217;acteurs essentiels dans la lutte au d\u00e9crochage scolaire.<\/p>\n<\/div><\/div><\/div><\/div><\/div><\/div><\/div><\/section><section class=\"l-section wpb_row us_custom_074887ef has_text_color height_medium\" id=\"valeurs\"><div class=\"l-section-h i-cf\"><div class=\"g-cols vc_row via_flex valign_top type_default stacking_default\"><div class=\"vc_col-sm-12 wpb_column vc_column_container us_animate_afb\"><div class=\"vc_column-inner\"><div class=\"wpb_wrapper\"><div class=\"g-cols wpb_row us_custom_e89588df via_flex valign_top type_default stacking_default\"><div class=\"vc_col-sm-6 wpb_column vc_column_container\"><div class=\"vc_column-inner\"><div class=\"wpb_wrapper\"><div class=\"wpb_text_column\"><div class=\"wpb_wrapper\"><h2>Nos valeurs<\/h2>\n<h4><strong>Int\u00e9grit\u00e9<\/strong><\/h4>\n<p>\u00catre int\u00e8gre signifie faire preuve de transparence, d&#8217;authenticit\u00e9 et d&#8217;humilit\u00e9 dans toutes les sph\u00e8res de notre travail. Cela se traduit par une bonne compr\u00e9hension de notre mandat et des limites de celui-ci. \u00catre int\u00e8gre n\u00e9cessite parfois de remettre en question notre analyse de la situation v\u00e9cue par les jeunes et nos interventions. \u00catre int\u00e8gre, c\u2019est aussi conna\u00eetre, respecter et nommer ses limites personnelles.<\/p>\n<\/div><\/div><\/div><\/div><\/div><div class=\"vc_col-sm-6 wpb_column vc_column_container\"><div class=\"vc_column-inner\"><div class=\"wpb_wrapper\"><div class=\"w-separator size_small\"><\/div><div class=\"w-separator size_small\"><\/div><div class=\"w-separator size_small\"><\/div><div class=\"wpb_text_column\"><div class=\"wpb_wrapper\"><h4><strong>Entraide<\/strong><\/h4>\n<p>L\u2019entraide implique de prendre le temps de consulter les jeunes sur leurs besoins et leurs objectifs afin de travailler vers l\u2019atteinte d\u2019un but commun. Le r\u00f4le d\u2019agent de liaison des intervenant.es et enseignant.es de Perspectives Jeunesse permet de travailler conjointement dans l\u2019int\u00e9r\u00eat des jeunes avec toutes les personnes pouvant r\u00e9pondre \u00e0 leurs besoins. L\u2019entraide se traduit \u00e9galement par le partage des savoirs, la confiance, le soutien et l\u2019\u00e9coute entre coll\u00e8gues\u00a0: employ\u00e9.es, membre du conseil d\u2019administration, b\u00e9n\u00e9voles et partenaires.<\/p>\n<\/div><\/div><\/div><\/div><\/div><\/div><div class=\"g-cols wpb_row us_custom_43d836d8 via_flex valign_top type_default stacking_default\"><div class=\"vc_col-sm-6 wpb_column vc_column_container\"><div class=\"vc_column-inner\"><div class=\"wpb_wrapper\"><div class=\"w-separator size_small\"><\/div><div class=\"wpb_text_column\"><div class=\"wpb_wrapper\"><h4><strong>Inclusion<\/strong><\/h4>\n<p>L\u2019inclusion c&#8217;est accueillir, consid\u00e9rer et valoriser une personne tel qu\u2019elle est et qu\u2019elle souhaite devenir, et ce, sans jugement, sans discrimination ni \u00e9tiquette. Cela se traduit notamment par l\u2019inclusion des jeunes dans les d\u00e9marches mises en place pour r\u00e9pondre \u00e0 leurs besoins, mais aussi par l\u2019inclusion des employ\u00e9.es, des membres du conseil d\u2019administration et des b\u00e9n\u00e9voles dans le d\u00e9veloppement de l\u2019organisme.<\/p>\n<\/div><\/div><\/div><\/div><\/div><div class=\"vc_col-sm-6 wpb_column vc_column_container\"><div class=\"vc_column-inner\"><div class=\"wpb_wrapper\"><div class=\"w-separator size_small\"><\/div><div class=\"wpb_text_column\"><div class=\"wpb_wrapper\"><h4><strong>Autonomie<\/strong><\/h4>\n<p>Un \u00e9l\u00e9ment central de notre travail aupr\u00e8s des jeunes est de les outiller afin qu\u2019ils et qu\u2019elles d\u00e9veloppent leur autonomie et leur pouvoir d\u2019agir. Les employ\u00e9.es de Perspectives Jeunesse sont encourag\u00e9.es \u00e0 faire preuve d&#8217;autonomie dans le cadre de leur mandat pour mettre en place les actions appropri\u00e9es pouvant r\u00e9pondre aux besoins des jeunes. Nous sommes convaincus que l\u2019autonomie favorise la cr\u00e9ativit\u00e9, la proactivit\u00e9 et le bien-\u00eatre des employ\u00e9.es de Perspectives Jeunesse.<\/p>\n<\/div><\/div><\/div><\/div><\/div><\/div><div class=\"g-cols wpb_row us_custom_e89588df via_flex valign_top type_default stacking_default\"><div class=\"vc_col-sm-6 wpb_column vc_column_container\"><div class=\"vc_column-inner\"><div class=\"wpb_wrapper\"><div class=\"w-separator size_small\"><\/div><div class=\"wpb_text_column\"><div class=\"wpb_wrapper\"><h4><strong>Confidentialit\u00e9<\/strong><\/h4>\n<p>Chacun et chacune a droit \u00e0 la confidentialit\u00e9 de ses informations personnelles : les jeunes, les parents, les membres des \u00e9quipes d\u2019intervention et de gestion, les membres du conseil d\u2019administration, les b\u00e9n\u00e9voles, les partenaires, etc. Les intervenant.es et enseignant.es de Perspectives Jeunesse respectent le droit \u00e0 la confidentialit\u00e9 des jeunes, sauf dans les cas pr\u00e9vus par la loi. \u00c0 ce moment, le ou la jeune est inform\u00e9 de la n\u00e9cessit\u00e9 de divulguer l\u2019information re\u00e7ue. Nous favorisons l\u2019implication des jeunes dans les d\u00e9marches de divulgation afin de favoriser le d\u00e9veloppement de leur pouvoir d\u2019agir.<\/p>\n<\/div><\/div><\/div><\/div><\/div><div class=\"vc_col-sm-6 wpb_column vc_column_container\"><div class=\"vc_column-inner\"><div class=\"wpb_wrapper\"><div class=\"w-separator size_small\"><\/div><div class=\"wpb_text_column\"><div class=\"wpb_wrapper\"><h4><strong>Respect<\/strong><\/h4>\n<p>Sous-jacent \u00e0 chacune des valeurs pr\u00e9c\u00e9dentes, le respect se traduit par une attitude d\u2019ouverture, de non-jugement, de bienveillance et de collaboration, touchant toutes les relations de travail. Dans leurs interventions, les employ\u00e9.es respectent le rythme des jeunes ainsi que leurs besoins et objectifs afin d&#8217;assurer leur engagement dans l\u2019accompagnement offert.<\/p>\n<\/div><\/div><\/div><\/div><\/div><\/div><\/div><\/div><\/div><\/div><\/div><\/section><section class=\"l-section wpb_row height_medium\" id=\"cause\"><div class=\"l-section-h i-cf\"><div class=\"g-cols vc_row via_flex valign_top type_default stacking_default\"><div class=\"vc_col-sm-2 wpb_column vc_column_container us_animate_afb\"><div class=\"vc_column-inner\"><div class=\"wpb_wrapper\"><div class=\"w-image us_custom_8bd21293 align_none\"><div class=\"w-image-h\"><img loading=\"lazy\" decoding=\"async\" width=\"500\" height=\"1000\" src=\"https:\/\/dev.olivierraude.me\/perspectivesjeunesse\/wp-content\/uploads\/2020\/05\/illustration-1000x500-01.png\" class=\"attachment-large size-large\" alt=\"\" srcset=\"https:\/\/dev.olivierraude.me\/perspectivesjeunesse\/wp-content\/uploads\/2020\/05\/illustration-1000x500-01.png 500w, https:\/\/dev.olivierraude.me\/perspectivesjeunesse\/wp-content\/uploads\/2020\/05\/illustration-1000x500-01-150x300.png 150w, https:\/\/dev.olivierraude.me\/perspectivesjeunesse\/wp-content\/uploads\/2020\/05\/illustration-1000x500-01-300x600.png 300w\" sizes=\"auto, (max-width: 500px) 100vw, 500px\" \/><\/div><\/div><\/div><\/div><\/div><div class=\"vc_col-sm-8 wpb_column vc_column_container us_animate_afb\"><div class=\"vc_column-inner\"><div class=\"wpb_wrapper\"><div class=\"wpb_text_column\"><div class=\"wpb_wrapper\"><h1>Notre cause<\/h1>\n<p>La r\u00e9ussite \u00e9ducative nous concerne tous et toutes, car il en va autant de l\u2019avenir de notre rel\u00e8ve, que de celui de notre soci\u00e9t\u00e9. Pour avoir la chance de compl\u00e9ter leur parcours acad\u00e9mique et de se r\u00e9aliser comme adulte, nos jeunes doivent apprendre \u00e0 se conna\u00eetre, comprendre le monde qui les entoure et se sentir en contr\u00f4le de leur vie.<\/p>\n<h5>Saviez-vous que\u2026<\/h5>\n<ul class=\"arrow\">\n<li class=\"arrow\">Les non-dipl\u00f4m\u00e9.e.s ont une esp\u00e9rance de vie<br \/>\net un salaire moyen inf\u00e9rieur aux dipl\u00f4m\u00e9s ?<\/li>\n<li class=\"arrow\">63% de la population carc\u00e9rale ne poss\u00e8de pas de dipl\u00f4me ?<\/li>\n<li class=\"arrow\">Le taux de ch\u00f4mage chez les d\u00e9crocheurs et les d\u00e9crocheuses est deux fois plus \u00e9lev\u00e9 ?<\/li>\n<li class=\"arrow\">Chaque cohorte de d\u00e9crocheurs et de d\u00e9crocheuses repr\u00e9sente pour le gouvernement un manque \u00e0 gagner de 1,9 milliard $ en valeur actualis\u00e9e\u202f?<\/li>\n<\/ul>\n<p><em>(Groupe d\u2019action sur la pers\u00e9v\u00e9rance et la r\u00e9ussite scolaires au Qu\u00e9bec, 2009).<\/em><\/p>\n<p>Soutenir la pers\u00e9v\u00e9rance scolaire des jeunes, c\u2019est d\u2019abord mettre en place des facteurs de protection face \u00e0 diff\u00e9rentes probl\u00e9matiques comme la pauvret\u00e9, l\u2019exclusion sociale, la criminalit\u00e9, la toxicomanie ainsi que les troubles de sant\u00e9 physique et mentale. C\u2019est aussi contribuer \u00e0 diminuer les co\u00fbts sociaux et \u00e9conomiques du d\u00e9crochage scolaire.<\/p>\n<\/div><\/div><\/div><\/div><\/div><div class=\"vc_col-sm-2 wpb_column vc_column_container us_animate_afb\"><div class=\"vc_column-inner\"><div class=\"wpb_wrapper\"><\/div><\/div><\/div><\/div><\/div><\/section><section class=\"l-section wpb_row us_custom_074887ef has_text_color height_small\"><div class=\"l-section-h i-cf\"><div class=\"g-cols vc_row via_flex valign_top type_default stacking_default\"><div class=\"vc_col-sm-2 wpb_column vc_column_container us_animate_afb\"><div class=\"vc_column-inner\"><div class=\"wpb_wrapper\"><\/div><\/div><\/div><div class=\"vc_col-sm-2 wpb_column vc_column_container us_animate_afb\"><div class=\"vc_column-inner\"><div class=\"wpb_wrapper\"><div class=\"w-image us_custom_8bd21293 align_none\"><div class=\"w-image-h\"><img loading=\"lazy\" decoding=\"async\" width=\"500\" height=\"1000\" src=\"https:\/\/dev.olivierraude.me\/perspectivesjeunesse\/wp-content\/uploads\/2020\/06\/illustration-1000x500-04-2.png\" class=\"attachment-large size-large\" alt=\"\" srcset=\"https:\/\/dev.olivierraude.me\/perspectivesjeunesse\/wp-content\/uploads\/2020\/06\/illustration-1000x500-04-2.png 500w, https:\/\/dev.olivierraude.me\/perspectivesjeunesse\/wp-content\/uploads\/2020\/06\/illustration-1000x500-04-2-150x300.png 150w\" sizes=\"auto, (max-width: 500px) 100vw, 500px\" \/><\/div><\/div><\/div><\/div><\/div><div class=\"vc_col-sm-8 wpb_column vc_column_container\"><div class=\"vc_column-inner\"><div class=\"wpb_wrapper\"><div class=\"wpb_text_column\"><div class=\"wpb_wrapper\"><h1>Notre objectif g\u00e9n\u00e9ral<\/h1>\n<p>Favoriser le d\u00e9veloppement de la motivation scolaire chez les jeunes que nous accompagnons, c\u2019est-\u00e0-dire <i>un \u00e9tat dynamique qui a ses origines dans les perceptions qu&#8217;un \u00e9l\u00e8ve a de lui-m\u00eame et de son environnement et l&#8217;incite \u00e0 choisir une activit\u00e9, \u00e0 s&#8217;y engager et \u00e0 pers\u00e9v\u00e9rer dans son accomplissement afin d&#8217;atteindre un but<\/i> (Viau, R., 1994).<\/p>\n<\/div><\/div><\/div><\/div><\/div><\/div><\/div><\/section><section class=\"l-section wpb_row us_custom_472cedbb has_text_color height_medium\"><div class=\"l-section-h i-cf\"><div class=\"g-cols vc_row via_flex valign_top type_default stacking_default\"><div class=\"vc_col-sm-2 wpb_column vc_column_container us_animate_afb\"><div class=\"vc_column-inner\"><div class=\"wpb_wrapper\"><div class=\"w-image us_custom_8bd21293 align_none\"><div class=\"w-image-h\"><img loading=\"lazy\" decoding=\"async\" width=\"500\" height=\"1000\" src=\"https:\/\/dev.olivierraude.me\/perspectivesjeunesse\/wp-content\/uploads\/2020\/05\/illustration-1000x500-03.png\" class=\"attachment-large size-large\" alt=\"\" srcset=\"https:\/\/dev.olivierraude.me\/perspectivesjeunesse\/wp-content\/uploads\/2020\/05\/illustration-1000x500-03.png 500w, https:\/\/dev.olivierraude.me\/perspectivesjeunesse\/wp-content\/uploads\/2020\/05\/illustration-1000x500-03-150x300.png 150w, https:\/\/dev.olivierraude.me\/perspectivesjeunesse\/wp-content\/uploads\/2020\/05\/illustration-1000x500-03-300x600.png 300w\" sizes=\"auto, (max-width: 500px) 100vw, 500px\" \/><\/div><\/div><\/div><\/div><\/div><div class=\"vc_col-sm-8 wpb_column vc_column_container us_animate_afb\"><div class=\"vc_column-inner\"><div class=\"wpb_wrapper\"><div class=\"wpb_text_column\"><div class=\"wpb_wrapper\"><h2>Les causes du d\u00e9crochage scolaire<\/h2>\n<p>Qu&#8217;est-ce qui peut pousser un.e adolescent.e \u00e0 abandonner l&#8217;\u00e9cole? Les causes peuvent \u00eatre multiples et parfois difficiles \u00e0 identifier avec certitudes.<\/p>\n<h5>Parmi les diff\u00e9rents facteurs influen\u00e7ant leur d\u00e9crochage, notons les conditions :<\/h5>\n<ul class=\"arrow\">\n<li class=\"arrow\">personnelles et sociologiques: personnalit\u00e9 (faible estime de soi, moins de sentiment de contr\u00f4le, etc.), exp\u00e9rience scolaire, probl\u00e8mes de sant\u00e9 ou d\u2019ordre juridique, diff\u00e9rences culturelles, langue maternelle diff\u00e9rente;<\/li>\n<li class=\"arrow\">interpersonnelles: rejet de la part des autres jeunes, isolement social, conflits avec les adultes de l\u2019\u00e9cole;<\/li>\n<li class=\"arrow\">socio\u00e9conomiques : faible revenu familial, scolarit\u00e9 de la m\u00e8re;<\/li>\n<li class=\"arrow\">familiales : divorce des parents, manque de valorisation de l\u2019\u00e9cole par les parents;<\/li>\n<li class=\"arrow\">institutionnelles : climat scolaire et soutien des adultes de l\u2019\u00e9cole (Janosz, 2000 ; MELS 2004, 2005, 2007 ; Lapointe et al., 2008).<\/li>\n<\/ul>\n<\/div><\/div><\/div><\/div><\/div><div class=\"vc_col-sm-2 wpb_column vc_column_container has_text_color us_animate_afb\"><div class=\"vc_column-inner us_custom_6df4bc3a\"><div class=\"wpb_wrapper\"><\/div><\/div><\/div><\/div><\/div><\/section><section class=\"l-section wpb_row height_medium with_img parallax_ver\"><div class=\"l-section-img\" data-img-width=\"2500\" data-img-height=\"1524\" style=\"background-image: url(https:\/\/dev.olivierraude.me\/perspectivesjeunesse\/wp-content\/uploads\/2020\/05\/illustration-2000x1334-04.jpg);background-repeat: no-repeat;\"><\/div><div class=\"l-section-h i-cf\"><div class=\"g-cols vc_row via_flex valign_top type_default stacking_default\"><div class=\"vc_col-sm-12 wpb_column vc_column_container us_animate_afb\"><div class=\"vc_column-inner\"><div class=\"wpb_wrapper\"><div class=\"wpb_text_column us_custom_9deb4b07\"><div class=\"wpb_wrapper\"><h2 style=\"text-align: center;\"><span class=\"TextRun MacChromeBold BCX0 SCXW20529531\" lang=\"FR-FR\" xml:lang=\"FR-FR\" data-contrast=\"none\"><span class=\"NormalTextRun BCX0 SCXW20529531\" data-ccp-parastyle=\"Corps\">Le d\u00e9crochage scolaire<\/span><\/span><\/h2>\n<\/div><\/div><div class=\"g-cols wpb_row via_flex valign_top type_default stacking_default\"><div class=\"vc_col-sm-6 wpb_column vc_column_container has_bg_color\"><div class=\"vc_column-inner us_custom_7659e4c5\"><div class=\"wpb_wrapper\"><div class=\"w-iconbox iconpos_top style_circle color_primary align_center\"><div class=\"w-iconbox-icon\" style=\"font-size:2rem;\"><i class=\"fas fa-users\"><\/i><\/div><div class=\"w-iconbox-meta\"><h3 class=\"w-iconbox-title\">Un co\u00fbt social<\/h3><div class=\"w-iconbox-text\"><p style=\"color: #58585a;\">Plusieurs \u00e9tudes r\u00e9alis\u00e9es indiquent que les d\u00e9crocheurs et les d\u00e9crocheuses ont plus de difficult\u00e9s dans leur int\u00e9gration socioprofessionnelle, sont plus isol\u00e9.e.s socialement, pourraient \u00e9prouver davantage de probl\u00e8mes de sant\u00e9 physique et mentale, sont plus susceptibles de d\u00e9velopper des attitudes et des comportements sexuels pr\u00e9coces et \u00e0 risque, courent plus de risques d\u2019\u00eatre associ\u00e9.e.s \u00e0 la criminalit\u00e9 juv\u00e9nile et adulte et de voir leurs enfants d\u00e9crocher de l\u2019\u00e9cole quand ils et elles seront parents (Janosz, 2000; \u202fArchambault, 2006).<\/p>\n<\/div><\/div><\/div><\/div><\/div><\/div><div class=\"vc_col-sm-6 wpb_column vc_column_container has_bg_color\"><div class=\"vc_column-inner us_custom_7659e4c5\"><div class=\"wpb_wrapper\"><div class=\"w-iconbox iconpos_top style_circle color_primary align_center\"><div class=\"w-iconbox-icon\" style=\"font-size:2rem;\"><i class=\"fas fa-dollar-sign\"><\/i><\/div><div class=\"w-iconbox-meta\"><h3 class=\"w-iconbox-title\">Un co\u00fbt \u00e9conomique<\/h3><div class=\"w-iconbox-text\"><p>Le d\u00e9crochage scolaire est l\u2019affaire de tous et toutes : avec plus de 12 000 d\u00e9crocheurs et d\u00e9crocheuses chaque ann\u00e9e au Qu\u00e9bec (MEES, 2013), l\u2019\u00e9tat aura un manque \u00e0 gagner de plus de 1,9 milliard de dollars au terme de la vie de ces personnes (Groupe d\u2019action sur la pers\u00e9v\u00e9rance et la r\u00e9ussite scolaires, 2009). Ch\u00f4mage, aide sociale, pertes de travailleurs et de travailleuses qualifi\u00e9.e.s\u2026 <span style=\"color: #58585a;\">Les r\u00e9percussions \u00e9conomiques du d\u00e9crochage scolaire sont nombreuses et touchent l\u2019ensemble de notre soci\u00e9t\u00e9.<\/span><\/p>\n<\/div><\/div><\/div><\/div><\/div><\/div><\/div><\/div><\/div><\/div><\/div><\/div><\/section><section class=\"l-section wpb_row us_custom_074887ef has_text_color height_medium\" id=\"histoire\"><div class=\"l-section-h i-cf\"><div class=\"g-cols vc_row via_flex valign_top type_default stacking_default\"><div class=\"vc_col-sm-3 wpb_column vc_column_container us_animate_afb\"><div class=\"vc_column-inner\"><div class=\"wpb_wrapper\"><\/div><\/div><\/div><div class=\"vc_col-sm-8 wpb_column vc_column_container us_animate_afb\"><div class=\"vc_column-inner\"><div class=\"wpb_wrapper\"><div class=\"w-image align_none\"><div class=\"w-image-h\"><img loading=\"lazy\" decoding=\"async\" width=\"1024\" height=\"683\" src=\"https:\/\/dev.olivierraude.me\/perspectivesjeunesse\/wp-content\/uploads\/2020\/05\/illustration-2000x1334-01-1024x683.png\" class=\"attachment-large size-large\" alt=\"\" srcset=\"https:\/\/dev.olivierraude.me\/perspectivesjeunesse\/wp-content\/uploads\/2020\/05\/illustration-2000x1334-01-1024x683.png 1024w, https:\/\/dev.olivierraude.me\/perspectivesjeunesse\/wp-content\/uploads\/2020\/05\/illustration-2000x1334-01-300x200.png 300w, https:\/\/dev.olivierraude.me\/perspectivesjeunesse\/wp-content\/uploads\/2020\/05\/illustration-2000x1334-01-600x400.png 600w, https:\/\/dev.olivierraude.me\/perspectivesjeunesse\/wp-content\/uploads\/2020\/05\/illustration-2000x1334-01.png 2000w\" sizes=\"auto, (max-width: 1024px) 100vw, 1024px\" \/><\/div><\/div><div class=\"wpb_text_column\"><div class=\"wpb_wrapper\"><h1>Notre histoire<\/h1>\n<p>Perspectives Jeunesse poursuit les projets mis sur pied dans les ann\u00e9es 1990 par le secteur Ados du Centre communautaire Rosemont l\u2019Entre-gens aujourd\u2019hui connu sous le nom de Centre communautaire Petite-C\u00f4te.<\/p>\n<p>Plus pr\u00e9cis\u00e9ment, le programme Plan C-volet d&#8217;accompagnement individuel y a \u00e9t\u00e9 cr\u00e9\u00e9 en 1994. Ce programme portait le nom de Drop-In jusqu\u2019en 2018. Les bases de ce programme sont encore les m\u00eames comme en t\u00e9moigne le Rapport d\u2019\u00e9valuation des pratiques du Drop-In r\u00e9alis\u00e9 en 2005-2006 par Annie Renouf, alors doctorante en psychologie \u00e0 l\u2019Universit\u00e9 de Montr\u00e9al : \u00ab (\u2026) Le Drop-In, [est] une ressource communautaire de pr\u00e9vention de l\u2019abandon scolaire et de soutien aux d\u00e9crocheurs \u00e2g\u00e9s de 15 \u00e0 18 ans. Mis sur pied en 1994, le Drop-In (&#8230;) re\u00e7oit les jeunes sur la base de rencontres individuelles pour faire le point sur leur situation et entreprendre une d\u00e9marche d\u2019insertion en emploi ou de retour \u00e0 l\u2019\u00e9cole. \u00bb.<\/p>\n<p>En 2006, le programme Option en pers\u00e9v\u00e9rance scolaire est cr\u00e9\u00e9 et implant\u00e9 \u00e0 l\u2019\u00e9cole P\u00e8re-Marquette. De plus, afin de pouvoir b\u00e9n\u00e9ficier d\u2019un soutien \u00e0 la mission et favoriser le d\u00e9veloppement de son autonomie financi\u00e8re, des employ\u00e9.e.s ont pris l\u2019initiative de cr\u00e9er ce que l\u2019on connait aujourd\u2019hui sous le nom de Perspectives Jeunesse.<\/p>\n<p>En 2008, Perspectives Jeunesse re\u00e7oit son num\u00e9ro d\u2019organisme de bienfaisance enregistr\u00e9 et en 2009 il est accr\u00e9dit\u00e9 par le Minist\u00e8re de l\u2019\u00c9ducation dans le cadre du Programme d&#8217;action communautaire sur le terrain de l&#8217;\u00e9ducation (PACTE).<\/p>\n<p>De 2006 \u00e0 2016, Perspectives Jeunesse a implant\u00e9 et d\u00e9ploy\u00e9 son programme Option au sein de trois \u00e9coles secondaires affili\u00e9es au Centre de services scolaire de Montr\u00e9al (CSSDM) avec lesquelles le partenariat se poursuit encore aujourd\u2019hui. Depuis septembre 2017, le programme Option a \u00e9t\u00e9 implant\u00e9 dans sept autres \u00e9tablissements scolaires affili\u00e9s au CSSDM portant \u00e0 dix le nombre d\u2019\u00e9coles partenaires.<\/p>\n<p>Le suivi effectu\u00e9 aupr\u00e8s des jeunes qui ont particip\u00e9 au Plan C \u2013 volet d&#8217;accompagnement individuel de 2013 \u00e0 2015 nous a permis de constater que le taux moyen de pers\u00e9v\u00e9rance en un an apr\u00e8s la r\u00e9int\u00e9gration des jeunes dans le syst\u00e8me scolaire public \u00e9tait de 60%. Nous avons donc choisi de mettre sur pied un volet scolaire qui int\u00e8gre l\u2019expertise en suivi psychosocial d\u00e9velopp\u00e9 par Perspectives Jeunesse et la formation acad\u00e9mique pour diminuer les risques de deuxi\u00e8me d\u00e9crochage. Le Plan C \u2013 volet scolaire a \u00e9t\u00e9 cr\u00e9\u00e9 et implant\u00e9 \u00e0 l\u2019automne 2017.<\/p>\n<p>Perspectives Jeunesse accompagne individuellement plus de 200 jeunes chaque ann\u00e9e gr\u00e2ce \u00e0 son \u00e9quipe compos\u00e9e de 17 employ\u00e9.e.s dont onze intervenant.e.s en pers\u00e9v\u00e9rance scolaire (IPS), une intervenante en pr\u00e9vention de l&#8217;anxi\u00e9t\u00e9 (IPA) et une enseignante-intervenante (EI).<\/p>\n<\/div><\/div><\/div><\/div><\/div><div class=\"vc_col-sm-1 wpb_column vc_column_container\"><div class=\"vc_column-inner\"><div class=\"wpb_wrapper\"><\/div><\/div><\/div><\/div><\/div><\/section><section class=\"l-section wpb_row height_medium\" id=\"equipe\"><div class=\"l-section-h i-cf\"><div class=\"g-cols vc_row via_flex valign_top type_default stacking_default\"><div class=\"vc_col-sm-12 wpb_column vc_column_container us_animate_afb\"><div class=\"vc_column-inner\"><div class=\"wpb_wrapper\"><div class=\"g-cols wpb_row via_flex valign_top type_default stacking_default\"><div class=\"vc_col-sm-12 wpb_column vc_column_container\"><div class=\"vc_column-inner\"><div class=\"wpb_wrapper\"><div class=\"wpb_text_column\"><div class=\"wpb_wrapper\"><h1>Notre \u00e9quipe<\/h1>\n<p>L&#8217;\u00e9quipe de la permanence est compos\u00e9e de professionnel.le.s talentueux et talentueuses, d\u00e9vou\u00e9.e.s, disponibles et int\u00e8gres. Ses membres collaborent de fa\u00e7on harmonieuse et dans un esprit d\u2019ouverture et de concertation, afin d\u2019apporter un soutien \u00e9clair\u00e9 et constant aux jeunes qui font appel aux services de Perspectives Jeunesse.<\/p>\n<\/div><\/div><\/div><\/div><\/div><\/div><div class=\"w-separator size_large\"><\/div><div class=\"wpb_text_column\"><div class=\"wpb_wrapper\"><h3>L\u2019\u00e9quipe de gestion<\/h3>\n<hr \/>\n<\/div><\/div><div class=\"g-cols wpb_row via_flex valign_top type_default stacking_default\"><div class=\"vc_col-sm-4 wpb_column vc_column_container\"><div class=\"vc_column-inner\"><div class=\"wpb_wrapper\"><div class=\"wpb_text_column\"><div class=\"wpb_wrapper\"><p><strong>Louis-Philippe Sarrazin<br \/>\n<\/strong><a href=\"mailto:direction@perspectivesjeunesse.org\">Directeur g\u00e9n\u00e9ral<\/a><br \/>\n514 303-0599<br \/>\n<a href=\"mailto:direction@perspectivesjeunesse.org\"><img decoding=\"async\" class=\"alignnone size-full wp-image-652\" src=\"https:\/\/dev.olivierraude.me\/perspectivesjeunessewp-content\/uploads\/2020\/05\/email.png\" alt=\"\" width=\"25\" \/><\/a><\/p>\n<\/div><\/div><div class=\"wpb_text_column\"><div class=\"wpb_wrapper\"><p><strong>M\u00e9lanie Brunelle<br \/>\n<\/strong><a href=\"mailto:communication@perspectivesjeunesse.org\">Responsable des communications<\/a><br \/>\n514 825-0131<\/p>\n<\/div><\/div><\/div><\/div><\/div><div class=\"vc_col-sm-4 wpb_column vc_column_container\"><div class=\"vc_column-inner\"><div class=\"wpb_wrapper\"><div class=\"wpb_text_column\"><div class=\"wpb_wrapper\"><p><strong>\u00c8ve Montpetit<br \/>\n<\/strong><a href=\"mailto:direction.programmes@perspectivesjeunesse.org\">Directrice des programmes<\/a><br \/>\n514 303-0599<br \/>\n<a href=\"mailto:direction.programmes@perspectivesjeunesse.org\"><img decoding=\"async\" class=\"alignnone size-full wp-image-652\" src=\"https:\/\/dev.olivierraude.me\/perspectivesjeunessewp-content\/uploads\/2020\/05\/email.png\" alt=\"\" width=\"25\" \/><\/a><\/p>\n<\/div><\/div><\/div><\/div><\/div><div class=\"vc_col-sm-4 wpb_column vc_column_container\"><div class=\"vc_column-inner\"><div class=\"wpb_wrapper\"><div class=\"wpb_text_column\"><div class=\"wpb_wrapper\"><p style=\"text-align: left;\"><strong>St\u00e9phanie Lavigne-Mayer<br \/>\n<\/strong><a href=\"mailto:direction.philanthropie@perspectivesjeunesse.org\">Directrice du d\u00e9veloppement philanthropique<\/a><br \/>\n514 839-8447<\/p>\n<\/div><\/div><\/div><\/div><\/div><\/div><div class=\"g-cols wpb_row via_flex valign_top type_default stacking_default\"><div class=\"vc_col-sm-4 wpb_column vc_column_container\"><div class=\"vc_column-inner\"><div class=\"wpb_wrapper\"><div class=\"wpb_text_column\"><div class=\"wpb_wrapper\"><p><strong>Pascale Dumouchel<br \/>\n<\/strong><a href=\"mailto:coordination.option@perspectivesjeunesse.org\">Coordonnatrice &#8211; Programme Option<\/a><br \/>\n514 570-4674<br \/>\n<a href=\"mailto:coordination.option@perspectivesjeunesse.org\"><img decoding=\"async\" class=\"alignnone size-full wp-image-652\" src=\"https:\/\/dev.olivierraude.me\/perspectivesjeunessewp-content\/uploads\/2020\/05\/email.png\" alt=\"\" width=\"25\" \/><\/a><\/p>\n<\/div><\/div><div class=\"wpb_text_column\"><div class=\"wpb_wrapper\"><p><strong>Yann Mailhot-H\u00e9roux<br \/>\n<\/strong><a href=\"mailto:coordination.planc@perspectivesjeunesse.org\">Coordonnateur &#8211; Programme Plan C<\/a><\/p>\n<p>(En remplacement de Mathilde Cosson &#8211; Cong\u00e9 de maternit\u00e9)<br \/>\n438 497-1815<br \/>\n<a href=\"mailto:coordination.planc@perspectivesjeunesse.org\"><img decoding=\"async\" class=\"alignnone size-full wp-image-652\" src=\"https:\/\/dev.olivierraude.me\/perspectivesjeunessewp-content\/uploads\/2020\/05\/email.png\" alt=\"\" width=\"25\" \/><\/a><\/p>\n<\/div><\/div><\/div><\/div><\/div><div class=\"vc_col-sm-4 wpb_column vc_column_container\"><div class=\"vc_column-inner\"><div class=\"wpb_wrapper\"><div class=\"wpb_text_column\"><div class=\"wpb_wrapper\"><p style=\"text-align: left;\"><strong>Catherine Sarrazin-Brennan<br \/>\n<\/strong><a href=\"mailto:philanthropie.communications@perspectivesjeunesse.org\">Coordonnatrice philanthropie et communications<\/a><br \/>\n514 303-0599<\/p>\n<\/div><\/div><div class=\"wpb_text_column\"><div class=\"wpb_wrapper\"><\/div><\/div><\/div><\/div><\/div><div class=\"vc_col-sm-4 wpb_column vc_column_container\"><div class=\"vc_column-inner\"><div class=\"wpb_wrapper\"><div class=\"wpb_text_column\"><div class=\"wpb_wrapper\"><\/div><\/div><\/div><\/div><\/div><\/div><div class=\"w-separator size_large\"><\/div><div class=\"wpb_text_column\"><div class=\"wpb_wrapper\"><h3>L\u2019\u00e9quipe d\u2019intervention<\/h3>\n<hr \/>\n<\/div><\/div><div class=\"g-cols wpb_row via_flex valign_top type_default stacking_default\"><div class=\"vc_col-sm-4 wpb_column vc_column_container\"><div class=\"vc_column-inner\"><div class=\"wpb_wrapper\"><div class=\"wpb_text_column\"><div class=\"wpb_wrapper\"><h5><\/h5>\n<h5 style=\"text-align: left;\">Programme Plan C<\/h5>\n<p style=\"text-align: left;\"><strong>\u00c9lise Minot<\/strong><br \/>\n<a href=\"mailto:planc.accompagnement@perspectivesjeunesse.org\">Plan C &#8211; Volet d&#8217;accompagnement individuel<\/a><\/p>\n<p style=\"text-align: left;\">Bureaux de Perspectives Jeunesse<\/p>\n<p style=\"text-align: left;\">438 275-4173<br \/>\n<a href=\"mailto:planc.suivi@perspectivesjeunesse.org\"><img decoding=\"async\" class=\"alignnone size-full wp-image-652\" src=\"https:\/\/dev.olivierraude.me\/perspectivesjeunessewp-content\/uploads\/2020\/05\/email.png\" alt=\"\" width=\"25\" \/><\/a><\/p>\n<p><strong>Anouar Wadaa<\/strong><br \/>\n<a href=\"mailto:planc@perspectivesjeunesse.org\">Plan C &#8211; Volet scolaire<\/a><\/p>\n<p>Bureaux de Perspectives Jeunesse<br \/>\n<span class=\"TextRun SCXW65965048 BCX8\" lang=\"EN-US\" xml:lang=\"EN-US\" data-contrast=\"auto\"><span class=\"NormalTextRun SCXW65965048 BCX8\">438 507-1133<\/span><\/span><\/p>\n<p><strong><span class=\"TextRun SCXW260883846 BCX8\" lang=\"FR-CA\" xml:lang=\"FR-CA\" data-contrast=\"auto\"><span class=\"NormalTextRun SCXW260883846 BCX8\">Marie-\u00c8ve<\/span> <span class=\"NormalTextRun SpellingErrorV2Themed SCXW260883846 BCX8\">Kemelie<\/span><span class=\"NormalTextRun SCXW260883846 BCX8\"> Fils-Aim\u00e9<\/span><\/span><span class=\"EOP SCXW260883846 BCX8\" data-ccp-props=\"{&quot;201341983&quot;:0,&quot;335559740&quot;:276}\">\u00a0<\/span> (IPS)<\/strong><br \/>\n<a href=\"mailto:planc.rdp.accompagnement@perspectivesjeunesse.org\">Plan C &#8211; Volet d&#8217;accompagnement individuel<\/a><\/p>\n<p>Bureaux de Rivi\u00e8re-des-Prairies<br \/>\n438 493-9648<br \/>\n<a href=\"mailto:planc.rdp.accompagnement@perspectivesjeunesse.org\"><img decoding=\"async\" class=\"alignnone size-full wp-image-652\" src=\"https:\/\/dev.olivierraude.me\/perspectivesjeunessewp-content\/uploads\/2020\/05\/email.png\" alt=\"\" width=\"25\" \/><\/a><\/p>\n<p><strong>No\u00e9mie Lebuis-Joseph (EI)<\/strong><br \/>\n<a href=\"mailto:planc.rdp.scolaire@perspectivesjeunesse.org\">Plan C &#8211; Volet scolaire<\/a><\/p>\n<p>Bureaux de Rivi\u00e8re-des-Prairies<br \/>\n438 405-3847<\/p>\n<p><strong>\u00c9tienne Bordeleau (IPS)<\/strong><\/p>\n<p><a href=\"mailto:planc.tetreaultville.accompagnement@perspectivesjeunesse.org\">Plan C &#8211; Volet d&#8217;accompagnement individuel<\/a><\/p>\n<p>Bureaux de T\u00e9treaultville<\/p>\n<p>438 522-8725<\/p>\n<p><strong>Ida Zhang (EI)<\/strong><br \/>\n<a href=\"mailto:planc.tetreaultville.scolaire@perspectivesjeunesse.org\">Plan C &#8211; Volet scolaire<\/a><\/p>\n<p>Bureaux de T\u00e9treaultville<br \/>\n438 377-4707<\/p>\n<\/div><\/div><div class=\"wpb_text_column\"><div class=\"wpb_wrapper\"><h5><\/h5>\n<h5 style=\"text-align: left;\">Titres<\/h5>\n<p style=\"text-align: left;\"><strong>IPS &#8211; <\/strong>Intervenant.e en pers\u00e9v\u00e9rance scolaire<\/p>\n<p style=\"text-align: left;\"><strong>IPA &#8211; <\/strong>Intervenant.e en pr\u00e9vention de l&#8217;anxi\u00e9t\u00e9<\/p>\n<p style=\"text-align: left;\"><strong>EI &#8211; <\/strong>Enseignant.e-intervenant.e<\/p>\n<\/div><\/div><\/div><\/div><\/div><div class=\"vc_col-sm-4 wpb_column vc_column_container\"><div class=\"vc_column-inner\"><div class=\"wpb_wrapper\"><div class=\"wpb_text_column\"><div class=\"wpb_wrapper\"><h5><\/h5>\n<h5>Programme Option<\/h5>\n<p><strong>S\u00e9bastien Knapp-Proulx (IPS)<\/strong><br \/>\n\u00c9cole Louise-Trichet<br \/>\n514 596-5035, poste 7397<br \/>\n<a href=\"mailto:option.louisetrichet@perspectivesjeunesse.org\"><img decoding=\"async\" class=\"alignnone size-full wp-image-652\" src=\"https:\/\/dev.olivierraude.me\/perspectivesjeunessewp-content\/uploads\/2020\/05\/email.png\" alt=\"\" width=\"25\" \/><\/a><\/p>\n<p><strong>Roxanne Aubry (IPS)<\/strong><br \/>\n\u00c9cole P\u00e8re-Marquette<br \/>\n514 596-4128, poste 7911<br \/>\n<a href=\"mailto:option.peremarquette@perspectivesjeunesse.org\"><img decoding=\"async\" class=\"alignnone size-full wp-image-652\" src=\"https:\/\/dev.olivierraude.me\/perspectivesjeunessewp-content\/uploads\/2020\/05\/email.png\" alt=\"\" width=\"25\" \/><\/a><\/p>\n<p><strong>L\u00e9a H\u00e9roux-Mailhot (IPA)<\/strong><br \/>\n\u00c9cole P\u00e8re-Marquette<br \/>\n514 596-4128, poste 7929<\/p>\n<p><strong>Nathalie Morales (IPS)<\/strong><br \/>\n\u00c9cole Lucien-Pag\u00e9<br \/>\n514 596-5400, poste 5421<br \/>\n<a href=\"mailto:option.lucienpage@perspectivesjeunesse.org\"><img decoding=\"async\" class=\"alignnone size-full wp-image-652\" src=\"https:\/\/dev.olivierraude.me\/perspectivesjeunessewp-content\/uploads\/2020\/05\/email.png\" alt=\"\" width=\"25\" \/><\/a><\/p>\n<p><strong>Audrey Veillette (IPS)<\/strong><br \/>\n\u00c9cole Marie-Anne<br \/>\n514 596-5460, poste 5468<br \/>\n<a href=\"mailto:option.marieanne@perspectivesjeunesse.org\"><img decoding=\"async\" class=\"alignnone size-full wp-image-652\" src=\"https:\/\/dev.olivierraude.me\/perspectivesjeunessewp-content\/uploads\/2020\/05\/email.png\" alt=\"\" width=\"25\" \/><\/a><\/p>\n<p><strong>A\u00efssatou Bah (IPS)<\/strong><br \/>\n\u00c9cole Georges-Vanier<br \/>\n514 596-4160, poste 4116<br \/>\n<a href=\"mailto:option.georgesvanier@perspectivesjeunesse.org\"><img decoding=\"async\" class=\"alignnone size-full wp-image-652\" src=\"https:\/\/dev.olivierraude.me\/perspectivesjeunessewp-content\/uploads\/2020\/05\/email.png\" alt=\"\" width=\"25\" \/><\/a><\/p>\n<p><strong>Andr\u00e9anne Degagn\u00e9 (IPS)<\/strong><br \/>\n\u00c9cole Amos<br \/>\n438 405-3847<br \/>\n<a href=\"mailto:option.amos@perspectivesjeunesse.org\"><img decoding=\"async\" class=\"alignnone size-full wp-image-652\" src=\"https:\/\/dev.olivierraude.me\/perspectivesjeunessewp-content\/uploads\/2020\/05\/email.png\" alt=\"\" width=\"25\" \/><\/a><\/p>\n<\/div><\/div><\/div><\/div><\/div><div class=\"vc_col-sm-4 wpb_column vc_column_container\"><div class=\"vc_column-inner\"><div class=\"wpb_wrapper\"><div class=\"wpb_text_column\"><div class=\"wpb_wrapper\"><h5 style=\"color: white;\">a<\/h5>\n<p><strong>Janique Lachapelle<\/strong><br \/>\n\u00c9cole Chomedey-De-Maisonneuve<br \/>\n514 596-4844 poste 4833<br \/>\n<a href=\"mailto:option.chomedeydemaisonneuve@perspectivesjeunesse.org\"><img decoding=\"async\" class=\"alignnone size-full wp-image-652\" src=\"https:\/\/dev.olivierraude.me\/perspectivesjeunessewp-content\/uploads\/2020\/05\/email.png\" alt=\"\" width=\"25\" \/><\/a><\/p>\n<p><strong>Vincent Martin (IPS)<\/strong><br \/>\n\u00c9cole Sophie-Barat<br \/>\n514 596-5535, poste 6617 (principal)<br \/>\n514 596-5538, poste 6469<br \/>\n<a href=\"mailto:option.sophiebarat@perspectivesjeunesse.org\"><img decoding=\"async\" class=\"alignnone size-full wp-image-652\" src=\"https:\/\/dev.olivierraude.me\/perspectivesjeunessewp-content\/uploads\/2020\/05\/email.png\" alt=\"\" width=\"25\" \/><\/a><\/p>\n<p><strong>Virginie Simonpoli (IPS)<\/strong><br \/>\n\u00c9cole Louis-Riel<br \/>\n514 596-4134, poste 7706<br \/>\n<a href=\"mailto:option.louisriel@perspectivesjeunesse.org\"><img decoding=\"async\" class=\"alignnone size-full wp-image-652\" src=\"https:\/\/dev.olivierraude.me\/perspectivesjeunessewp-content\/uploads\/2020\/05\/email.png\" alt=\"\" width=\"25\" \/><\/a><\/p>\n<\/div><\/div><div class=\"wpb_text_column\"><div class=\"wpb_wrapper\"><p><strong>Daniella Efraimov (IPS)<\/strong><br \/>\n\u00c9cole \u00c9douard-Montpetit<br \/>\n514 596-4140, poste 1317<br \/>\n<a href=\"mailto:option.edouardmontpetit@perspectivesjeunesse.org\"><img decoding=\"async\" class=\"alignnone size-full wp-image-652\" src=\"https:\/\/dev.olivierraude.me\/perspectivesjeunessewp-content\/uploads\/2020\/05\/email.png\" alt=\"\" width=\"25\" \/><\/a><\/p>\n<p><strong>Violette Landry-Coutu (IPS)<\/strong><br \/>\n\u00c9cole Marguerite-De Lajemmerais<br \/>\n514 596-5100, poste 7642<br \/>\n<a href=\"mailto:option.margueritedelajemmerais@perspectivesjeunesse.org\"><img decoding=\"async\" class=\"alignnone size-full wp-image-652\" src=\"https:\/\/dev.olivierraude.me\/perspectivesjeunessewp-content\/uploads\/2020\/05\/email.png\" alt=\"\" width=\"25\" \/><\/a><\/p>\n<p><strong>Enora Liard (IPS)<br \/>\n<\/strong>\u00c9cole Joseph-Fran\u00e7ois-Perrault<br \/>\n514-596-4620 poste 1972<strong><br \/>\n<\/strong><\/p>\n<\/div><\/div><div class=\"wpb_text_column\"><div class=\"wpb_wrapper\"><p><strong>Marie-\u00c8ve Kemelie Fils-Aim\u00e9 (IPS)<br \/>\n<\/strong>\u00c9cole Jean-Grou &#8211; Lundi au jeudi AM<br \/>\n<span class=\"TextRun SCXW214660677 BCX8\" lang=\"EN-US\" xml:lang=\"EN-US\" data-contrast=\"auto\"><span class=\"NormalTextRun SCXW214660677 BCX8\">438-493-9648<\/span><\/span><span class=\"EOP SCXW214660677 BCX8\" data-ccp-props=\"{&quot;201341983&quot;:0,&quot;335559740&quot;:276}\">\u00a0<\/span><\/p>\n<\/div><\/div><\/div><\/div><\/div><\/div><\/div><\/div><\/div><\/div><\/div><\/section><section class=\"l-section wpb_row us_custom_b2a27c04 height_medium\" id=\"conseil\"><div class=\"l-section-h i-cf\"><div class=\"g-cols vc_row via_flex valign_top type_default stacking_default\"><div class=\"vc_col-sm-12 wpb_column vc_column_container us_animate_afb\"><div class=\"vc_column-inner\"><div class=\"wpb_wrapper\"><div class=\"g-cols wpb_row via_flex valign_top type_default stacking_default\"><div class=\"vc_col-sm-12 wpb_column vc_column_container\"><div class=\"vc_column-inner\"><div class=\"wpb_wrapper\"><div class=\"wpb_text_column\"><div class=\"wpb_wrapper\"><h1>Conseil d\u2019administration<\/h1>\n<p>Perspectives Jeunesse a le privil\u00e8ge d&#8217;\u00eatre gouvern\u00e9 par un C.A fort, dynamique et hautement professionnel. Celui-ci est constitu\u00e9 de membres d\u00e9vou\u00e9.e.s et outill\u00e9.e.s de comp\u00e9tences professionnelles vari\u00e9es et compl\u00e9mentaires qui sont mises activement \u00e0 profit de l\u2019avancement de notre organisme.<\/p>\n<\/div><\/div><\/div><\/div><\/div><\/div><div class=\"w-separator size_large\"><\/div><div class=\"g-cols wpb_row us_custom_1f257949 via_flex valign_top type_default stacking_default\"><div class=\"vc_col-sm-4 wpb_column vc_column_container\"><div class=\"vc_column-inner\"><div class=\"wpb_wrapper\"><div class=\"wpb_text_column\"><div class=\"wpb_wrapper\"><p style=\"text-align: left;\"><strong>Andrew Panunto<\/strong><br \/>\nPr\u00e9sident<br \/>\n<em>Chef des finances, Laboratoires Nucl\u00e9aires Canadiens<\/em><\/p>\n<p><a href=\"https:\/\/www.linkedin.com\/in\/andrew-panunto-cpa-ca-0a497316\/\" target=\"_blank\" rel=\"noopener noreferrer\"><img decoding=\"async\" class=\"alignnone size-full wp-image-657 alignleft\" src=\"https:\/\/dev.olivierraude.me\/perspectivesjeunessewp-content\/uploads\/2020\/05\/linkedin-logo.png\" alt=\"\" width=\"25\" \/><\/a><\/p>\n<\/div><\/div><\/div><\/div><\/div><div class=\"vc_col-sm-4 wpb_column vc_column_container\"><div class=\"vc_column-inner\"><div class=\"wpb_wrapper\"><div class=\"wpb_text_column\"><div class=\"wpb_wrapper\"><p style=\"text-align: left;\"><strong>Marie-Pierre Poirier-Grenier<\/strong><br \/>\nVice-pr\u00e9sidente<\/p>\n<p><em>Experte en communications d\u2019entreprises <\/em><\/p>\n<p><a href=\"https:\/\/www.linkedin.com\/in\/marie-pierre-grenier-a306491a\/\" target=\"_blank\" rel=\"noopener noreferrer\"><img decoding=\"async\" class=\"alignnone size-full wp-image-657 alignleft\" src=\"https:\/\/dev.olivierraude.me\/perspectivesjeunessewp-content\/uploads\/2020\/05\/linkedin-logo.png\" alt=\"\" width=\"25\" \/><\/a><\/p>\n<\/div><\/div><\/div><\/div><\/div><div class=\"vc_col-sm-4 wpb_column vc_column_container\"><div class=\"vc_column-inner\"><div class=\"wpb_wrapper\"><div class=\"wpb_text_column\"><div class=\"wpb_wrapper\"><p style=\"text-align: left;\"><strong>Marie-\u00c8ve Bouthillier<\/strong><br \/>\nTr\u00e9sori\u00e8re<br \/>\n<em>Directrice provinciale, finances et administration, Leucan<\/em><\/p>\n<p><a href=\"https:\/\/www.linkedin.com\/in\/marie-eve-bouthillier-cpa-ca-66b856102\/\" target=\"_blank\" rel=\"noopener noreferrer\"><img decoding=\"async\" class=\"alignnone size-full wp-image-657 alignleft\" src=\"https:\/\/dev.olivierraude.me\/perspectivesjeunessewp-content\/uploads\/2020\/05\/linkedin-logo.png\" alt=\"\" width=\"25\" \/><\/a><\/p>\n<\/div><\/div><\/div><\/div><\/div><\/div><div class=\"w-separator size_medium\"><\/div><div class=\"g-cols wpb_row us_custom_1f257949 via_flex valign_top type_default stacking_default\"><div class=\"vc_col-sm-4 wpb_column vc_column_container\"><div class=\"vc_column-inner\"><div class=\"wpb_wrapper\"><div class=\"wpb_text_column\"><div class=\"wpb_wrapper\"><p style=\"text-align: left;\"><strong>\u00c9ric Simard<\/strong><br \/>\nSecr\u00e9taire<br \/>\n<em>Directeur ex\u00e9cutif<br \/>\nKPMG<\/em><\/p>\n<p style=\"text-align: left;\"><a href=\"https:\/\/www.linkedin.com\/in\/eric-simard-8271353a\/?locale=fr_FR\" target=\"_blank\" rel=\"noopener noreferrer\"><img loading=\"lazy\" decoding=\"async\" class=\"alignnone wp-image-657 size-full\" src=\"https:\/\/dev.olivierraude.me\/perspectivesjeunessewp-content\/uploads\/2020\/05\/linkedin-logo.png\" alt=\"\" width=\"25\" height=\"100\" \/><\/a><\/p>\n<\/div><\/div><\/div><\/div><\/div><div class=\"vc_col-sm-4 wpb_column vc_column_container\"><div class=\"vc_column-inner\"><div class=\"wpb_wrapper\"><div class=\"wpb_text_column\"><div class=\"wpb_wrapper\"><p style=\"text-align: left;\"><strong>Maude Gilbert-Vanasse<\/strong><br \/>\nAdministratrice<br \/>\n<em>Gestionnaire des projets internationaux, <\/em><br \/>\n<em>M\u00e9decins du monde, Canada<\/em><\/p>\n<p><a href=\"https:\/\/www.linkedin.com\/in\/maude-gilbert-vanasse-29104a15\/\" target=\"_blank\" rel=\"noopener noreferrer\"><img loading=\"lazy\" decoding=\"async\" class=\"alignleft wp-image-657 size-full\" src=\"https:\/\/dev.olivierraude.me\/perspectivesjeunessewp-content\/uploads\/2020\/05\/linkedin-logo.png\" alt=\"\" width=\"25\" height=\"100\" \/><\/a><\/p>\n<\/div><\/div><\/div><\/div><\/div><div class=\"vc_col-sm-4 wpb_column vc_column_container\"><div class=\"vc_column-inner\"><div class=\"wpb_wrapper\"><div class=\"wpb_text_column\"><div class=\"wpb_wrapper\"><p style=\"text-align: left;\"><strong>Am\u00e9lie Desautels<\/strong><br \/>\nAdministratrice<br \/>\n<em>Directrice solutions d&#8217;affaires et d\u00e9veloppement applicatif<br \/>\nT\u00e9l\u00e9-Qu\u00e9bec<\/em><\/p>\n<p><a href=\"https:\/\/www.linkedin.com\/in\/amelie-desautels-5089562\/\" target=\"_blank\" rel=\"noopener noreferrer\"><img loading=\"lazy\" decoding=\"async\" class=\"alignleft wp-image-657 size-full\" src=\"https:\/\/dev.olivierraude.me\/perspectivesjeunessewp-content\/uploads\/2020\/05\/linkedin-logo.png\" alt=\"\" width=\"25\" height=\"100\" \/><\/a><\/p>\n<\/div><\/div><\/div><\/div><\/div><\/div><div class=\"w-separator size_medium\"><\/div><div class=\"g-cols wpb_row us_custom_1f257949 via_flex valign_top type_default stacking_default\"><div class=\"vc_col-sm-4 wpb_column vc_column_container\"><div class=\"vc_column-inner\"><div class=\"wpb_wrapper\"><div class=\"wpb_text_column\"><div class=\"wpb_wrapper\"><p style=\"text-align: left;\"><strong>Sara Bergevin<\/strong><br \/>\nAdministratrice<br \/>\n<em>Directrice adjointe des affaires juridiques\/Secr\u00e9taire corporative<br \/>\nSoci\u00e9t\u00e9 du Palais des congr\u00e8s de Montr\u00e9al<\/em><\/p>\n<p><a href=\"https:\/\/www.linkedin.com\/in\/sara-bergevin-59b07319\/\" target=\"_blank\" rel=\"noopener noreferrer\"><img loading=\"lazy\" decoding=\"async\" class=\"alignleft wp-image-657 size-full\" src=\"https:\/\/dev.olivierraude.me\/perspectivesjeunessewp-content\/uploads\/2020\/05\/linkedin-logo.png\" alt=\"\" width=\"25\" height=\"100\" \/><\/a><\/p>\n<\/div><\/div><\/div><\/div><\/div><div class=\"vc_col-sm-4 wpb_column vc_column_container\"><div class=\"vc_column-inner\"><div class=\"wpb_wrapper\"><div class=\"wpb_text_column\"><div class=\"wpb_wrapper\"><p style=\"text-align: left;\"><strong>Marianne Meunier<\/strong><br \/>\nAdministratrice<br \/>\n<em>Vice-pr\u00e9sidente, cheffe des ressources humaines<br \/>\nNortera<br \/>\n<\/em><\/p>\n<p><a href=\"https:\/\/www.linkedin.com\/in\/mariannemeunier\/\" target=\"_blank\" rel=\"noopener noreferrer\"><img loading=\"lazy\" decoding=\"async\" class=\"alignleft wp-image-657 size-full\" src=\"https:\/\/dev.olivierraude.me\/perspectivesjeunessewp-content\/uploads\/2020\/05\/linkedin-logo.png\" alt=\"\" width=\"25\" height=\"100\" \/><\/a><\/p>\n<\/div><\/div><\/div><\/div><\/div><div class=\"vc_col-sm-4 wpb_column vc_column_container\"><div class=\"vc_column-inner\"><div class=\"wpb_wrapper\"><div class=\"wpb_text_column\"><div class=\"wpb_wrapper\"><\/div><\/div><div class=\"wpb_text_column\"><div class=\"wpb_wrapper\"><p style=\"text-align: left;\"><strong>Marie-\u00c8ve Boisvert<\/strong><br \/>\nAdministratrice<br \/>\n<em>Vice-pr\u00e9sidente Communications<br \/>\nBehaviour Interactive<\/em><\/p>\n<p><a href=\"https:\/\/www.linkedin.com\/in\/andrew-panunto-cpa-ca-0a497316\/\" target=\"_blank\" rel=\"noopener noreferrer\"><img decoding=\"async\" class=\"alignnone size-full wp-image-657 alignleft\" src=\"https:\/\/dev.olivierraude.me\/perspectivesjeunessewp-content\/uploads\/2020\/05\/linkedin-logo.png\" alt=\"\" width=\"25\" \/><\/a><\/p>\n<\/div><\/div><\/div><\/div><\/div><\/div><div class=\"w-separator size_medium\"><\/div><div class=\"g-cols wpb_row us_custom_1f257949 via_flex valign_top type_default stacking_default\"><div class=\"vc_col-sm-4 wpb_column vc_column_container\"><div class=\"vc_column-inner\"><div class=\"wpb_wrapper\"><div class=\"wpb_text_column\"><div class=\"wpb_wrapper\"><p style=\"text-align: left;\"><strong>Audrey Veillette<\/strong><br \/>\nAdministratrice employ\u00e9e<br \/>\n<em>Intervenante en pers\u00e9v\u00e9rance scolaire Perspectives Jeunesse<\/em><\/p>\n<\/div><\/div><\/div><\/div><\/div><div class=\"vc_col-sm-4 wpb_column vc_column_container\"><div class=\"vc_column-inner\"><div class=\"wpb_wrapper\"><div class=\"wpb_text_column\"><div class=\"wpb_wrapper\"><p style=\"text-align: left;\"><strong>Louis-Philippe Sarrazin<\/strong><br \/>\nDirecteur g\u00e9n\u00e9ral<br \/>\n<em>Perspectives Jeunesse<\/em><\/p>\n<p><a href=\"https:\/\/www.linkedin.com\/in\/louis-philippe-sarrazin-9461b6129\/\" target=\"_blank\" rel=\"noopener noreferrer\"><img decoding=\"async\" class=\"alignnone size-full wp-image-657 alignleft\" src=\"https:\/\/dev.olivierraude.me\/perspectivesjeunessewp-content\/uploads\/2020\/05\/linkedin-logo.png\" alt=\"\" width=\"25\" \/><\/a><\/p>\n<\/div><\/div><\/div><\/div><\/div><div class=\"vc_col-sm-4 wpb_column vc_column_container\"><div class=\"vc_column-inner\"><div class=\"wpb_wrapper\"><\/div><\/div><\/div><\/div><div class=\"w-separator size_large\"><\/div><div class=\"wpb_text_column\"><div class=\"wpb_wrapper\"><h3>Comit\u00e9s aviseurs<\/h3>\n<hr \/>\n<\/div><\/div><div class=\"g-cols wpb_row via_flex valign_top type_default stacking_default\"><div class=\"vc_col-sm-2 wpb_column vc_column_container\"><div class=\"vc_column-inner\"><div class=\"wpb_wrapper\"><\/div><\/div><\/div><div class=\"vc_col-sm-10 wpb_column vc_column_container\"><div class=\"vc_column-inner\"><div class=\"wpb_wrapper\"><div class=\"wpb_text_column\"><div class=\"wpb_wrapper\"><ul class=\"arrow\">\n<li class=\"arrow\">Comit\u00e9 Communications<\/li>\n<li class=\"arrow\">Comit\u00e9 Financement<\/li>\n<li class=\"arrow\">Comit\u00e9 Gouvernance<\/li>\n<li class=\"arrow\">Comit\u00e9 des Programmes<\/li>\n<li class=\"arrow\">Comit\u00e9 Ressources Humaines<\/li>\n<\/ul>\n<\/div><\/div><\/div><\/div><\/div><\/div><\/div><\/div><\/div><\/div><\/div><\/section><section class=\"l-section wpb_row height_medium\" id=\"rapports\"><div class=\"l-section-h i-cf\"><div class=\"g-cols vc_row via_flex valign_top type_default stacking_default\"><div class=\"vc_col-sm-12 wpb_column vc_column_container us_animate_afb\"><div class=\"vc_column-inner\"><div class=\"wpb_wrapper\"><div class=\"wpb_text_column\"><div class=\"wpb_wrapper\"><h1 style=\"text-align: center;\">Rapports annuels<\/h1>\n<p style=\"text-align: center;\">T\u00e9l\u00e9chargez ici nos rapports annuels.<\/p>\n<\/div><\/div><div class=\"w-separator size_large\"><\/div><div class=\"g-cols wpb_row via_flex valign_top type_default stacking_default\"><div class=\"vc_col-sm-3 wpb_column vc_column_container\"><div class=\"vc_column-inner\"><div class=\"wpb_wrapper\"><div class=\"w-iconbox us_custom_f1bdabef iconpos_left style_default color_primary align_left no_text\"><a target=\"_blank\" href=\"https:\/\/www.perspectivesjeunesse.org\/wp-content\/uploads\/2024\/09\/5.2.Perspectives-Jeunesse_Rapport-2023-2024_VF.pdf\" rel=\"noopener\" class=\"w-iconbox-link\" aria-label=\"2023-2024\"><div class=\"w-iconbox-icon\" style=\"font-size:2rem;\"><i class=\"fas fa-file-pdf\"><\/i><\/div><\/a><div class=\"w-iconbox-meta\"><a target=\"_blank\" href=\"https:\/\/www.perspectivesjeunesse.org\/wp-content\/uploads\/2024\/09\/5.2.Perspectives-Jeunesse_Rapport-2023-2024_VF.pdf\" rel=\"noopener\" class=\"w-iconbox-link\" aria-label=\"2023-2024\"><h6 class=\"w-iconbox-title\">2023-2024<\/h6><\/a><\/div><\/div><div class=\"w-iconbox us_custom_f1bdabef iconpos_left style_default color_primary align_left no_text\"><a target=\"_blank\" href=\"https:\/\/www.perspectivesjeunesse.org\/wp-content\/uploads\/2023\/11\/PJ_Rapport-2022-2023_Final_web.pdf\" rel=\"noopener\" class=\"w-iconbox-link\" aria-label=\"2022-2023\"><div class=\"w-iconbox-icon\" style=\"font-size:2rem;\"><i class=\"fas fa-file-pdf\"><\/i><\/div><\/a><div class=\"w-iconbox-meta\"><a target=\"_blank\" href=\"https:\/\/www.perspectivesjeunesse.org\/wp-content\/uploads\/2023\/11\/PJ_Rapport-2022-2023_Final_web.pdf\" rel=\"noopener\" class=\"w-iconbox-link\" aria-label=\"2022-2023\"><h6 class=\"w-iconbox-title\">2022-2023<\/h6><\/a><\/div><\/div><\/div><\/div><\/div><div class=\"vc_col-sm-3 wpb_column vc_column_container\"><div class=\"vc_column-inner\"><div class=\"wpb_wrapper\"><div class=\"w-iconbox us_custom_f1bdabef iconpos_left style_default color_primary align_left no_text\"><a target=\"_blank\" href=\"http:\/\/perspectivesjeunesse.org\/wp-content\/uploads\/2022\/09\/PJ_Rapport-2021-2022_web.pdf\" rel=\"noopener\" class=\"w-iconbox-link\" aria-label=\"2021-2022\"><div class=\"w-iconbox-icon\" style=\"font-size:2rem;\"><i class=\"fas fa-file-pdf\"><\/i><\/div><\/a><div class=\"w-iconbox-meta\"><a target=\"_blank\" href=\"http:\/\/perspectivesjeunesse.org\/wp-content\/uploads\/2022\/09\/PJ_Rapport-2021-2022_web.pdf\" rel=\"noopener\" class=\"w-iconbox-link\" aria-label=\"2021-2022\"><h6 class=\"w-iconbox-title\">2021-2022<\/h6><\/a><\/div><\/div><div class=\"w-iconbox us_custom_f1bdabef iconpos_left style_default color_primary align_left no_text\"><a target=\"_blank\" href=\"http:\/\/perspectivesjeunesse.org\/wp-content\/uploads\/2021\/11\/PJ_Rapport-2020-2021_final.pdf\" rel=\"noopener\" class=\"w-iconbox-link\" aria-label=\"2020-2021\"><div class=\"w-iconbox-icon\" style=\"font-size:2rem;\"><i class=\"fas fa-file-pdf\"><\/i><\/div><\/a><div class=\"w-iconbox-meta\"><a target=\"_blank\" href=\"http:\/\/perspectivesjeunesse.org\/wp-content\/uploads\/2021\/11\/PJ_Rapport-2020-2021_final.pdf\" rel=\"noopener\" class=\"w-iconbox-link\" aria-label=\"2020-2021\"><h6 class=\"w-iconbox-title\">2020-2021<\/h6><\/a><\/div><\/div><div class=\"w-iconbox us_custom_f1bdabef iconpos_left style_default color_primary align_left no_text\"><a target=\"_blank\" href=\"http:\/\/perspectivesjeunesse.org\/wp-content\/uploads\/2021\/03\/2019-2020.pdf\" rel=\"noopener\" class=\"w-iconbox-link\" aria-label=\"2019-2020\"><div class=\"w-iconbox-icon\" style=\"font-size:2rem;\"><i class=\"fas fa-file-pdf\"><\/i><\/div><\/a><div class=\"w-iconbox-meta\"><a target=\"_blank\" href=\"http:\/\/perspectivesjeunesse.org\/wp-content\/uploads\/2021\/03\/2019-2020.pdf\" rel=\"noopener\" class=\"w-iconbox-link\" aria-label=\"2019-2020\"><h6 class=\"w-iconbox-title\">2019-2020<\/h6><\/a><\/div><\/div><div class=\"w-iconbox us_custom_f1bdabef iconpos_left style_default color_primary align_left no_text\"><a target=\"_blank\" href=\"http:\/\/perspectivesjeunesse.org\/wp-content\/uploads\/2020\/05\/2018-2019.pdf\" rel=\"noopener\" class=\"w-iconbox-link\" aria-label=\"2018-2019\"><div class=\"w-iconbox-icon\" style=\"font-size:2rem;\"><i class=\"fas fa-file-pdf\"><\/i><\/div><\/a><div class=\"w-iconbox-meta\"><a target=\"_blank\" href=\"http:\/\/perspectivesjeunesse.org\/wp-content\/uploads\/2020\/05\/2018-2019.pdf\" rel=\"noopener\" class=\"w-iconbox-link\" aria-label=\"2018-2019\"><h6 class=\"w-iconbox-title\">2018-2019<\/h6><\/a><\/div><\/div><div class=\"w-iconbox us_custom_6499ddd3 iconpos_left style_default color_primary align_left no_text\"><a target=\"_blank\" href=\"http:\/\/perspectivesjeunesse.org\/wp-content\/uploads\/2020\/05\/2017-2018.pdf\" rel=\"noopener\" class=\"w-iconbox-link\" aria-label=\"2017-2018\"><div class=\"w-iconbox-icon\" style=\"font-size:2rem;\"><i class=\"fas fa-file-pdf\"><\/i><\/div><\/a><div class=\"w-iconbox-meta\"><a target=\"_blank\" href=\"http:\/\/perspectivesjeunesse.org\/wp-content\/uploads\/2020\/05\/2017-2018.pdf\" rel=\"noopener\" class=\"w-iconbox-link\" aria-label=\"2017-2018\"><h6 class=\"w-iconbox-title\">2017-2018<\/h6><\/a><\/div><\/div><\/div><\/div><\/div><div class=\"vc_col-sm-3 wpb_column vc_column_container\"><div class=\"vc_column-inner\"><div class=\"wpb_wrapper\"><div class=\"w-iconbox iconpos_left style_default color_primary align_left no_text\"><a target=\"_blank\" href=\"http:\/\/perspectivesjeunesse.org\/wp-content\/uploads\/2020\/05\/2016-2017.pdf\" rel=\"noopener\" class=\"w-iconbox-link\" aria-label=\"2016-2017\"><div class=\"w-iconbox-icon\" style=\"font-size:2rem;\"><i class=\"fas fa-file-pdf\"><\/i><\/div><\/a><div class=\"w-iconbox-meta\"><a target=\"_blank\" href=\"http:\/\/perspectivesjeunesse.org\/wp-content\/uploads\/2020\/05\/2016-2017.pdf\" rel=\"noopener\" class=\"w-iconbox-link\" aria-label=\"2016-2017\"><h6 class=\"w-iconbox-title\">2016-2017<\/h6><\/a><\/div><\/div><div class=\"w-iconbox us_custom_6499ddd3 iconpos_left style_default color_primary align_left no_text\"><a target=\"_blank\" href=\"http:\/\/perspectivesjeunesse.org\/wp-content\/uploads\/2020\/05\/2015-2016.pdf\" rel=\"noopener\" class=\"w-iconbox-link\" aria-label=\"2015-2016\"><div class=\"w-iconbox-icon\" style=\"font-size:2rem;\"><i class=\"fas fa-file-pdf\"><\/i><\/div><\/a><div class=\"w-iconbox-meta\"><a target=\"_blank\" href=\"http:\/\/perspectivesjeunesse.org\/wp-content\/uploads\/2020\/05\/2015-2016.pdf\" rel=\"noopener\" class=\"w-iconbox-link\" aria-label=\"2015-2016\"><h6 class=\"w-iconbox-title\">2015-2016<\/h6><\/a><\/div><\/div><div class=\"w-iconbox us_custom_6499ddd3 iconpos_left style_default color_primary align_left no_text\"><a target=\"_blank\" href=\"http:\/\/perspectivesjeunesse.org\/wp-content\/uploads\/2020\/05\/2014-2015.pdf\" rel=\"noopener\" class=\"w-iconbox-link\" aria-label=\"2014-2015\"><div class=\"w-iconbox-icon\" style=\"font-size:2rem;\"><i class=\"fas fa-file-pdf\"><\/i><\/div><\/a><div class=\"w-iconbox-meta\"><a target=\"_blank\" href=\"http:\/\/perspectivesjeunesse.org\/wp-content\/uploads\/2020\/05\/2014-2015.pdf\" rel=\"noopener\" class=\"w-iconbox-link\" aria-label=\"2014-2015\"><h6 class=\"w-iconbox-title\">2014-2015<\/h6><\/a><\/div><\/div><div class=\"w-iconbox iconpos_left style_default color_primary align_left no_text\"><a target=\"_blank\" href=\"http:\/\/perspectivesjeunesse.org\/wp-content\/uploads\/2020\/05\/2013-2014.pdf\" rel=\"noopener\" class=\"w-iconbox-link\" aria-label=\"2013-2014\"><div class=\"w-iconbox-icon\" style=\"font-size:2rem;\"><i class=\"fas fa-file-pdf\"><\/i><\/div><\/a><div class=\"w-iconbox-meta\"><a target=\"_blank\" href=\"http:\/\/perspectivesjeunesse.org\/wp-content\/uploads\/2020\/05\/2013-2014.pdf\" rel=\"noopener\" class=\"w-iconbox-link\" aria-label=\"2013-2014\"><h6 class=\"w-iconbox-title\">2013-2014<\/h6><\/a><\/div><\/div><div class=\"w-iconbox us_custom_6499ddd3 iconpos_left style_default color_primary align_left no_text\"><a target=\"_blank\" href=\"http:\/\/perspectivesjeunesse.org\/wp-content\/uploads\/2020\/05\/2012-2013.pdf\" rel=\"noopener\" class=\"w-iconbox-link\" aria-label=\"2012-2013\"><div class=\"w-iconbox-icon\" style=\"font-size:2rem;\"><i class=\"fas fa-file-pdf\"><\/i><\/div><\/a><div class=\"w-iconbox-meta\"><a target=\"_blank\" href=\"http:\/\/perspectivesjeunesse.org\/wp-content\/uploads\/2020\/05\/2012-2013.pdf\" rel=\"noopener\" class=\"w-iconbox-link\" aria-label=\"2012-2013\"><h6 class=\"w-iconbox-title\">2012-2013<\/h6><\/a><\/div><\/div><\/div><\/div><\/div><div class=\"vc_col-sm-3 wpb_column vc_column_container\"><div class=\"vc_column-inner\"><div class=\"wpb_wrapper\"><div class=\"w-iconbox us_custom_6499ddd3 iconpos_left style_default color_primary align_left no_text\"><a target=\"_blank\" href=\"http:\/\/perspectivesjeunesse.org\/wp-content\/uploads\/2020\/05\/2011-2012.pdf\" rel=\"noopener\" class=\"w-iconbox-link\" aria-label=\"2011-2012\"><div class=\"w-iconbox-icon\" style=\"font-size:2rem;\"><i class=\"fas fa-file-pdf\"><\/i><\/div><\/a><div class=\"w-iconbox-meta\"><a target=\"_blank\" href=\"http:\/\/perspectivesjeunesse.org\/wp-content\/uploads\/2020\/05\/2011-2012.pdf\" rel=\"noopener\" class=\"w-iconbox-link\" aria-label=\"2011-2012\"><h6 class=\"w-iconbox-title\">2011-2012<\/h6><\/a><\/div><\/div><div class=\"w-iconbox iconpos_left style_default color_primary align_left no_text\"><a target=\"_blank\" href=\"http:\/\/perspectivesjeunesse.org\/wp-content\/uploads\/2020\/05\/2010-2011.pdf\" rel=\"noopener\" class=\"w-iconbox-link\" aria-label=\"2010-2011\"><div class=\"w-iconbox-icon\" style=\"font-size:2rem;\"><i class=\"fas fa-file-pdf\"><\/i><\/div><\/a><div class=\"w-iconbox-meta\"><a target=\"_blank\" href=\"http:\/\/perspectivesjeunesse.org\/wp-content\/uploads\/2020\/05\/2010-2011.pdf\" rel=\"noopener\" class=\"w-iconbox-link\" aria-label=\"2010-2011\"><h6 class=\"w-iconbox-title\">2010-2011<\/h6><\/a><\/div><\/div><div class=\"w-iconbox us_custom_6499ddd3 iconpos_left style_default color_primary align_left no_text\"><a target=\"_blank\" href=\"http:\/\/perspectivesjeunesse.org\/wp-content\/uploads\/2020\/05\/2009-2010.pdf\" rel=\"noopener\" class=\"w-iconbox-link\" aria-label=\"2009-2010\"><div class=\"w-iconbox-icon\" style=\"font-size:2rem;\"><i class=\"fas fa-file-pdf\"><\/i><\/div><\/a><div class=\"w-iconbox-meta\"><a target=\"_blank\" href=\"http:\/\/perspectivesjeunesse.org\/wp-content\/uploads\/2020\/05\/2009-2010.pdf\" rel=\"noopener\" class=\"w-iconbox-link\" aria-label=\"2009-2010\"><h6 class=\"w-iconbox-title\">2009-2010<\/h6><\/a><\/div><\/div><div class=\"w-iconbox us_custom_6499ddd3 iconpos_left style_default color_primary align_left no_text\"><a target=\"_blank\" href=\"http:\/\/perspectivesjeunesse.org\/wp-content\/uploads\/2020\/05\/2008-2009.pdf\" rel=\"noopener\" class=\"w-iconbox-link\" aria-label=\"2008-2009\"><div class=\"w-iconbox-icon\" style=\"font-size:2rem;\"><i class=\"fas fa-file-pdf\"><\/i><\/div><\/a><div class=\"w-iconbox-meta\"><a target=\"_blank\" href=\"http:\/\/perspectivesjeunesse.org\/wp-content\/uploads\/2020\/05\/2008-2009.pdf\" rel=\"noopener\" class=\"w-iconbox-link\" aria-label=\"2008-2009\"><h6 class=\"w-iconbox-title\">2008-2009<\/h6><\/a><\/div><\/div><div class=\"w-iconbox iconpos_left style_default color_primary align_left no_text\"><a target=\"_blank\" href=\"http:\/\/perspectivesjeunesse.org\/wp-content\/uploads\/2020\/05\/2007-2008.pdf\" rel=\"noopener\" class=\"w-iconbox-link\" aria-label=\"2007-2008\"><div class=\"w-iconbox-icon\" style=\"font-size:2rem;\"><i class=\"fas fa-file-pdf\"><\/i><\/div><\/a><div class=\"w-iconbox-meta\"><a target=\"_blank\" href=\"http:\/\/perspectivesjeunesse.org\/wp-content\/uploads\/2020\/05\/2007-2008.pdf\" rel=\"noopener\" class=\"w-iconbox-link\" aria-label=\"2007-2008\"><h6 class=\"w-iconbox-title\">2007-2008<\/h6><\/a><\/div><\/div><\/div><\/div><\/div><\/div><\/div><\/div><\/div><\/div><\/div><\/section>\n","protected":false},"excerpt":{"rendered":"\u00c0 propos Depuis 2006, Perspectives Jeunesse a pour but de pr\u00e9venir le d\u00e9crochage scolaire et social chez les jeunes, gr\u00e2ce \u00e0 son approche globale d'intervention. En effet, l'\u00e9quipe d'intervention accompagne les jeunes autant dans leur parcours \u00e9ducatif que dans leur d\u00e9veloppement personnel et les aide \u00e0 d\u00e9velopper un sentiment d'appartenance \u00e0 leur milieu. Ce travail...","protected":false},"author":3454,"featured_media":0,"parent":0,"menu_order":0,"comment_status":"closed","ping_status":"closed","template":"","meta":{"_acf_changed":false,"footnotes":""},"class_list":["post-557","page","type-page","status-publish","hentry"],"acf":[],"yoast_head":"<!-- This site is optimized with the Yoast SEO plugin v24.6 - https:\/\/yoast.com\/wordpress\/plugins\/seo\/ -->\n<title>Perspectives jeunesse en bref<\/title>\n<meta name=\"description\" content=\"V\u00e9ritable agent de liaison qui offre des programmes structurants en favorisant la connaissance et l\u2019utilisation des services de la communaut\u00e9.\" \/>\n<meta name=\"robots\" content=\"index, follow, max-snippet:-1, max-image-preview:large, max-video-preview:-1\" \/>\n<link rel=\"canonical\" href=\"https:\/\/dev.olivierraude.me\/perspectivesjeunesse\/perspectives-jeunesse-en-bref\/\" \/>\n<meta property=\"og:locale\" content=\"en_US\" \/>\n<meta property=\"og:type\" content=\"article\" \/>\n<meta property=\"og:title\" content=\"Perspectives jeunesse en bref\" \/>\n<meta property=\"og:description\" content=\"V\u00e9ritable agent de liaison qui offre des programmes structurants en favorisant la connaissance et l\u2019utilisation des services de la communaut\u00e9.\" \/>\n<meta property=\"og:url\" content=\"https:\/\/dev.olivierraude.me\/perspectivesjeunesse\/perspectives-jeunesse-en-bref\/\" \/>\n<meta property=\"og:site_name\" content=\"Perspectives Jeunesse\" \/>\n<meta property=\"article:publisher\" content=\"https:\/\/www.facebook.com\/perspectives.jeunesse\/\" \/>\n<meta property=\"article:modified_time\" content=\"2024-11-27T14:49:54+00:00\" \/>\n<meta property=\"og:image\" content=\"https:\/\/dev.olivierraude.me\/perspectivesjeunessewp-content\/uploads\/2020\/05\/email.png\" \/>\n<meta name=\"twitter:label1\" content=\"Est. reading time\" \/>\n\t<meta name=\"twitter:data1\" content=\"17 minutes\" \/>\n<script type=\"application\/ld+json\" class=\"yoast-schema-graph\">{\"@context\":\"https:\/\/schema.org\",\"@graph\":[{\"@type\":\"WebPage\",\"@id\":\"https:\/\/dev.olivierraude.me\/perspectivesjeunesse\/perspectives-jeunesse-en-bref\/\",\"url\":\"https:\/\/dev.olivierraude.me\/perspectivesjeunesse\/perspectives-jeunesse-en-bref\/\",\"name\":\"Perspectives jeunesse en bref\",\"isPartOf\":{\"@id\":\"https:\/\/dev.olivierraude.me\/perspectivesjeunesse\/#website\"},\"primaryImageOfPage\":{\"@id\":\"https:\/\/dev.olivierraude.me\/perspectivesjeunesse\/perspectives-jeunesse-en-bref\/#primaryimage\"},\"image\":{\"@id\":\"https:\/\/dev.olivierraude.me\/perspectivesjeunesse\/perspectives-jeunesse-en-bref\/#primaryimage\"},\"thumbnailUrl\":\"https:\/\/dev.olivierraude.me\/perspectivesjeunessewp-content\/uploads\/2020\/05\/email.png\",\"datePublished\":\"2020-05-27T15:41:10+00:00\",\"dateModified\":\"2024-11-27T14:49:54+00:00\",\"description\":\"V\u00e9ritable agent de liaison qui offre des programmes structurants en favorisant la connaissance et l\u2019utilisation des services de la communaut\u00e9.\",\"breadcrumb\":{\"@id\":\"https:\/\/dev.olivierraude.me\/perspectivesjeunesse\/perspectives-jeunesse-en-bref\/#breadcrumb\"},\"inLanguage\":\"en-US\",\"potentialAction\":[{\"@type\":\"ReadAction\",\"target\":[\"https:\/\/dev.olivierraude.me\/perspectivesjeunesse\/perspectives-jeunesse-en-bref\/\"]}]},{\"@type\":\"ImageObject\",\"inLanguage\":\"en-US\",\"@id\":\"https:\/\/dev.olivierraude.me\/perspectivesjeunesse\/perspectives-jeunesse-en-bref\/#primaryimage\",\"url\":\"https:\/\/dev.olivierraude.me\/perspectivesjeunessewp-content\/uploads\/2020\/05\/email.png\",\"contentUrl\":\"https:\/\/dev.olivierraude.me\/perspectivesjeunessewp-content\/uploads\/2020\/05\/email.png\"},{\"@type\":\"BreadcrumbList\",\"@id\":\"https:\/\/dev.olivierraude.me\/perspectivesjeunesse\/perspectives-jeunesse-en-bref\/#breadcrumb\",\"itemListElement\":[{\"@type\":\"ListItem\",\"position\":1,\"name\":\"Home\",\"item\":\"https:\/\/dev.olivierraude.me\/perspectivesjeunesse\/\"},{\"@type\":\"ListItem\",\"position\":2,\"name\":\"Perspectives jeunesse en bref\"}]},{\"@type\":\"WebSite\",\"@id\":\"https:\/\/dev.olivierraude.me\/perspectivesjeunesse\/#website\",\"url\":\"https:\/\/dev.olivierraude.me\/perspectivesjeunesse\/\",\"name\":\"Perspectives Jeunesse\",\"description\":\"Pr\u00e9vention du d\u00e9crochage scolaire et soutien au retour \u00e0 l&#039;\u00e9cole\",\"publisher\":{\"@id\":\"https:\/\/dev.olivierraude.me\/perspectivesjeunesse\/#organization\"},\"potentialAction\":[{\"@type\":\"SearchAction\",\"target\":{\"@type\":\"EntryPoint\",\"urlTemplate\":\"https:\/\/dev.olivierraude.me\/perspectivesjeunesse\/?s={search_term_string}\"},\"query-input\":{\"@type\":\"PropertyValueSpecification\",\"valueRequired\":true,\"valueName\":\"search_term_string\"}}],\"inLanguage\":\"en-US\"},{\"@type\":\"Organization\",\"@id\":\"https:\/\/dev.olivierraude.me\/perspectivesjeunesse\/#organization\",\"name\":\"Perspectives Jeunesse\",\"url\":\"https:\/\/dev.olivierraude.me\/perspectivesjeunesse\/\",\"logo\":{\"@type\":\"ImageObject\",\"inLanguage\":\"en-US\",\"@id\":\"https:\/\/dev.olivierraude.me\/perspectivesjeunesse\/#\/schema\/logo\/image\/\",\"url\":\"https:\/\/dev.olivierraude.me\/perspectivesjeunesse\/wp-content\/uploads\/2020\/05\/PJ_RGB_Small.png\",\"contentUrl\":\"https:\/\/dev.olivierraude.me\/perspectivesjeunesse\/wp-content\/uploads\/2020\/05\/PJ_RGB_Small.png\",\"width\":500,\"height\":245,\"caption\":\"Perspectives Jeunesse\"},\"image\":{\"@id\":\"https:\/\/dev.olivierraude.me\/perspectivesjeunesse\/#\/schema\/logo\/image\/\"},\"sameAs\":[\"https:\/\/www.facebook.com\/perspectives.jeunesse\/\",\"https:\/\/www.instagram.com\/pj_perspectivesjeunesse\/\",\"https:\/\/www.youtube.com\/@perspectivesjeunesse-montreal\/\",\"https:\/\/www.linkedin.com\/company\/perspectives-jeunesse\"]}]}<\/script>\n<!-- \/ Yoast SEO plugin. -->","yoast_head_json":{"title":"Perspectives jeunesse en bref","description":"V\u00e9ritable agent de liaison qui offre des programmes structurants en favorisant la connaissance et l\u2019utilisation des services de la communaut\u00e9.","robots":{"index":"index","follow":"follow","max-snippet":"max-snippet:-1","max-image-preview":"max-image-preview:large","max-video-preview":"max-video-preview:-1"},"canonical":"https:\/\/dev.olivierraude.me\/perspectivesjeunesse\/perspectives-jeunesse-en-bref\/","og_locale":"en_US","og_type":"article","og_title":"Perspectives jeunesse en bref","og_description":"V\u00e9ritable agent de liaison qui offre des programmes structurants en favorisant la connaissance et l\u2019utilisation des services de la communaut\u00e9.","og_url":"https:\/\/dev.olivierraude.me\/perspectivesjeunesse\/perspectives-jeunesse-en-bref\/","og_site_name":"Perspectives Jeunesse","article_publisher":"https:\/\/www.facebook.com\/perspectives.jeunesse\/","article_modified_time":"2024-11-27T14:49:54+00:00","og_image":[{"url":"https:\/\/dev.olivierraude.me\/perspectivesjeunessewp-content\/uploads\/2020\/05\/email.png","type":"","width":"","height":""}],"twitter_misc":{"Est. reading time":"17 minutes"},"schema":{"@context":"https:\/\/schema.org","@graph":[{"@type":"WebPage","@id":"https:\/\/dev.olivierraude.me\/perspectivesjeunesse\/perspectives-jeunesse-en-bref\/","url":"https:\/\/dev.olivierraude.me\/perspectivesjeunesse\/perspectives-jeunesse-en-bref\/","name":"Perspectives jeunesse en bref","isPartOf":{"@id":"https:\/\/dev.olivierraude.me\/perspectivesjeunesse\/#website"},"primaryImageOfPage":{"@id":"https:\/\/dev.olivierraude.me\/perspectivesjeunesse\/perspectives-jeunesse-en-bref\/#primaryimage"},"image":{"@id":"https:\/\/dev.olivierraude.me\/perspectivesjeunesse\/perspectives-jeunesse-en-bref\/#primaryimage"},"thumbnailUrl":"https:\/\/dev.olivierraude.me\/perspectivesjeunessewp-content\/uploads\/2020\/05\/email.png","datePublished":"2020-05-27T15:41:10+00:00","dateModified":"2024-11-27T14:49:54+00:00","description":"V\u00e9ritable agent de liaison qui offre des programmes structurants en favorisant la connaissance et l\u2019utilisation des services de la communaut\u00e9.","breadcrumb":{"@id":"https:\/\/dev.olivierraude.me\/perspectivesjeunesse\/perspectives-jeunesse-en-bref\/#breadcrumb"},"inLanguage":"en-US","potentialAction":[{"@type":"ReadAction","target":["https:\/\/dev.olivierraude.me\/perspectivesjeunesse\/perspectives-jeunesse-en-bref\/"]}]},{"@type":"ImageObject","inLanguage":"en-US","@id":"https:\/\/dev.olivierraude.me\/perspectivesjeunesse\/perspectives-jeunesse-en-bref\/#primaryimage","url":"https:\/\/dev.olivierraude.me\/perspectivesjeunessewp-content\/uploads\/2020\/05\/email.png","contentUrl":"https:\/\/dev.olivierraude.me\/perspectivesjeunessewp-content\/uploads\/2020\/05\/email.png"},{"@type":"BreadcrumbList","@id":"https:\/\/dev.olivierraude.me\/perspectivesjeunesse\/perspectives-jeunesse-en-bref\/#breadcrumb","itemListElement":[{"@type":"ListItem","position":1,"name":"Home","item":"https:\/\/dev.olivierraude.me\/perspectivesjeunesse\/"},{"@type":"ListItem","position":2,"name":"Perspectives jeunesse en bref"}]},{"@type":"WebSite","@id":"https:\/\/dev.olivierraude.me\/perspectivesjeunesse\/#website","url":"https:\/\/dev.olivierraude.me\/perspectivesjeunesse\/","name":"Perspectives Jeunesse","description":"Pr\u00e9vention du d\u00e9crochage scolaire et soutien au retour \u00e0 l&#039;\u00e9cole","publisher":{"@id":"https:\/\/dev.olivierraude.me\/perspectivesjeunesse\/#organization"},"potentialAction":[{"@type":"SearchAction","target":{"@type":"EntryPoint","urlTemplate":"https:\/\/dev.olivierraude.me\/perspectivesjeunesse\/?s={search_term_string}"},"query-input":{"@type":"PropertyValueSpecification","valueRequired":true,"valueName":"search_term_string"}}],"inLanguage":"en-US"},{"@type":"Organization","@id":"https:\/\/dev.olivierraude.me\/perspectivesjeunesse\/#organization","name":"Perspectives Jeunesse","url":"https:\/\/dev.olivierraude.me\/perspectivesjeunesse\/","logo":{"@type":"ImageObject","inLanguage":"en-US","@id":"https:\/\/dev.olivierraude.me\/perspectivesjeunesse\/#\/schema\/logo\/image\/","url":"https:\/\/dev.olivierraude.me\/perspectivesjeunesse\/wp-content\/uploads\/2020\/05\/PJ_RGB_Small.png","contentUrl":"https:\/\/dev.olivierraude.me\/perspectivesjeunesse\/wp-content\/uploads\/2020\/05\/PJ_RGB_Small.png","width":500,"height":245,"caption":"Perspectives Jeunesse"},"image":{"@id":"https:\/\/dev.olivierraude.me\/perspectivesjeunesse\/#\/schema\/logo\/image\/"},"sameAs":["https:\/\/www.facebook.com\/perspectives.jeunesse\/","https:\/\/www.instagram.com\/pj_perspectivesjeunesse\/","https:\/\/www.youtube.com\/@perspectivesjeunesse-montreal\/","https:\/\/www.linkedin.com\/company\/perspectives-jeunesse"]}]}},"_links":{"self":[{"href":"https:\/\/dev.olivierraude.me\/perspectivesjeunesse\/wp-json\/wp\/v2\/pages\/557","targetHints":{"allow":["GET"]}}],"collection":[{"href":"https:\/\/dev.olivierraude.me\/perspectivesjeunesse\/wp-json\/wp\/v2\/pages"}],"about":[{"href":"https:\/\/dev.olivierraude.me\/perspectivesjeunesse\/wp-json\/wp\/v2\/types\/page"}],"author":[{"embeddable":true,"href":"https:\/\/dev.olivierraude.me\/perspectivesjeunesse\/wp-json\/wp\/v2\/users\/3454"}],"replies":[{"embeddable":true,"href":"https:\/\/dev.olivierraude.me\/perspectivesjeunesse\/wp-json\/wp\/v2\/comments?post=557"}],"version-history":[{"count":252,"href":"https:\/\/dev.olivierraude.me\/perspectivesjeunesse\/wp-json\/wp\/v2\/pages\/557\/revisions"}],"predecessor-version":[{"id":4232,"href":"https:\/\/dev.olivierraude.me\/perspectivesjeunesse\/wp-json\/wp\/v2\/pages\/557\/revisions\/4232"}],"wp:attachment":[{"href":"https:\/\/dev.olivierraude.me\/perspectivesjeunesse\/wp-json\/wp\/v2\/media?parent=557"}],"curies":[{"name":"wp","href":"https:\/\/api.w.org\/{rel}","templated":true}]}}